{"id":1458,"date":"2023-06-27T14:26:11","date_gmt":"2023-06-27T17:26:11","guid":{"rendered":"https:\/\/www.ing.uc.cl\/hidraulica-y-ambiental\/?page_id=1458"},"modified":"2024-03-05T15:23:45","modified_gmt":"2024-03-05T18:23:45","slug":"noticias","status":"publish","type":"page","link":"https:\/\/www.ing.uc.cl\/hidraulica-y-ambiental\/noticias\/","title":{"rendered":"Noticias"},"content":{"rendered":"<div id=\"pl-gb1458-69f5ffb6af23a\"  class=\"panel-layout\" ><div id=\"pg-gb1458-69f5ffb6af23a-0\"  class=\"panel-grid panel-no-style\" ><div id=\"pgc-gb1458-69f5ffb6af23a-0-0\"  class=\"panel-grid-cell\" ><div id=\"panel-gb1458-69f5ffb6af23a-0-0-0\" class=\"so-panel widget widget_sow-editor panel-first-child panel-last-child\" data-index=\"0\" ><div class=\"uc-title panel-widget-style panel-widget-style-for-gb1458-69f5ffb6af23a-0-0-0\" ><div\n\t\t\t\n\t\t\tclass=\"so-widget-sow-editor so-widget-sow-editor-base\"\n\t\t\t\n\t\t>\n<div class=\"siteorigin-widget-tinymce textwidget\">\n\t<h2>Noticias<\/h2>\n<\/div>\n<\/div><\/div><\/div><\/div><\/div><\/div>\n\n        <div class=\"rttpg-block-postgrid rttpg-block-wrapper rttpg-block-fa8fbb tpg-filter-type-dropdown pagination-visibility-show meta-visibility-show section-title-style-style1 img_hover_animation_default title-default title_position_default title_hover_border_default meta_position_default tpg-is-author-icon-default author-image-visibility-icon tpg-category-position-default readmore-btn-default-style grid-hover-overlay-type-always grid-hover-overlay-height-default hover-overlay-height-default tpg-title-border-default filter-nex-prev-btn-visible tpg-cat-style1 slider-scroll-hide act-label-style-inline\">\n            <div class=\"rt-container-fluid rt-tpg-container tpg-el-main-wrapper tpg-gutenberg clearfix grid-layout1-main\"\n                 id=\"rt-tpg-container-1787002948\"\n                 data-layout=\"grid-layout1\"\n                 data-grid-style=\"tpg-even\" data-sc-id=\"elementor\"\n                 data-el-settings=''\n                 data-el-query=''\n                 data-el-path=''>\n\t\t\t\t                <div class='tpg-header-wrapper '>\n\t\t\t\t\t                <\/div>\n\n                <div class=\"rt-row rt-content-loader gutenberg-inner grid-layout1 grid-behaviour tpg-even grid_layout_wrapper\">\n\t\t\t\t\t\n<div class=\"rt-col-md-4 rt-col-sm-6 rt-col-xs-12 default rt-grid-item post-2824 post type-post status-publish format-standard has-post-thumbnail hentry category-sin-categoria\"        data-id=\"2824\">\n    <div class=\"rt-holder tpg-post-holder \">\n        <div class=\"rt-detail rt-el-content-wrapper\">\n\t\t\t                <div class=\"rt-img-holder tpg-el-image-wrap has-thumbnail\">\n\t\t\t\t\t<a data-id=\"2824\" href=\"https:\/\/www.ing.uc.cl\/hidraulica-y-ambiental\/2026\/04\/17\/diha-anuncia-a-los-beneficiados-de-la-beca-arturo-cousino-lyon-2026\/\" class=\"tpg-post-link\" target=\"_self\">                        <img fetchpriority=\"high\" decoding=\"async\" src=\"https:\/\/www.ing.uc.cl\/hidraulica-y-ambiental\/wp-content\/uploads\/2025\/03\/1666194508888-min-768x576.jpg\"\n                             class=\"rt-img-responsive\"\n                             width=\"768\"\n                             height=\"576\"\n                             alt=\"DIHA anuncia a los beneficiados de la Beca Arturo Cousi\u00f1o Lyon 2026\">\n                        \n                            \n        <\/a>\n                <div class=\"overlay grid-hover-content\"><\/div>\n                        <\/div>\n\t\t\t\n\t\t\t<div class=\"entry-title-wrapper\"><h3 class=\"entry-title\"><a data-id=\"2824\" href=\"https:\/\/www.ing.uc.cl\/hidraulica-y-ambiental\/2026\/04\/17\/diha-anuncia-a-los-beneficiados-de-la-beca-arturo-cousino-lyon-2026\/\" class=\"tpg-post-link\" target=\"_self\">DIHA anuncia a los beneficiados de la Beca Arturo Cousi\u00f1o Lyon 2026<\/a><\/h3><\/div>\n\t\t\t                <div class=\"post-meta-tags rt-el-post-meta\">\n\t\t\t\t\t            <span class='date'>\n\t\t\t\t<i class='far fa-calendar-alt '><\/i>                                    <a href=\"https:\/\/www.ing.uc.cl\/hidraulica-y-ambiental\/2026\/04\/17\/\">\n\t\t\t\t\t17 Abril 2026\t\t\t\t<\/a>\n                \t\t\t<\/span>\n                            <\/div>\n\t\t\t\n\t\t\t                <div class=\"tpg-excerpt tpg-el-excerpt\">\n\t\t\t\t\t                        <div class=\"tpg-excerpt-inner\">\n\t\t\t\t\t\t\tEl Departamento de Ingenier\u00eda Hidr\u00e1ulica y Ambiental (DIHA) de la Pontificia Universidad Cat\u00f3lica de&#8230;                        <\/div>\n\t\t\t\t\t\t\t\t\t\t                <\/div>\n\t\t\t        <div class=\"post-footer\">\n            <div class=\"post-footer\">\n                <div class=\"read-more\">\n                    <a data-id=\"2824\" href=\"https:\/\/www.ing.uc.cl\/hidraulica-y-ambiental\/2026\/04\/17\/diha-anuncia-a-los-beneficiados-de-la-beca-arturo-cousino-lyon-2026\/\" class=\"tpg-post-link\" target=\"_self\">Leer m\u00e1s<\/a>                <\/div>\n            <\/div>\n        <\/div>\n                <\/div>\n    <\/div>\n<\/div>\n<div class=\"rt-col-md-4 rt-col-sm-6 rt-col-xs-12 default rt-grid-item post-2675 post type-post status-publish format-standard has-post-thumbnail hentry category-sin-categoria\"        data-id=\"2675\">\n    <div class=\"rt-holder tpg-post-holder \">\n        <div class=\"rt-detail rt-el-content-wrapper\">\n\t\t\t                <div class=\"rt-img-holder tpg-el-image-wrap has-thumbnail\">\n\t\t\t\t\t<a data-id=\"2675\" href=\"https:\/\/www.ing.uc.cl\/hidraulica-y-ambiental\/2026\/03\/30\/diha-celebra-a-sus-graduados-del-magister-en-ciencias-de-la-ingenieria\/\" class=\"tpg-post-link\" target=\"_self\">                        <img decoding=\"async\" src=\"https:\/\/www.ing.uc.cl\/hidraulica-y-ambiental\/wp-content\/uploads\/2026\/03\/UC_POST_PAPER-9-768x960.png\"\n                             class=\"rt-img-responsive\"\n                             width=\"768\"\n                             height=\"960\"\n                             alt=\"DIHA celebra a sus graduados del Mag\u00edster en Ciencias de la Ingenier\u00eda\">\n                        \n                            \n        <\/a>\n                <div class=\"overlay grid-hover-content\"><\/div>\n                        <\/div>\n\t\t\t\n\t\t\t<div class=\"entry-title-wrapper\"><h3 class=\"entry-title\"><a data-id=\"2675\" href=\"https:\/\/www.ing.uc.cl\/hidraulica-y-ambiental\/2026\/03\/30\/diha-celebra-a-sus-graduados-del-magister-en-ciencias-de-la-ingenieria\/\" class=\"tpg-post-link\" target=\"_self\">DIHA celebra a sus graduados del Mag\u00edster en Ciencias de la Ingenier\u00eda<\/a><\/h3><\/div>\n\t\t\t                <div class=\"post-meta-tags rt-el-post-meta\">\n\t\t\t\t\t            <span class='date'>\n\t\t\t\t<i class='far fa-calendar-alt '><\/i>                                    <a href=\"https:\/\/www.ing.uc.cl\/hidraulica-y-ambiental\/2026\/03\/30\/\">\n\t\t\t\t\t30 Marzo 2026\t\t\t\t<\/a>\n                \t\t\t<\/span>\n                            <\/div>\n\t\t\t\n\t\t\t                <div class=\"tpg-excerpt tpg-el-excerpt\">\n\t\t\t\t\t                        <div class=\"tpg-excerpt-inner\">\n\t\t\t\t\t\t\tEl pasado viernes 27 de marzo se llev\u00f3 a cabo la ceremonia de graduaci\u00f3n del Mag\u00edster en Ciencias de&#8230;                        <\/div>\n\t\t\t\t\t\t\t\t\t\t                <\/div>\n\t\t\t        <div class=\"post-footer\">\n            <div class=\"post-footer\">\n                <div class=\"read-more\">\n                    <a data-id=\"2675\" href=\"https:\/\/www.ing.uc.cl\/hidraulica-y-ambiental\/2026\/03\/30\/diha-celebra-a-sus-graduados-del-magister-en-ciencias-de-la-ingenieria\/\" class=\"tpg-post-link\" target=\"_self\">Leer m\u00e1s<\/a>                <\/div>\n            <\/div>\n        <\/div>\n                <\/div>\n    <\/div>\n<\/div>\n<div class=\"rt-col-md-4 rt-col-sm-6 rt-col-xs-12 default rt-grid-item post-2667 post type-post status-publish format-standard has-post-thumbnail hentry category-sin-categoria\"        data-id=\"2667\">\n    <div class=\"rt-holder tpg-post-holder \">\n        <div class=\"rt-detail rt-el-content-wrapper\">\n\t\t\t                <div class=\"rt-img-holder tpg-el-image-wrap has-thumbnail\">\n\t\t\t\t\t<a data-id=\"2667\" href=\"https:\/\/www.ing.uc.cl\/hidraulica-y-ambiental\/2026\/03\/10\/call-for-post-doctorate-position-hazards\/\" class=\"tpg-post-link\" target=\"_self\">                        <img decoding=\"async\" src=\"https:\/\/www.ing.uc.cl\/hidraulica-y-ambiental\/wp-content\/uploads\/2026\/03\/3-768x960.png\"\n                             class=\"rt-img-responsive\"\n                             width=\"768\"\n                             height=\"960\"\n                             alt=\"Call for Post-doctorate Position: Hazards\">\n                        \n                            \n        <\/a>\n                <div class=\"overlay grid-hover-content\"><\/div>\n                        <\/div>\n\t\t\t\n\t\t\t<div class=\"entry-title-wrapper\"><h3 class=\"entry-title\"><a data-id=\"2667\" href=\"https:\/\/www.ing.uc.cl\/hidraulica-y-ambiental\/2026\/03\/10\/call-for-post-doctorate-position-hazards\/\" class=\"tpg-post-link\" target=\"_self\">Call for Post-doctorate Position: Hazards<\/a><\/h3><\/div>\n\t\t\t                <div class=\"post-meta-tags rt-el-post-meta\">\n\t\t\t\t\t            <span class='date'>\n\t\t\t\t<i class='far fa-calendar-alt '><\/i>                                    <a href=\"https:\/\/www.ing.uc.cl\/hidraulica-y-ambiental\/2026\/03\/10\/\">\n\t\t\t\t\t10 Marzo 2026\t\t\t\t<\/a>\n                \t\t\t<\/span>\n                            <\/div>\n\t\t\t\n\t\t\t                <div class=\"tpg-excerpt tpg-el-excerpt\">\n\t\t\t\t\t                        <div class=\"tpg-excerpt-inner\">\n\t\t\t\t\t\t\tCIGIDEN R+ \u2013 Center for Interdisciplinary Research on Disaster Risk, Resilience and Recovery (ANID&#8230;                        <\/div>\n\t\t\t\t\t\t\t\t\t\t                <\/div>\n\t\t\t        <div class=\"post-footer\">\n            <div class=\"post-footer\">\n                <div class=\"read-more\">\n                    <a data-id=\"2667\" href=\"https:\/\/www.ing.uc.cl\/hidraulica-y-ambiental\/2026\/03\/10\/call-for-post-doctorate-position-hazards\/\" class=\"tpg-post-link\" target=\"_self\">Leer m\u00e1s<\/a>                <\/div>\n            <\/div>\n        <\/div>\n                <\/div>\n    <\/div>\n<\/div>\n<div class=\"rt-col-md-4 rt-col-sm-6 rt-col-xs-12 default rt-grid-item post-2642 post type-post status-publish format-standard has-post-thumbnail hentry category-sin-categoria\"        data-id=\"2642\">\n    <div class=\"rt-holder tpg-post-holder \">\n        <div class=\"rt-detail rt-el-content-wrapper\">\n\t\t\t                <div class=\"rt-img-holder tpg-el-image-wrap has-thumbnail\">\n\t\t\t\t\t<a data-id=\"2642\" href=\"https:\/\/www.ing.uc.cl\/hidraulica-y-ambiental\/2026\/01\/30\/departamento-de-ingenieria-hidraulica-y-ambiental-presenta-su-memoria-2025\/\" class=\"tpg-post-link\" target=\"_self\">                        <img loading=\"lazy\" decoding=\"async\" src=\"https:\/\/www.ing.uc.cl\/hidraulica-y-ambiental\/wp-content\/uploads\/2026\/01\/Captura-de-pantalla-2026-01-30-a-las-14.08.58-768x440.png\"\n                             class=\"rt-img-responsive\"\n                             width=\"768\"\n                             height=\"440\"\n                             alt=\"Departamento de Ingenier\u00eda Hidr\u00e1ulica y Ambiental presenta su Memoria 2025\">\n                        \n                            \n        <\/a>\n                <div class=\"overlay grid-hover-content\"><\/div>\n                        <\/div>\n\t\t\t\n\t\t\t<div class=\"entry-title-wrapper\"><h3 class=\"entry-title\"><a data-id=\"2642\" href=\"https:\/\/www.ing.uc.cl\/hidraulica-y-ambiental\/2026\/01\/30\/departamento-de-ingenieria-hidraulica-y-ambiental-presenta-su-memoria-2025\/\" class=\"tpg-post-link\" target=\"_self\">Departamento de Ingenier\u00eda Hidr\u00e1ulica y Ambiental presenta su Memoria 2025<\/a><\/h3><\/div>\n\t\t\t                <div class=\"post-meta-tags rt-el-post-meta\">\n\t\t\t\t\t            <span class='date'>\n\t\t\t\t<i class='far fa-calendar-alt '><\/i>                                    <a href=\"https:\/\/www.ing.uc.cl\/hidraulica-y-ambiental\/2026\/01\/30\/\">\n\t\t\t\t\t30 Enero 2026\t\t\t\t<\/a>\n                \t\t\t<\/span>\n                            <\/div>\n\t\t\t\n\t\t\t                <div class=\"tpg-excerpt tpg-el-excerpt\">\n\t\t\t\t\t                        <div class=\"tpg-excerpt-inner\">\n\t\t\t\t\t\t\tEl documento recopila los principales hitos, actividades acad\u00e9micas, avances en investigaci\u00f3n y&#8230;                        <\/div>\n\t\t\t\t\t\t\t\t\t\t                <\/div>\n\t\t\t        <div class=\"post-footer\">\n            <div class=\"post-footer\">\n                <div class=\"read-more\">\n                    <a data-id=\"2642\" href=\"https:\/\/www.ing.uc.cl\/hidraulica-y-ambiental\/2026\/01\/30\/departamento-de-ingenieria-hidraulica-y-ambiental-presenta-su-memoria-2025\/\" class=\"tpg-post-link\" target=\"_self\">Leer m\u00e1s<\/a>                <\/div>\n            <\/div>\n        <\/div>\n                <\/div>\n    <\/div>\n<\/div>\n<div class=\"rt-col-md-4 rt-col-sm-6 rt-col-xs-12 default rt-grid-item post-2628 post type-post status-publish format-standard has-post-thumbnail hentry category-sin-categoria\"        data-id=\"2628\">\n    <div class=\"rt-holder tpg-post-holder \">\n        <div class=\"rt-detail rt-el-content-wrapper\">\n\t\t\t                <div class=\"rt-img-holder tpg-el-image-wrap has-thumbnail\">\n\t\t\t\t\t<a data-id=\"2628\" href=\"https:\/\/www.ing.uc.cl\/hidraulica-y-ambiental\/2026\/01\/27\/comunidad-diha-participa-en-paseo-de-integracion-en-malloco\/\" class=\"tpg-post-link\" target=\"_self\">                        <img loading=\"lazy\" decoding=\"async\" src=\"https:\/\/www.ing.uc.cl\/hidraulica-y-ambiental\/wp-content\/uploads\/2026\/01\/WhatsApp-Image-2026-01-26-at-09.34.05-768x1024.jpeg\"\n                             class=\"rt-img-responsive\"\n                             width=\"768\"\n                             height=\"1024\"\n                             alt=\"Comunidad DIHA participa en paseo de integraci\u00f3n en Malloco\">\n                        \n                            \n        <\/a>\n                <div class=\"overlay grid-hover-content\"><\/div>\n                        <\/div>\n\t\t\t\n\t\t\t<div class=\"entry-title-wrapper\"><h3 class=\"entry-title\"><a data-id=\"2628\" href=\"https:\/\/www.ing.uc.cl\/hidraulica-y-ambiental\/2026\/01\/27\/comunidad-diha-participa-en-paseo-de-integracion-en-malloco\/\" class=\"tpg-post-link\" target=\"_self\">Comunidad DIHA participa en paseo de integraci\u00f3n en Malloco<\/a><\/h3><\/div>\n\t\t\t                <div class=\"post-meta-tags rt-el-post-meta\">\n\t\t\t\t\t            <span class='date'>\n\t\t\t\t<i class='far fa-calendar-alt '><\/i>                                    <a href=\"https:\/\/www.ing.uc.cl\/hidraulica-y-ambiental\/2026\/01\/27\/\">\n\t\t\t\t\t27 Enero 2026\t\t\t\t<\/a>\n                \t\t\t<\/span>\n                            <\/div>\n\t\t\t\n\t\t\t                <div class=\"tpg-excerpt tpg-el-excerpt\">\n\t\t\t\t\t                        <div class=\"tpg-excerpt-inner\">\n\t\t\t\t\t\t\tEl pasado viernes 23 de enero, el Departamento de Ingenier\u00eda Hidr\u00e1ulica y Ambiental (DIHA) realiz\u00f3&#8230;                        <\/div>\n\t\t\t\t\t\t\t\t\t\t                <\/div>\n\t\t\t        <div class=\"post-footer\">\n            <div class=\"post-footer\">\n                <div class=\"read-more\">\n                    <a data-id=\"2628\" href=\"https:\/\/www.ing.uc.cl\/hidraulica-y-ambiental\/2026\/01\/27\/comunidad-diha-participa-en-paseo-de-integracion-en-malloco\/\" class=\"tpg-post-link\" target=\"_self\">Leer m\u00e1s<\/a>                <\/div>\n            <\/div>\n        <\/div>\n                <\/div>\n    <\/div>\n<\/div>\n<div class=\"rt-col-md-4 rt-col-sm-6 rt-col-xs-12 default rt-grid-item post-2528 post type-post status-publish format-standard has-post-thumbnail hentry category-sin-categoria\"        data-id=\"2528\">\n    <div class=\"rt-holder tpg-post-holder \">\n        <div class=\"rt-detail rt-el-content-wrapper\">\n\t\t\t                <div class=\"rt-img-holder tpg-el-image-wrap has-thumbnail\">\n\t\t\t\t\t<a data-id=\"2528\" href=\"https:\/\/www.ing.uc.cl\/hidraulica-y-ambiental\/2026\/01\/21\/uc-reconoce-a-laboratorios-destacados-en-la-ceremonia-de-premiacion-del-programa-laboratorio-seguro-2025\/\" class=\"tpg-post-link\" target=\"_self\">                        <img loading=\"lazy\" decoding=\"async\" src=\"https:\/\/www.ing.uc.cl\/hidraulica-y-ambiental\/wp-content\/uploads\/2026\/01\/WhatsApp-Image-2026-01-20-at-1.04.54-PM-768x576.jpeg\"\n                             class=\"rt-img-responsive\"\n                             width=\"768\"\n                             height=\"576\"\n                             alt=\"UC reconoce a laboratorios destacados en la Ceremonia de Premiaci\u00f3n del Programa Laboratorio Seguro 2025\">\n                        \n                            \n        <\/a>\n                <div class=\"overlay grid-hover-content\"><\/div>\n                        <\/div>\n\t\t\t\n\t\t\t<div class=\"entry-title-wrapper\"><h3 class=\"entry-title\"><a data-id=\"2528\" href=\"https:\/\/www.ing.uc.cl\/hidraulica-y-ambiental\/2026\/01\/21\/uc-reconoce-a-laboratorios-destacados-en-la-ceremonia-de-premiacion-del-programa-laboratorio-seguro-2025\/\" class=\"tpg-post-link\" target=\"_self\">UC reconoce a laboratorios destacados en la Ceremonia de Premiaci\u00f3n del Programa Laboratorio Seguro 2025<\/a><\/h3><\/div>\n\t\t\t                <div class=\"post-meta-tags rt-el-post-meta\">\n\t\t\t\t\t            <span class='date'>\n\t\t\t\t<i class='far fa-calendar-alt '><\/i>                                    <a href=\"https:\/\/www.ing.uc.cl\/hidraulica-y-ambiental\/2026\/01\/21\/\">\n\t\t\t\t\t21 Enero 2026\t\t\t\t<\/a>\n                \t\t\t<\/span>\n                            <\/div>\n\t\t\t\n\t\t\t                <div class=\"tpg-excerpt tpg-el-excerpt\">\n\t\t\t\t\t                        <div class=\"tpg-excerpt-inner\">\n\t\t\t\t\t\t\tEste 20 de enero, se realiz\u00f3 la Ceremonia de Premiaci\u00f3n del Programa Laboratorio Seguro 2025&#8230;                        <\/div>\n\t\t\t\t\t\t\t\t\t\t                <\/div>\n\t\t\t        <div class=\"post-footer\">\n            <div class=\"post-footer\">\n                <div class=\"read-more\">\n                    <a data-id=\"2528\" href=\"https:\/\/www.ing.uc.cl\/hidraulica-y-ambiental\/2026\/01\/21\/uc-reconoce-a-laboratorios-destacados-en-la-ceremonia-de-premiacion-del-programa-laboratorio-seguro-2025\/\" class=\"tpg-post-link\" target=\"_self\">Leer m\u00e1s<\/a>                <\/div>\n            <\/div>\n        <\/div>\n                <\/div>\n    <\/div>\n<\/div>\n<div class=\"rt-col-md-4 rt-col-sm-6 rt-col-xs-12 default rt-grid-item post-2368 post type-post status-publish format-standard has-post-thumbnail hentry category-sin-categoria\"        data-id=\"2368\">\n    <div class=\"rt-holder tpg-post-holder \">\n        <div class=\"rt-detail rt-el-content-wrapper\">\n\t\t\t                <div class=\"rt-img-holder tpg-el-image-wrap has-thumbnail\">\n\t\t\t\t\t<a data-id=\"2368\" href=\"https:\/\/www.ing.uc.cl\/hidraulica-y-ambiental\/2025\/12\/11\/celebracion-de-titulados-2025-del-departamento-de-ingenieria-hidraulica-y-ambiental\/\" class=\"tpg-post-link\" target=\"_self\">                        <img loading=\"lazy\" decoding=\"async\" src=\"https:\/\/www.ing.uc.cl\/hidraulica-y-ambiental\/wp-content\/uploads\/2025\/12\/IMG_8150-768x576.jpg\"\n                             class=\"rt-img-responsive\"\n                             width=\"768\"\n                             height=\"576\"\n                             alt=\"Celebraci\u00f3n de Titulados 2025 del Departamento de Ingenier\u00eda Hidr\u00e1ulica y Ambiental\">\n                        \n                            \n        <\/a>\n                <div class=\"overlay grid-hover-content\"><\/div>\n                        <\/div>\n\t\t\t\n\t\t\t<div class=\"entry-title-wrapper\"><h3 class=\"entry-title\"><a data-id=\"2368\" href=\"https:\/\/www.ing.uc.cl\/hidraulica-y-ambiental\/2025\/12\/11\/celebracion-de-titulados-2025-del-departamento-de-ingenieria-hidraulica-y-ambiental\/\" class=\"tpg-post-link\" target=\"_self\">Celebraci\u00f3n de Titulados 2025 del Departamento de Ingenier\u00eda Hidr\u00e1ulica y Ambiental<\/a><\/h3><\/div>\n\t\t\t                <div class=\"post-meta-tags rt-el-post-meta\">\n\t\t\t\t\t            <span class='date'>\n\t\t\t\t<i class='far fa-calendar-alt '><\/i>                                    <a href=\"https:\/\/www.ing.uc.cl\/hidraulica-y-ambiental\/2025\/12\/11\/\">\n\t\t\t\t\t11 Diciembre 2025\t\t\t\t<\/a>\n                \t\t\t<\/span>\n                            <\/div>\n\t\t\t\n\t\t\t                <div class=\"tpg-excerpt tpg-el-excerpt\">\n\t\t\t\t\t                        <div class=\"tpg-excerpt-inner\">\n\t\t\t\t\t\t\tEl Departamento de Ingenier\u00eda Hidr\u00e1ulica y Ambiental celebr\u00f3 el mi\u00e9rcoles 3 de diciembre la&#8230;                        <\/div>\n\t\t\t\t\t\t\t\t\t\t                <\/div>\n\t\t\t        <div class=\"post-footer\">\n            <div class=\"post-footer\">\n                <div class=\"read-more\">\n                    <a data-id=\"2368\" href=\"https:\/\/www.ing.uc.cl\/hidraulica-y-ambiental\/2025\/12\/11\/celebracion-de-titulados-2025-del-departamento-de-ingenieria-hidraulica-y-ambiental\/\" class=\"tpg-post-link\" target=\"_self\">Leer m\u00e1s<\/a>                <\/div>\n            <\/div>\n        <\/div>\n                <\/div>\n    <\/div>\n<\/div>\n<div class=\"rt-col-md-4 rt-col-sm-6 rt-col-xs-12 default rt-grid-item post-2362 post type-post status-publish format-standard has-post-thumbnail hentry category-sin-categoria\"        data-id=\"2362\">\n    <div class=\"rt-holder tpg-post-holder \">\n        <div class=\"rt-detail rt-el-content-wrapper\">\n\t\t\t                <div class=\"rt-img-holder tpg-el-image-wrap has-thumbnail\">\n\t\t\t\t\t<a data-id=\"2362\" href=\"https:\/\/www.ing.uc.cl\/hidraulica-y-ambiental\/2025\/11\/18\/diha-presente-en-el-1er-simposio-cepaox-2025-con-destacados-aportes-en-degradacion-de-contaminantes-emergentes\/\" class=\"tpg-post-link\" target=\"_self\">                        <img loading=\"lazy\" decoding=\"async\" src=\"https:\/\/www.ing.uc.cl\/hidraulica-y-ambiental\/wp-content\/uploads\/2025\/11\/WhatsApp-Image-2025-11-18-at-15.52.44-768x1024.jpeg\"\n                             class=\"rt-img-responsive\"\n                             width=\"768\"\n                             height=\"1024\"\n                             alt=\"DIHA presente en el 1er Simposio CEPAOx 2025 con destacados aportes en degradaci\u00f3n de contaminantes emergentes\">\n                        \n                            \n        <\/a>\n                <div class=\"overlay grid-hover-content\"><\/div>\n                        <\/div>\n\t\t\t\n\t\t\t<div class=\"entry-title-wrapper\"><h3 class=\"entry-title\"><a data-id=\"2362\" href=\"https:\/\/www.ing.uc.cl\/hidraulica-y-ambiental\/2025\/11\/18\/diha-presente-en-el-1er-simposio-cepaox-2025-con-destacados-aportes-en-degradacion-de-contaminantes-emergentes\/\" class=\"tpg-post-link\" target=\"_self\">DIHA presente en el 1er Simposio CEPAOx 2025 con destacados aportes en degradaci\u00f3n de contaminantes emergentes<\/a><\/h3><\/div>\n\t\t\t                <div class=\"post-meta-tags rt-el-post-meta\">\n\t\t\t\t\t            <span class='date'>\n\t\t\t\t<i class='far fa-calendar-alt '><\/i>                                    <a href=\"https:\/\/www.ing.uc.cl\/hidraulica-y-ambiental\/2025\/11\/18\/\">\n\t\t\t\t\t18 Noviembre 2025\t\t\t\t<\/a>\n                \t\t\t<\/span>\n                            <\/div>\n\t\t\t\n\t\t\t                <div class=\"tpg-excerpt tpg-el-excerpt\">\n\t\t\t\t\t                        <div class=\"tpg-excerpt-inner\">\n\t\t\t\t\t\t\tDurante los d\u00edas 6 y 7 de noviembre, se realiz\u00f3 el 1er Simposio de Contaminantes Emergentes y&#8230;                        <\/div>\n\t\t\t\t\t\t\t\t\t\t                <\/div>\n\t\t\t        <div class=\"post-footer\">\n            <div class=\"post-footer\">\n                <div class=\"read-more\">\n                    <a data-id=\"2362\" href=\"https:\/\/www.ing.uc.cl\/hidraulica-y-ambiental\/2025\/11\/18\/diha-presente-en-el-1er-simposio-cepaox-2025-con-destacados-aportes-en-degradacion-de-contaminantes-emergentes\/\" class=\"tpg-post-link\" target=\"_self\">Leer m\u00e1s<\/a>                <\/div>\n            <\/div>\n        <\/div>\n                <\/div>\n    <\/div>\n<\/div>\n<div class=\"rt-col-md-4 rt-col-sm-6 rt-col-xs-12 default rt-grid-item post-2335 post type-post status-publish format-standard has-post-thumbnail hentry category-sin-categoria\"        data-id=\"2335\">\n    <div class=\"rt-holder tpg-post-holder \">\n        <div class=\"rt-detail rt-el-content-wrapper\">\n\t\t\t                <div class=\"rt-img-holder tpg-el-image-wrap has-thumbnail\">\n\t\t\t\t\t<a data-id=\"2335\" href=\"https:\/\/www.ing.uc.cl\/hidraulica-y-ambiental\/2025\/11\/11\/estudiantes-del-diha-visitan-la-planta-de-tratamiento-de-aguas-servidas-la-farfana\/\" class=\"tpg-post-link\" target=\"_self\">                        <img loading=\"lazy\" decoding=\"async\" src=\"https:\/\/www.ing.uc.cl\/hidraulica-y-ambiental\/wp-content\/uploads\/2025\/11\/Captura-de-pantalla-2025-11-11-a-las-09.38.31-768x465.png\"\n                             class=\"rt-img-responsive\"\n                             width=\"768\"\n                             height=\"465\"\n                             alt=\"Estudiantes del DIHA visitan la Planta de Tratamiento de Aguas Servidas La Farfana\">\n                        \n                            \n        <\/a>\n                <div class=\"overlay grid-hover-content\"><\/div>\n                        <\/div>\n\t\t\t\n\t\t\t<div class=\"entry-title-wrapper\"><h3 class=\"entry-title\"><a data-id=\"2335\" href=\"https:\/\/www.ing.uc.cl\/hidraulica-y-ambiental\/2025\/11\/11\/estudiantes-del-diha-visitan-la-planta-de-tratamiento-de-aguas-servidas-la-farfana\/\" class=\"tpg-post-link\" target=\"_self\">Estudiantes del DIHA visitan la Planta de Tratamiento de Aguas Servidas La Farfana<\/a><\/h3><\/div>\n\t\t\t                <div class=\"post-meta-tags rt-el-post-meta\">\n\t\t\t\t\t            <span class='date'>\n\t\t\t\t<i class='far fa-calendar-alt '><\/i>                                    <a href=\"https:\/\/www.ing.uc.cl\/hidraulica-y-ambiental\/2025\/11\/11\/\">\n\t\t\t\t\t11 Noviembre 2025\t\t\t\t<\/a>\n                \t\t\t<\/span>\n                            <\/div>\n\t\t\t\n\t\t\t                <div class=\"tpg-excerpt tpg-el-excerpt\">\n\t\t\t\t\t                        <div class=\"tpg-excerpt-inner\">\n\t\t\t\t\t\t\tEl jueves 6 de noviembre, estudiantes del Departamento de Ingenier\u00eda Hidr\u00e1ulica y Ambiental (DIHA)&#8230;                        <\/div>\n\t\t\t\t\t\t\t\t\t\t                <\/div>\n\t\t\t        <div class=\"post-footer\">\n            <div class=\"post-footer\">\n                <div class=\"read-more\">\n                    <a data-id=\"2335\" href=\"https:\/\/www.ing.uc.cl\/hidraulica-y-ambiental\/2025\/11\/11\/estudiantes-del-diha-visitan-la-planta-de-tratamiento-de-aguas-servidas-la-farfana\/\" class=\"tpg-post-link\" target=\"_self\">Leer m\u00e1s<\/a>                <\/div>\n            <\/div>\n        <\/div>\n                <\/div>\n    <\/div>\n<\/div>                <\/div>\n\n\t\t\t\t<div class='rt-pagination-wrap' data-total-pages='9' data-posts-per-page='10' data-type='pagination'><div class=\"rt-pagination\"><ul class=\"pagination-list\"><li class=\"active\"><span>1<\/span><\/li><li><a data-paged='2' href='https:\/\/www.ing.uc.cl\/hidraulica-y-ambiental\/wp-json\/wp\/v2\/pages\/1458\/page\/2\/'>2<\/a><\/li><li><a data-paged='3' href='https:\/\/www.ing.uc.cl\/hidraulica-y-ambiental\/wp-json\/wp\/v2\/pages\/1458\/page\/3\/'>3<\/a><\/li><li><a data-paged='4' href='https:\/\/www.ing.uc.cl\/hidraulica-y-ambiental\/wp-json\/wp\/v2\/pages\/1458\/page\/4\/'>4<\/a><\/li><li><a data-paged='5' href='https:\/\/www.ing.uc.cl\/hidraulica-y-ambiental\/wp-json\/wp\/v2\/pages\/1458\/page\/5\/'>5<\/a><\/li><li><a data-paged='6' href='https:\/\/www.ing.uc.cl\/hidraulica-y-ambiental\/wp-json\/wp\/v2\/pages\/1458\/page\/6\/'>6<\/a><\/li><li><a data-paged='7' href='https:\/\/www.ing.uc.cl\/hidraulica-y-ambiental\/wp-json\/wp\/v2\/pages\/1458\/page\/7\/'>7<\/a><\/li><li><a data-paged='8' href='https:\/\/www.ing.uc.cl\/hidraulica-y-ambiental\/wp-json\/wp\/v2\/pages\/1458\/page\/8\/'>8<\/a><\/li><li><a data-paged='9' href='https:\/\/www.ing.uc.cl\/hidraulica-y-ambiental\/wp-json\/wp\/v2\/pages\/1458\/page\/9\/'>9<\/a><\/li><\/ul><\/div><\/div>\n            <\/div>\n        <\/div>\n\t\t","protected":false},"excerpt":{"rendered":"","protected":false},"author":4,"featured_media":0,"parent":0,"menu_order":0,"comment_status":"closed","ping_status":"closed","template":"","meta":{"_acf_changed":false,"site-sidebar-layout":"default","site-content-layout":"","ast-site-content-layout":"default","site-content-style":"default","site-sidebar-style":"default","ast-global-header-display":"","ast-banner-title-visibility":"","ast-main-header-display":"","ast-hfb-above-header-display":"","ast-hfb-below-header-display":"","ast-hfb-mobile-header-display":"","site-post-title":"disabled","ast-breadcrumbs-content":"","ast-featured-img":"","footer-sml-layout":"","ast-disable-related-posts":"","theme-transparent-header-meta":"","adv-header-id-meta":"","stick-header-meta":"","header-above-stick-meta":"","header-main-stick-meta":"","header-below-stick-meta":"","astra-migrate-meta-layouts":"set","ast-page-background-enabled":"default","ast-page-background-meta":{"desktop":{"background-color":"","background-image":"","background-repeat":"repeat","background-position":"center center","background-size":"auto","background-attachment":"scroll","background-type":"","background-media":"","overlay-type":"","overlay-color":"","overlay-opacity":"","overlay-gradient":""},"tablet":{"background-color":"","background-image":"","background-repeat":"repeat","background-position":"center center","background-size":"auto","background-attachment":"scroll","background-type":"","background-media":"","overlay-type":"","overlay-color":"","overlay-opacity":"","overlay-gradient":""},"mobile":{"background-color":"","background-image":"","background-repeat":"repeat","background-position":"center center","background-size":"auto","background-attachment":"scroll","background-type":"","background-media":"","overlay-type":"","overlay-color":"","overlay-opacity":"","overlay-gradient":""}},"ast-content-background-meta":{"desktop":{"background-color":"var(--ast-global-color-5)","background-image":"","background-repeat":"repeat","background-position":"center center","background-size":"auto","background-attachment":"scroll","background-type":"","background-media":"","overlay-type":"","overlay-color":"","overlay-opacity":"","overlay-gradient":""},"tablet":{"background-color":"var(--ast-global-color-5)","background-image":"","background-repeat":"repeat","background-position":"center center","background-size":"auto","background-attachment":"scroll","background-type":"","background-media":"","overlay-type":"","overlay-color":"","overlay-opacity":"","overlay-gradient":""},"mobile":{"background-color":"var(--ast-global-color-5)","background-image":"","background-repeat":"repeat","background-position":"center center","background-size":"auto","background-attachment":"scroll","background-type":"","background-media":"","overlay-type":"","overlay-color":"","overlay-opacity":"","overlay-gradient":""}},"footnotes":""},"class_list":["post-1458","page","type-page","status-publish","hentry"],"acf":[],"yoast_head":"<!-- This site is optimized with the Yoast SEO plugin v27.5 - https:\/\/yoast.com\/product\/yoast-seo-wordpress\/ -->\n<title>Noticias - Departamento Ingenier\u00eda Hidr\u00e1ulica y Ambiental<\/title>\n<meta name=\"robots\" content=\"index, follow, max-snippet:-1, max-image-preview:large, max-video-preview:-1\" \/>\n<link rel=\"canonical\" href=\"https:\/\/www.ing.uc.cl\/hidraulica-y-ambiental\/noticias\/\" \/>\n<meta property=\"og:locale\" content=\"es_ES\" \/>\n<meta property=\"og:type\" content=\"article\" \/>\n<meta property=\"og:title\" content=\"Noticias - Departamento Ingenier\u00eda Hidr\u00e1ulica y Ambiental\" \/>\n<meta property=\"og:url\" content=\"https:\/\/www.ing.uc.cl\/hidraulica-y-ambiental\/noticias\/\" \/>\n<meta property=\"og:site_name\" content=\"Departamento Ingenier\u00eda Hidr\u00e1ulica y Ambiental\" \/>\n<meta property=\"article:modified_time\" content=\"2024-03-05T18:23:45+00:00\" \/>\n<meta name=\"twitter:card\" content=\"summary_large_image\" \/>\n<meta name=\"twitter:label1\" content=\"Tiempo estimado de lectura\" \/>\n\t<meta name=\"twitter:data1\" content=\"1 minuto\" \/>\n<script type=\"application\/ld+json\" class=\"yoast-schema-graph\">{\"@context\":\"https:\\\/\\\/schema.org\",\"@graph\":[{\"@type\":\"WebPage\",\"@id\":\"https:\\\/\\\/www.ing.uc.cl\\\/hidraulica-y-ambiental\\\/noticias\\\/\",\"url\":\"https:\\\/\\\/www.ing.uc.cl\\\/hidraulica-y-ambiental\\\/noticias\\\/\",\"name\":\"Noticias - Departamento Ingenier\u00eda Hidr\u00e1ulica y Ambiental\",\"isPartOf\":{\"@id\":\"https:\\\/\\\/www.ing.uc.cl\\\/hidraulica-y-ambiental\\\/#website\"},\"datePublished\":\"2023-06-27T17:26:11+00:00\",\"dateModified\":\"2024-03-05T18:23:45+00:00\",\"breadcrumb\":{\"@id\":\"https:\\\/\\\/www.ing.uc.cl\\\/hidraulica-y-ambiental\\\/noticias\\\/#breadcrumb\"},\"inLanguage\":\"es-CL\",\"potentialAction\":[{\"@type\":\"ReadAction\",\"target\":[\"https:\\\/\\\/www.ing.uc.cl\\\/hidraulica-y-ambiental\\\/noticias\\\/\"]}]},{\"@type\":\"BreadcrumbList\",\"@id\":\"https:\\\/\\\/www.ing.uc.cl\\\/hidraulica-y-ambiental\\\/noticias\\\/#breadcrumb\",\"itemListElement\":[{\"@type\":\"ListItem\",\"position\":1,\"name\":\"Portada\",\"item\":\"https:\\\/\\\/www.ing.uc.cl\\\/hidraulica-y-ambiental\\\/\"},{\"@type\":\"ListItem\",\"position\":2,\"name\":\"Noticias\"}]},{\"@type\":\"WebSite\",\"@id\":\"https:\\\/\\\/www.ing.uc.cl\\\/hidraulica-y-ambiental\\\/#website\",\"url\":\"https:\\\/\\\/www.ing.uc.cl\\\/hidraulica-y-ambiental\\\/\",\"name\":\"Departamento Ingenier\u00eda Hidr\u00e1ulica y Ambiental\",\"description\":\"Escuela de Ingenier\u00eda\",\"publisher\":{\"@id\":\"https:\\\/\\\/www.ing.uc.cl\\\/hidraulica-y-ambiental\\\/#organization\"},\"potentialAction\":[{\"@type\":\"SearchAction\",\"target\":{\"@type\":\"EntryPoint\",\"urlTemplate\":\"https:\\\/\\\/www.ing.uc.cl\\\/hidraulica-y-ambiental\\\/?s={search_term_string}\"},\"query-input\":{\"@type\":\"PropertyValueSpecification\",\"valueRequired\":true,\"valueName\":\"search_term_string\"}}],\"inLanguage\":\"es-CL\"},{\"@type\":\"Organization\",\"@id\":\"https:\\\/\\\/www.ing.uc.cl\\\/hidraulica-y-ambiental\\\/#organization\",\"name\":\"Departamento Ingenier\u00eda Hidr\u00e1ulica y Ambiental\",\"url\":\"https:\\\/\\\/www.ing.uc.cl\\\/hidraulica-y-ambiental\\\/\",\"logo\":{\"@type\":\"ImageObject\",\"inLanguage\":\"es-CL\",\"@id\":\"https:\\\/\\\/www.ing.uc.cl\\\/hidraulica-y-ambiental\\\/#\\\/schema\\\/logo\\\/image\\\/\",\"url\":\"https:\\\/\\\/www.ing.uc.cl\\\/hidraulica-y-ambiental\\\/wp-content\\\/uploads\\\/2025\\\/05\\\/cropped-cropped-Favicon.png\",\"contentUrl\":\"https:\\\/\\\/www.ing.uc.cl\\\/hidraulica-y-ambiental\\\/wp-content\\\/uploads\\\/2025\\\/05\\\/cropped-cropped-Favicon.png\",\"width\":512,\"height\":512,\"caption\":\"Departamento Ingenier\u00eda Hidr\u00e1ulica y Ambiental\"},\"image\":{\"@id\":\"https:\\\/\\\/www.ing.uc.cl\\\/hidraulica-y-ambiental\\\/#\\\/schema\\\/logo\\\/image\\\/\"}}]}<\/script>\n<!-- \/ Yoast SEO plugin. -->","yoast_head_json":{"title":"Noticias - Departamento Ingenier\u00eda Hidr\u00e1ulica y Ambiental","robots":{"index":"index","follow":"follow","max-snippet":"max-snippet:-1","max-image-preview":"max-image-preview:large","max-video-preview":"max-video-preview:-1"},"canonical":"https:\/\/www.ing.uc.cl\/hidraulica-y-ambiental\/noticias\/","og_locale":"es_ES","og_type":"article","og_title":"Noticias - Departamento Ingenier\u00eda Hidr\u00e1ulica y Ambiental","og_url":"https:\/\/www.ing.uc.cl\/hidraulica-y-ambiental\/noticias\/","og_site_name":"Departamento Ingenier\u00eda Hidr\u00e1ulica y Ambiental","article_modified_time":"2024-03-05T18:23:45+00:00","twitter_card":"summary_large_image","twitter_misc":{"Tiempo estimado de lectura":"1 minuto"},"schema":{"@context":"https:\/\/schema.org","@graph":[{"@type":"WebPage","@id":"https:\/\/www.ing.uc.cl\/hidraulica-y-ambiental\/noticias\/","url":"https:\/\/www.ing.uc.cl\/hidraulica-y-ambiental\/noticias\/","name":"Noticias - Departamento Ingenier\u00eda Hidr\u00e1ulica y Ambiental","isPartOf":{"@id":"https:\/\/www.ing.uc.cl\/hidraulica-y-ambiental\/#website"},"datePublished":"2023-06-27T17:26:11+00:00","dateModified":"2024-03-05T18:23:45+00:00","breadcrumb":{"@id":"https:\/\/www.ing.uc.cl\/hidraulica-y-ambiental\/noticias\/#breadcrumb"},"inLanguage":"es-CL","potentialAction":[{"@type":"ReadAction","target":["https:\/\/www.ing.uc.cl\/hidraulica-y-ambiental\/noticias\/"]}]},{"@type":"BreadcrumbList","@id":"https:\/\/www.ing.uc.cl\/hidraulica-y-ambiental\/noticias\/#breadcrumb","itemListElement":[{"@type":"ListItem","position":1,"name":"Portada","item":"https:\/\/www.ing.uc.cl\/hidraulica-y-ambiental\/"},{"@type":"ListItem","position":2,"name":"Noticias"}]},{"@type":"WebSite","@id":"https:\/\/www.ing.uc.cl\/hidraulica-y-ambiental\/#website","url":"https:\/\/www.ing.uc.cl\/hidraulica-y-ambiental\/","name":"Departamento Ingenier\u00eda Hidr\u00e1ulica y Ambiental","description":"Escuela de Ingenier\u00eda","publisher":{"@id":"https:\/\/www.ing.uc.cl\/hidraulica-y-ambiental\/#organization"},"potentialAction":[{"@type":"SearchAction","target":{"@type":"EntryPoint","urlTemplate":"https:\/\/www.ing.uc.cl\/hidraulica-y-ambiental\/?s={search_term_string}"},"query-input":{"@type":"PropertyValueSpecification","valueRequired":true,"valueName":"search_term_string"}}],"inLanguage":"es-CL"},{"@type":"Organization","@id":"https:\/\/www.ing.uc.cl\/hidraulica-y-ambiental\/#organization","name":"Departamento Ingenier\u00eda Hidr\u00e1ulica y Ambiental","url":"https:\/\/www.ing.uc.cl\/hidraulica-y-ambiental\/","logo":{"@type":"ImageObject","inLanguage":"es-CL","@id":"https:\/\/www.ing.uc.cl\/hidraulica-y-ambiental\/#\/schema\/logo\/image\/","url":"https:\/\/www.ing.uc.cl\/hidraulica-y-ambiental\/wp-content\/uploads\/2025\/05\/cropped-cropped-Favicon.png","contentUrl":"https:\/\/www.ing.uc.cl\/hidraulica-y-ambiental\/wp-content\/uploads\/2025\/05\/cropped-cropped-Favicon.png","width":512,"height":512,"caption":"Departamento Ingenier\u00eda Hidr\u00e1ulica y Ambiental"},"image":{"@id":"https:\/\/www.ing.uc.cl\/hidraulica-y-ambiental\/#\/schema\/logo\/image\/"}}]}},"rttpg_featured_image_url":null,"rttpg_author":{"display_name":"Francisco H","author_link":"https:\/\/www.ing.uc.cl\/hidraulica-y-ambiental\/author\/fherreros\/"},"rttpg_comment":0,"rttpg_category":null,"rttpg_excerpt":null,"_links":{"self":[{"href":"https:\/\/www.ing.uc.cl\/hidraulica-y-ambiental\/wp-json\/wp\/v2\/pages\/1458","targetHints":{"allow":["GET"]}}],"collection":[{"href":"https:\/\/www.ing.uc.cl\/hidraulica-y-ambiental\/wp-json\/wp\/v2\/pages"}],"about":[{"href":"https:\/\/www.ing.uc.cl\/hidraulica-y-ambiental\/wp-json\/wp\/v2\/types\/page"}],"author":[{"embeddable":true,"href":"https:\/\/www.ing.uc.cl\/hidraulica-y-ambiental\/wp-json\/wp\/v2\/users\/4"}],"replies":[{"embeddable":true,"href":"https:\/\/www.ing.uc.cl\/hidraulica-y-ambiental\/wp-json\/wp\/v2\/comments?post=1458"}],"version-history":[{"count":0,"href":"https:\/\/www.ing.uc.cl\/hidraulica-y-ambiental\/wp-json\/wp\/v2\/pages\/1458\/revisions"}],"wp:attachment":[{"href":"https:\/\/www.ing.uc.cl\/hidraulica-y-ambiental\/wp-json\/wp\/v2\/media?parent=1458"}],"curies":[{"name":"wp","href":"https:\/\/api.w.org\/{rel}","templated":true}]}}