{"id":1519,"date":"2023-12-27T10:40:17","date_gmt":"2023-12-27T13:40:17","guid":{"rendered":"https:\/\/www.ing.uc.cl\/hidraulica-y-ambiental\/?page_id=1519"},"modified":"2024-04-12T17:24:36","modified_gmt":"2024-04-12T20:24:36","slug":"profesionales-administrativos","status":"publish","type":"page","link":"https:\/\/www.ing.uc.cl\/hidraulica-y-ambiental\/departamento\/profesionales-administrativos\/","title":{"rendered":"Profesionales y Administrativos"},"content":{"rendered":"<div id=\"pl-gb1519-69f47c6395c06\"  class=\"panel-layout wp-block-siteorigin-panels-layout-block\" ><div id=\"pg-gb1519-69f47c6395c06-0\"  class=\"panel-grid panel-no-style\" ><div id=\"pgc-gb1519-69f47c6395c06-0-0\"  class=\"panel-grid-cell\" ><div id=\"panel-gb1519-69f47c6395c06-0-0-0\" class=\"so-panel widget widget_sow-editor panel-first-child panel-last-child\" data-index=\"0\" ><div class=\"uc-title panel-widget-style panel-widget-style-for-gb1519-69f47c6395c06-0-0-0\" ><div\n\t\t\t\n\t\t\tclass=\"so-widget-sow-editor so-widget-sow-editor-base\"\n\t\t\t\n\t\t>\n<div class=\"siteorigin-widget-tinymce textwidget\">\n\t<h2>Profesionales y Administrativos<\/h2>\n<\/div>\n<\/div><\/div><\/div><\/div><\/div><\/div>\n\n<div class='rt-container-fluid rt-team-container rt-pos-r rt-team-container-1688' id='rt-team-container-408161595'  data-layout='layout1' data-desktop-col='4'  data-tab-col='2'  data-mobile-col='1' data-sc-id='1688' data-popup-bg=''><div data-title='Loading ...' class='rt-row rt-content-loader layout1 ttp-even ttp-pre-loader'><div class=\"rt-col-md-3 rt-col-sm-6 rt-col-xs-12  even-grid-item rt-grid-item\" data-id=\"1747\"><div class=\"single-team-area\"><div class=\"single-team\"><figure><img fetchpriority=\"high\" decoding=\"async\" width=\"400\" height=\"400\" src=\"https:\/\/www.ing.uc.cl\/hidraulica-y-ambiental\/wp-content\/uploads\/2024\/04\/2-400x400.png\" class=\"img-responsive rt-team-img\" alt=\"B\u00e1rbara Oyarz\u00fan\" \/><\/figure><\/div><div class=\"tlp-content\"><h3><span class=\"team-name\">B\u00e1rbara Oyarz\u00fan<\/span><\/h3><\/div><div class=\"short-bio\"><p>Gestora de Comunicaciones y Dise\u00f1o<\/p>\n<\/div><div class=\"contact-info\"><ul><li class=\"tlp-email\"><i class=\"far fa-envelope\"><\/i><a href=\"mailto:boyarzun@uc.cl\"><span class=\"tlp-email\">boyarzun@uc.cl<\/span><\/a><\/li><\/ul><\/div><\/div><\/div><div class=\"rt-col-md-3 rt-col-sm-6 rt-col-xs-12  even-grid-item rt-grid-item\" data-id=\"1697\"><div class=\"single-team-area\"><div class=\"single-team\"><figure><img decoding=\"async\" width=\"400\" height=\"400\" src=\"https:\/\/www.ing.uc.cl\/hidraulica-y-ambiental\/wp-content\/uploads\/2024\/04\/gonzalez400.png\" class=\"img-responsive rt-team-img\" alt=\"Eduardo Castillo\" \/><\/figure><\/div><div class=\"tlp-content\"><h3><span class=\"team-name\">Eduardo Castillo<\/span><\/h3><\/div><div class=\"short-bio\"><p>Coordinador Administrativo<\/p>\n<\/div><div class=\"contact-info\"><ul><li class=\"tlp-email\"><i class=\"far fa-envelope\"><\/i><a href=\"mailto:eduardo.castillo@uc.cl\"><span class=\"tlp-email\">eduardo.castillo@uc.cl<\/span><\/a><\/li><\/ul><\/div><\/div><\/div><div class=\"rt-col-md-3 rt-col-sm-6 rt-col-xs-12  even-grid-item rt-grid-item\" data-id=\"1692\"><div class=\"single-team-area\"><div class=\"single-team\"><figure><img decoding=\"async\" width=\"400\" height=\"400\" src=\"https:\/\/www.ing.uc.cl\/hidraulica-y-ambiental\/wp-content\/uploads\/2024\/04\/castillo400.png\" class=\"img-responsive rt-team-img\" alt=\"Eduardo Gonz\u00e1lez\" \/><\/figure><\/div><div class=\"tlp-content\"><h3><span class=\"team-name\">Eduardo Gonz\u00e1lez<\/span><\/h3><\/div><div class=\"short-bio\"><p>T\u00e9cnico de Laboratorio<\/p>\n<\/div><div class=\"contact-info\"><ul><li class=\"tlp-email\"><i class=\"far fa-envelope\"><\/i><a href=\"mailto:egonzalm@uc.cl\"><span class=\"tlp-email\">egonzalm@uc.cl<\/span><\/a><\/li><\/ul><\/div><\/div><\/div><div class=\"rt-col-md-3 rt-col-sm-6 rt-col-xs-12  even-grid-item rt-grid-item\" data-id=\"2459\"><div class=\"single-team-area\"><div class=\"single-team\"><figure><img loading=\"lazy\" decoding=\"async\" width=\"400\" height=\"400\" src=\"https:\/\/www.ing.uc.cl\/hidraulica-y-ambiental\/wp-content\/uploads\/2026\/01\/Captura-de-pantalla-2026-01-15-a-las-15.28.37-400x400.png\" class=\"img-responsive rt-team-img\" alt=\"Felipe Lucero\" \/><\/figure><\/div><div class=\"tlp-content\"><h3><span class=\"team-name\">Felipe Lucero<\/span><\/h3><\/div><div class=\"short-bio\"><p>Jefe de Proyectos y Gesti\u00f3n<\/p>\n<\/div><div class=\"contact-info\"><ul><li class=\"tlp-email\"><i class=\"far fa-envelope\"><\/i><a href=\"mailto:felucero@uc.cl\"><span class=\"tlp-email\">felucero@uc.cl<\/span><\/a><\/li><\/ul><\/div><\/div><\/div><div class=\"rt-col-md-3 rt-col-sm-6 rt-col-xs-12  even-grid-item rt-grid-item\" data-id=\"2624\"><div class=\"single-team-area\"><div class=\"single-team\"><figure><img loading=\"lazy\" decoding=\"async\" width=\"400\" height=\"400\" src=\"https:\/\/www.ing.uc.cl\/hidraulica-y-ambiental\/wp-content\/uploads\/2026\/01\/Captura-de-pantalla-2026-01-26-a-las-12.14.40-400x400.png\" class=\"img-responsive rt-team-img\" alt=\"Gloria Morales\" \/><\/figure><\/div><div class=\"tlp-content\"><h3><span class=\"team-name\">Gloria Morales<\/span><\/h3><\/div><div class=\"short-bio\"><p>Auxiliar de Servicio<\/p>\n<\/div><\/div><\/div><div class=\"rt-col-md-3 rt-col-sm-6 rt-col-xs-12  even-grid-item rt-grid-item\" data-id=\"1748\"><div class=\"single-team-area\"><div class=\"single-team\"><figure><img loading=\"lazy\" decoding=\"async\" width=\"400\" height=\"400\" src=\"https:\/\/www.ing.uc.cl\/hidraulica-y-ambiental\/wp-content\/uploads\/2024\/04\/11-400x400.png\" class=\"img-responsive rt-team-img\" alt=\"Kevin Rebolledo\" \/><\/figure><\/div><div class=\"tlp-content\"><h3><span class=\"team-name\">Kevin Rebolledo<\/span><\/h3><\/div><div class=\"short-bio\"><p>T\u00e9cnico de Laboratorio<\/p>\n<\/div><div class=\"contact-info\"><ul><li class=\"tlp-email\"><i class=\"far fa-envelope\"><\/i><a href=\"mailto:krebolledo@uc.cl\"><span class=\"tlp-email\">krebolledo@uc.cl<\/span><\/a><\/li><\/ul><\/div><\/div><\/div><div class=\"rt-col-md-3 rt-col-sm-6 rt-col-xs-12  even-grid-item rt-grid-item\" data-id=\"1701\"><div class=\"single-team-area\"><div class=\"single-team\"><figure><img loading=\"lazy\" decoding=\"async\" width=\"400\" height=\"400\" src=\"https:\/\/www.ing.uc.cl\/hidraulica-y-ambiental\/wp-content\/uploads\/2024\/04\/7-400x400.png\" class=\"img-responsive rt-team-img\" alt=\"Maria In\u00e9s Rojas\" \/><\/figure><\/div><div class=\"tlp-content\"><h3><span class=\"team-name\">Maria In\u00e9s Rojas<\/span><\/h3><\/div><div class=\"short-bio\"><p>Secretaria Acad\u00e9mica<\/p>\n<\/div><div class=\"contact-info\"><ul><li class=\"tlp-email\"><i class=\"far fa-envelope\"><\/i><a href=\"mailto:mrojasp@uc.cl\"><span class=\"tlp-email\">mrojasp@uc.cl<\/span><\/a><\/li><\/ul><\/div><\/div><\/div><div class=\"rt-col-md-3 rt-col-sm-6 rt-col-xs-12  even-grid-item rt-grid-item\" data-id=\"1696\"><div class=\"single-team-area\"><div class=\"single-team\"><figure><img loading=\"lazy\" decoding=\"async\" width=\"400\" height=\"400\" src=\"https:\/\/www.ing.uc.cl\/hidraulica-y-ambiental\/wp-content\/uploads\/2024\/04\/Mdel400.png\" class=\"img-responsive rt-team-img\" alt=\"Mauricio Medel\" \/><\/figure><\/div><div class=\"tlp-content\"><h3><span class=\"team-name\">Mauricio Medel<\/span><\/h3><\/div><div class=\"short-bio\"><p>T\u00e9cnico de Laboratorio<\/p>\n<\/div><div class=\"contact-info\"><ul><li class=\"tlp-email\"><i class=\"far fa-envelope\"><\/i><a href=\"mailto:mauriciomedelh@uc.cl\"><span class=\"tlp-email\">mauriciomedelh@uc.cl<\/span><\/a><\/li><\/ul><\/div><\/div><\/div><div class=\"rt-col-md-3 rt-col-sm-6 rt-col-xs-12  even-grid-item rt-grid-item\" data-id=\"2627\"><div class=\"single-team-area\"><div class=\"single-team\"><figure><img loading=\"lazy\" decoding=\"async\" width=\"400\" height=\"400\" src=\"https:\/\/www.ing.uc.cl\/hidraulica-y-ambiental\/wp-content\/uploads\/2026\/01\/Captura-de-pantalla-2026-01-26-a-las-12.14.36-400x400.png\" class=\"img-responsive rt-team-img\" alt=\"Patricia Salazar\" \/><\/figure><\/div><div class=\"tlp-content\"><h3><span class=\"team-name\">Patricia Salazar<\/span><\/h3><\/div><div class=\"short-bio\"><p>Auxiliar de Servicio<\/p>\n<\/div><\/div><\/div><div class=\"rt-col-md-3 rt-col-sm-6 rt-col-xs-12  even-grid-item rt-grid-item\" data-id=\"1694\"><div class=\"single-team-area\"><div class=\"single-team\"><figure><img loading=\"lazy\" decoding=\"async\" width=\"400\" height=\"400\" src=\"https:\/\/www.ing.uc.cl\/hidraulica-y-ambiental\/wp-content\/uploads\/2024\/04\/Shester400.png\" class=\"img-responsive rt-team-img\" alt=\"Shester Cancino\" \/><\/figure><\/div><div class=\"tlp-content\"><h3><span class=\"team-name\">Shester Cancino<\/span><\/h3><\/div><div class=\"short-bio\"><p>T\u00e9cnico de Laboratorio<\/p>\n<\/div><div class=\"contact-info\"><ul><li class=\"tlp-email\"><i class=\"far fa-envelope\"><\/i><a href=\"mailto:scancino@uc.cl\"><span class=\"tlp-email\">scancino@uc.cl<\/span><\/a><\/li><\/ul><\/div><\/div><\/div><div class=\"rt-loading-overlay\"><\/div><div class=\"rt-loading rt-ball-clip-rotate\"><div><\/div><\/div><\/div><\/div>\n","protected":false},"excerpt":{"rendered":"","protected":false},"author":4,"featured_media":0,"parent":772,"menu_order":0,"comment_status":"closed","ping_status":"closed","template":"","meta":{"_acf_changed":false,"site-sidebar-layout":"default","site-content-layout":"","ast-site-content-layout":"default","site-content-style":"default","site-sidebar-style":"default","ast-global-header-display":"","ast-banner-title-visibility":"","ast-main-header-display":"","ast-hfb-above-header-display":"","ast-hfb-below-header-display":"","ast-hfb-mobile-header-display":"","site-post-title":"disabled","ast-breadcrumbs-content":"","ast-featured-img":"","footer-sml-layout":"","ast-disable-related-posts":"","theme-transparent-header-meta":"","adv-header-id-meta":"","stick-header-meta":"","header-above-stick-meta":"","header-main-stick-meta":"","header-below-stick-meta":"","astra-migrate-meta-layouts":"set","ast-page-background-enabled":"default","ast-page-background-meta":{"desktop":{"background-color":"","background-image":"","background-repeat":"repeat","background-position":"center center","background-size":"auto","background-attachment":"scroll","background-type":"","background-media":"","overlay-type":"","overlay-color":"","overlay-opacity":"","overlay-gradient":""},"tablet":{"background-color":"","background-image":"","background-repeat":"repeat","background-position":"center center","background-size":"auto","background-attachment":"scroll","background-type":"","background-media":"","overlay-type":"","overlay-color":"","overlay-opacity":"","overlay-gradient":""},"mobile":{"background-color":"","background-image":"","background-repeat":"repeat","background-position":"center center","background-size":"auto","background-attachment":"scroll","background-type":"","background-media":"","overlay-type":"","overlay-color":"","overlay-opacity":"","overlay-gradient":""}},"ast-content-background-meta":{"desktop":{"background-color":"var(--ast-global-color-5)","background-image":"","background-repeat":"repeat","background-position":"center center","background-size":"auto","background-attachment":"scroll","background-type":"","background-media":"","overlay-type":"","overlay-color":"","overlay-opacity":"","overlay-gradient":""},"tablet":{"background-color":"var(--ast-global-color-5)","background-image":"","background-repeat":"repeat","background-position":"center center","background-size":"auto","background-attachment":"scroll","background-type":"","background-media":"","overlay-type":"","overlay-color":"","overlay-opacity":"","overlay-gradient":""},"mobile":{"background-color":"var(--ast-global-color-5)","background-image":"","background-repeat":"repeat","background-position":"center center","background-size":"auto","background-attachment":"scroll","background-type":"","background-media":"","overlay-type":"","overlay-color":"","overlay-opacity":"","overlay-gradient":""}},"footnotes":""},"class_list":["post-1519","page","type-page","status-publish","hentry"],"acf":[],"yoast_head":"<!-- This site is optimized with the Yoast SEO plugin v27.5 - https:\/\/yoast.com\/product\/yoast-seo-wordpress\/ -->\n<title>Profesionales y Administrativos - Departamento Ingenier\u00eda Hidr\u00e1ulica y Ambiental<\/title>\n<meta name=\"robots\" content=\"index, follow, max-snippet:-1, max-image-preview:large, max-video-preview:-1\" \/>\n<link rel=\"canonical\" href=\"https:\/\/www.ing.uc.cl\/hidraulica-y-ambiental\/departamento\/profesionales-administrativos\/\" \/>\n<meta property=\"og:locale\" content=\"es_ES\" \/>\n<meta property=\"og:type\" content=\"article\" \/>\n<meta property=\"og:title\" content=\"Profesionales y Administrativos - Departamento Ingenier\u00eda Hidr\u00e1ulica y Ambiental\" \/>\n<meta property=\"og:url\" content=\"https:\/\/www.ing.uc.cl\/hidraulica-y-ambiental\/departamento\/profesionales-administrativos\/\" \/>\n<meta property=\"og:site_name\" content=\"Departamento Ingenier\u00eda Hidr\u00e1ulica y Ambiental\" \/>\n<meta property=\"article:modified_time\" content=\"2024-04-12T20:24:36+00:00\" \/>\n<meta name=\"twitter:card\" content=\"summary_large_image\" \/>\n<meta name=\"twitter:label1\" content=\"Tiempo estimado de lectura\" \/>\n\t<meta name=\"twitter:data1\" content=\"1 minuto\" \/>\n<script type=\"application\/ld+json\" class=\"yoast-schema-graph\">{\"@context\":\"https:\\\/\\\/schema.org\",\"@graph\":[{\"@type\":\"WebPage\",\"@id\":\"https:\\\/\\\/www.ing.uc.cl\\\/hidraulica-y-ambiental\\\/departamento\\\/profesionales-administrativos\\\/\",\"url\":\"https:\\\/\\\/www.ing.uc.cl\\\/hidraulica-y-ambiental\\\/departamento\\\/profesionales-administrativos\\\/\",\"name\":\"Profesionales y Administrativos - Departamento Ingenier\u00eda Hidr\u00e1ulica y Ambiental\",\"isPartOf\":{\"@id\":\"https:\\\/\\\/www.ing.uc.cl\\\/hidraulica-y-ambiental\\\/#website\"},\"datePublished\":\"2023-12-27T13:40:17+00:00\",\"dateModified\":\"2024-04-12T20:24:36+00:00\",\"breadcrumb\":{\"@id\":\"https:\\\/\\\/www.ing.uc.cl\\\/hidraulica-y-ambiental\\\/departamento\\\/profesionales-administrativos\\\/#breadcrumb\"},\"inLanguage\":\"es-CL\",\"potentialAction\":[{\"@type\":\"ReadAction\",\"target\":[\"https:\\\/\\\/www.ing.uc.cl\\\/hidraulica-y-ambiental\\\/departamento\\\/profesionales-administrativos\\\/\"]}]},{\"@type\":\"BreadcrumbList\",\"@id\":\"https:\\\/\\\/www.ing.uc.cl\\\/hidraulica-y-ambiental\\\/departamento\\\/profesionales-administrativos\\\/#breadcrumb\",\"itemListElement\":[{\"@type\":\"ListItem\",\"position\":1,\"name\":\"Portada\",\"item\":\"https:\\\/\\\/www.ing.uc.cl\\\/hidraulica-y-ambiental\\\/\"},{\"@type\":\"ListItem\",\"position\":2,\"name\":\"Departamento\",\"item\":\"https:\\\/\\\/www.ing.uc.cl\\\/hidraulica-y-ambiental\\\/departamento\\\/\"},{\"@type\":\"ListItem\",\"position\":3,\"name\":\"Profesionales y Administrativos\"}]},{\"@type\":\"WebSite\",\"@id\":\"https:\\\/\\\/www.ing.uc.cl\\\/hidraulica-y-ambiental\\\/#website\",\"url\":\"https:\\\/\\\/www.ing.uc.cl\\\/hidraulica-y-ambiental\\\/\",\"name\":\"Departamento Ingenier\u00eda Hidr\u00e1ulica y Ambiental\",\"description\":\"Escuela de Ingenier\u00eda\",\"publisher\":{\"@id\":\"https:\\\/\\\/www.ing.uc.cl\\\/hidraulica-y-ambiental\\\/#organization\"},\"potentialAction\":[{\"@type\":\"SearchAction\",\"target\":{\"@type\":\"EntryPoint\",\"urlTemplate\":\"https:\\\/\\\/www.ing.uc.cl\\\/hidraulica-y-ambiental\\\/?s={search_term_string}\"},\"query-input\":{\"@type\":\"PropertyValueSpecification\",\"valueRequired\":true,\"valueName\":\"search_term_string\"}}],\"inLanguage\":\"es-CL\"},{\"@type\":\"Organization\",\"@id\":\"https:\\\/\\\/www.ing.uc.cl\\\/hidraulica-y-ambiental\\\/#organization\",\"name\":\"Departamento Ingenier\u00eda Hidr\u00e1ulica y Ambiental\",\"url\":\"https:\\\/\\\/www.ing.uc.cl\\\/hidraulica-y-ambiental\\\/\",\"logo\":{\"@type\":\"ImageObject\",\"inLanguage\":\"es-CL\",\"@id\":\"https:\\\/\\\/www.ing.uc.cl\\\/hidraulica-y-ambiental\\\/#\\\/schema\\\/logo\\\/image\\\/\",\"url\":\"https:\\\/\\\/www.ing.uc.cl\\\/hidraulica-y-ambiental\\\/wp-content\\\/uploads\\\/2025\\\/05\\\/cropped-cropped-Favicon.png\",\"contentUrl\":\"https:\\\/\\\/www.ing.uc.cl\\\/hidraulica-y-ambiental\\\/wp-content\\\/uploads\\\/2025\\\/05\\\/cropped-cropped-Favicon.png\",\"width\":512,\"height\":512,\"caption\":\"Departamento Ingenier\u00eda Hidr\u00e1ulica y Ambiental\"},\"image\":{\"@id\":\"https:\\\/\\\/www.ing.uc.cl\\\/hidraulica-y-ambiental\\\/#\\\/schema\\\/logo\\\/image\\\/\"}}]}<\/script>\n<!-- \/ Yoast SEO plugin. -->","yoast_head_json":{"title":"Profesionales y Administrativos - Departamento Ingenier\u00eda Hidr\u00e1ulica y Ambiental","robots":{"index":"index","follow":"follow","max-snippet":"max-snippet:-1","max-image-preview":"max-image-preview:large","max-video-preview":"max-video-preview:-1"},"canonical":"https:\/\/www.ing.uc.cl\/hidraulica-y-ambiental\/departamento\/profesionales-administrativos\/","og_locale":"es_ES","og_type":"article","og_title":"Profesionales y Administrativos - Departamento Ingenier\u00eda Hidr\u00e1ulica y Ambiental","og_url":"https:\/\/www.ing.uc.cl\/hidraulica-y-ambiental\/departamento\/profesionales-administrativos\/","og_site_name":"Departamento Ingenier\u00eda Hidr\u00e1ulica y Ambiental","article_modified_time":"2024-04-12T20:24:36+00:00","twitter_card":"summary_large_image","twitter_misc":{"Tiempo estimado de lectura":"1 minuto"},"schema":{"@context":"https:\/\/schema.org","@graph":[{"@type":"WebPage","@id":"https:\/\/www.ing.uc.cl\/hidraulica-y-ambiental\/departamento\/profesionales-administrativos\/","url":"https:\/\/www.ing.uc.cl\/hidraulica-y-ambiental\/departamento\/profesionales-administrativos\/","name":"Profesionales y Administrativos - Departamento Ingenier\u00eda Hidr\u00e1ulica y Ambiental","isPartOf":{"@id":"https:\/\/www.ing.uc.cl\/hidraulica-y-ambiental\/#website"},"datePublished":"2023-12-27T13:40:17+00:00","dateModified":"2024-04-12T20:24:36+00:00","breadcrumb":{"@id":"https:\/\/www.ing.uc.cl\/hidraulica-y-ambiental\/departamento\/profesionales-administrativos\/#breadcrumb"},"inLanguage":"es-CL","potentialAction":[{"@type":"ReadAction","target":["https:\/\/www.ing.uc.cl\/hidraulica-y-ambiental\/departamento\/profesionales-administrativos\/"]}]},{"@type":"BreadcrumbList","@id":"https:\/\/www.ing.uc.cl\/hidraulica-y-ambiental\/departamento\/profesionales-administrativos\/#breadcrumb","itemListElement":[{"@type":"ListItem","position":1,"name":"Portada","item":"https:\/\/www.ing.uc.cl\/hidraulica-y-ambiental\/"},{"@type":"ListItem","position":2,"name":"Departamento","item":"https:\/\/www.ing.uc.cl\/hidraulica-y-ambiental\/departamento\/"},{"@type":"ListItem","position":3,"name":"Profesionales y Administrativos"}]},{"@type":"WebSite","@id":"https:\/\/www.ing.uc.cl\/hidraulica-y-ambiental\/#website","url":"https:\/\/www.ing.uc.cl\/hidraulica-y-ambiental\/","name":"Departamento Ingenier\u00eda Hidr\u00e1ulica y Ambiental","description":"Escuela de Ingenier\u00eda","publisher":{"@id":"https:\/\/www.ing.uc.cl\/hidraulica-y-ambiental\/#organization"},"potentialAction":[{"@type":"SearchAction","target":{"@type":"EntryPoint","urlTemplate":"https:\/\/www.ing.uc.cl\/hidraulica-y-ambiental\/?s={search_term_string}"},"query-input":{"@type":"PropertyValueSpecification","valueRequired":true,"valueName":"search_term_string"}}],"inLanguage":"es-CL"},{"@type":"Organization","@id":"https:\/\/www.ing.uc.cl\/hidraulica-y-ambiental\/#organization","name":"Departamento Ingenier\u00eda Hidr\u00e1ulica y Ambiental","url":"https:\/\/www.ing.uc.cl\/hidraulica-y-ambiental\/","logo":{"@type":"ImageObject","inLanguage":"es-CL","@id":"https:\/\/www.ing.uc.cl\/hidraulica-y-ambiental\/#\/schema\/logo\/image\/","url":"https:\/\/www.ing.uc.cl\/hidraulica-y-ambiental\/wp-content\/uploads\/2025\/05\/cropped-cropped-Favicon.png","contentUrl":"https:\/\/www.ing.uc.cl\/hidraulica-y-ambiental\/wp-content\/uploads\/2025\/05\/cropped-cropped-Favicon.png","width":512,"height":512,"caption":"Departamento Ingenier\u00eda Hidr\u00e1ulica y Ambiental"},"image":{"@id":"https:\/\/www.ing.uc.cl\/hidraulica-y-ambiental\/#\/schema\/logo\/image\/"}}]}},"rttpg_featured_image_url":null,"rttpg_author":{"display_name":"Francisco H","author_link":"https:\/\/www.ing.uc.cl\/hidraulica-y-ambiental\/author\/fherreros\/"},"rttpg_comment":0,"rttpg_category":null,"rttpg_excerpt":null,"_links":{"self":[{"href":"https:\/\/www.ing.uc.cl\/hidraulica-y-ambiental\/wp-json\/wp\/v2\/pages\/1519","targetHints":{"allow":["GET"]}}],"collection":[{"href":"https:\/\/www.ing.uc.cl\/hidraulica-y-ambiental\/wp-json\/wp\/v2\/pages"}],"about":[{"href":"https:\/\/www.ing.uc.cl\/hidraulica-y-ambiental\/wp-json\/wp\/v2\/types\/page"}],"author":[{"embeddable":true,"href":"https:\/\/www.ing.uc.cl\/hidraulica-y-ambiental\/wp-json\/wp\/v2\/users\/4"}],"replies":[{"embeddable":true,"href":"https:\/\/www.ing.uc.cl\/hidraulica-y-ambiental\/wp-json\/wp\/v2\/comments?post=1519"}],"version-history":[{"count":0,"href":"https:\/\/www.ing.uc.cl\/hidraulica-y-ambiental\/wp-json\/wp\/v2\/pages\/1519\/revisions"}],"up":[{"embeddable":true,"href":"https:\/\/www.ing.uc.cl\/hidraulica-y-ambiental\/wp-json\/wp\/v2\/pages\/772"}],"wp:attachment":[{"href":"https:\/\/www.ing.uc.cl\/hidraulica-y-ambiental\/wp-json\/wp\/v2\/media?parent=1519"}],"curies":[{"name":"wp","href":"https:\/\/api.w.org\/{rel}","templated":true}]}}