{"id":355501,"date":"2025-08-21T17:35:41","date_gmt":"2025-08-21T20:35:41","guid":{"rendered":"https:\/\/www.ing.uc.cl\/industrial-y-sistemas\/?page_id=355501"},"modified":"2025-08-21T17:37:52","modified_gmt":"2025-08-21T20:37:52","slug":"noticias","status":"publish","type":"page","link":"https:\/\/www.ing.uc.cl\/industrial-y-sistemas\/noticias\/","title":{"rendered":"Noticias"},"content":{"rendered":"\t\t<div data-elementor-type=\"wp-page\" data-elementor-id=\"355501\" class=\"elementor elementor-355501\">\n\t\t\t\t\t\t<section class=\"elementor-section elementor-top-section elementor-element elementor-element-c724e5a elementor-section-boxed elementor-section-height-default elementor-section-height-default wpr-particle-no wpr-jarallax-no wpr-parallax-no wpr-sticky-section-no wpr-equal-height-no\" data-id=\"c724e5a\" data-element_type=\"section\" data-e-type=\"section\">\n\t\t\t\t\t\t<div class=\"elementor-container elementor-column-gap-default\">\n\t\t\t\t\t<div class=\"elementor-column elementor-col-100 elementor-top-column elementor-element elementor-element-b75dbe3\" data-id=\"b75dbe3\" data-element_type=\"column\" data-e-type=\"column\">\n\t\t\t<div class=\"elementor-widget-wrap elementor-element-populated\">\n\t\t\t\t\t\t<div class=\"elementor-element elementor-element-543d918 elementor-widget elementor-widget-html\" data-id=\"543d918\" data-element_type=\"widget\" data-e-type=\"widget\" data-widget_type=\"html.default\">\n\t\t\t\t<div class=\"elementor-widget-container\">\n\t\t\t\t\t<div class=\"uc-title panel-widget-style\">\r\n<div class=\"siteorigin-widget-tinymce textwidget\">\r\n<h3>Noticias<\/h3>\r\n<\/div>\r\n<\/div>\t\t\t\t<\/div>\n\t\t\t\t<\/div>\n\t\t\t\t<div class=\"elementor-element elementor-element-595f8da meta-visibility-show title_position_default title_hover_border_default title-default img_hover_animation_default meta_position_default readmore-btn-default-style grid-hover-overlay-type-always grid-hover-overlay-height-default hover-overlay-height-default tpg-border-bottom-disable elementor-widget elementor-widget-tpg-grid-hover-layout\" data-id=\"595f8da\" data-element_type=\"widget\" data-e-type=\"widget\" data-widget_type=\"tpg-grid-hover-layout.default\">\n\t\t\t\t<div class=\"elementor-widget-container\">\n\t\t\t\t\t\n        <div class=\"rt-container-fluid rt-tpg-container tpg-el-main-wrapper grid_hover-layout1-main \"\n             id=\"rt-tpg-container-730944875\"\n             data-layout=\"grid_hover-layout1\"\n             data-sc-id=\"elementor\"\n             data-el-settings=''\n             data-el-query=''\n             data-el-path=''\n        >\n\t\t\t            <div class='tpg-header-wrapper '>\n\t\t\t\t            <\/div>\n\n            <div data-title=\"Loading ...\"\n                 class=\"rt-row rt-content-loader grid_hover-layout1 tpg-even grid-behaviour grid_hover_layout_wrapper\">\n\t\t\t\t\n<div class=\"rt-col-md-4 rt-col-sm-6 rt-col-xs-12 default rt-grid-hover-item rt-grid-item\" data-id=\"355654\">\n\t<div class=\"rt-holder tpg-post-holder \">\n\t\t<div class=\"rt-detail rt-el-content-wrapper\">\n\t\t\t\t\t\t\t<div class=\"rt-img-holder tpg-el-image-wrap has-thumbnail\">\n\t\t\t\t\t<a data-id=\"355654\" href=\"https:\/\/www.ing.uc.cl\/industrial-y-sistemas\/2026\/04\/14\/bienvenidos-doctorantes-2026\/\" class=\"tpg-post-link\" target=\"_self\">                        <img fetchpriority=\"high\" decoding=\"async\" src=\"https:\/\/www.ing.uc.cl\/industrial-y-sistemas\/wp-content\/uploads\/2026\/04\/IMG_0038-768x512.jpg\"\n                             class=\"rt-img-responsive\"\n                             width=\"768\"\n                             height=\"512\"\n                             alt=\"Mathias Klapp dando la bienvenida a estudiantes del doctorado en ciencias de la ingenier\u00eda UC\">\n                        \n                            \n        <\/a>\n                <div class=\"overlay grid-hover-content\"><\/div>\n        \t\t\t\t<\/div>\n\t\t\t\n\t\t\t<div class=\"grid-hover-content\">\n\t\t\t\t<div class=\"entry-title-wrapper\"><h3 class=\"entry-title\"><a data-id=\"355654\" href=\"https:\/\/www.ing.uc.cl\/industrial-y-sistemas\/2026\/04\/14\/bienvenidos-doctorantes-2026\/\" class=\"tpg-post-link\" target=\"_self\">\u00a1Bienvenidos, doctorantes 2026!<\/a><\/h3><\/div>\n\t\t\t\t\t\t\t\t\t<div class=\"post-meta-tags rt-el-post-meta\">\n\t\t\t\t\t\t            <span class='date'>\n\t\t\t\t<i class='far fa-calendar-alt '><\/i>                                    <a href=\"https:\/\/www.ing.uc.cl\/industrial-y-sistemas\/2026\/04\/14\/\">\n\t\t\t\t\t14 Abril 2026\t\t\t\t<\/a>\n                \t\t\t<\/span>\n            \t\t\t\t\t<\/div>\n\t\t\t\t\n\t\t\t\t\t\t\t\t\t<div class=\"tpg-excerpt tpg-el-excerpt\">\n\t\t\t\t\t\t\t\t\t\t\t\t\t<div class=\"tpg-excerpt-inner\">\n\t\t\t\t\t\t\t\t&nbsp; El pasado lunes 6 de abril, el Departamento de Ingenier\u00eda Industrial y de Sistemas (DIIS), en...\t\t\t\t\t\t\t<\/div>\n\t\t\t\t\t\t\t\t\t\t\t\t\t\t\t\t\t<\/div>\n\t\t\t\t\n\t\t\t\t        <div class=\"post-footer\">\n            <div class=\"post-footer\">\n                <div class=\"read-more\">\n                    <a data-id=\"355654\" href=\"https:\/\/www.ing.uc.cl\/industrial-y-sistemas\/2026\/04\/14\/bienvenidos-doctorantes-2026\/\" class=\"tpg-post-link\" target=\"_self\">Leer m\u00e1s<\/a>                <\/div>\n            <\/div>\n        <\/div>\n        \t\t\t<\/div>\n\t\t<\/div>\n\t<\/div>\n<\/div>\n\n<div class=\"rt-col-md-4 rt-col-sm-6 rt-col-xs-12 default rt-grid-hover-item rt-grid-item\" data-id=\"355649\">\n\t<div class=\"rt-holder tpg-post-holder \">\n\t\t<div class=\"rt-detail rt-el-content-wrapper\">\n\t\t\t\t\t\t\t<div class=\"rt-img-holder tpg-el-image-wrap has-thumbnail\">\n\t\t\t\t\t<a data-id=\"355649\" href=\"https:\/\/www.ing.uc.cl\/industrial-y-sistemas\/2026\/04\/13\/giovanni-peri-expone-en-ingenieria-uc-sobre-migracion-y-su-impacto-economico\/\" class=\"tpg-post-link\" target=\"_self\">                        <img decoding=\"async\" src=\"https:\/\/www.ing.uc.cl\/industrial-y-sistemas\/wp-content\/uploads\/2026\/04\/IMG_0560-768x512.jpg\"\n                             class=\"rt-img-responsive\"\n                             width=\"768\"\n                             height=\"512\"\n                             alt=\"Giovanni Peri da charla magistral sobre migraci\u00f3n en Ingenier\u00eda UC\">\n                        \n                            \n        <\/a>\n                <div class=\"overlay grid-hover-content\"><\/div>\n        \t\t\t\t<\/div>\n\t\t\t\n\t\t\t<div class=\"grid-hover-content\">\n\t\t\t\t<div class=\"entry-title-wrapper\"><h3 class=\"entry-title\"><a data-id=\"355649\" href=\"https:\/\/www.ing.uc.cl\/industrial-y-sistemas\/2026\/04\/13\/giovanni-peri-expone-en-ingenieria-uc-sobre-migracion-y-su-impacto-economico\/\" class=\"tpg-post-link\" target=\"_self\">Giovanni Peri expone en Ingenier\u00eda UC sobre migraci\u00f3n y su impacto econ\u00f3mico<\/a><\/h3><\/div>\n\t\t\t\t\t\t\t\t\t<div class=\"post-meta-tags rt-el-post-meta\">\n\t\t\t\t\t\t            <span class='date'>\n\t\t\t\t<i class='far fa-calendar-alt '><\/i>                                    <a href=\"https:\/\/www.ing.uc.cl\/industrial-y-sistemas\/2026\/04\/13\/\">\n\t\t\t\t\t13 Abril 2026\t\t\t\t<\/a>\n                \t\t\t<\/span>\n            \t\t\t\t\t<\/div>\n\t\t\t\t\n\t\t\t\t\t\t\t\t\t<div class=\"tpg-excerpt tpg-el-excerpt\">\n\t\t\t\t\t\t\t\t\t\t\t\t\t<div class=\"tpg-excerpt-inner\">\n\t\t\t\t\t\t\t\tEste lunes 13 de abril, la Escuela de Ingenier\u00eda recibi\u00f3 la visita de Giovanni Peri, C. Bryan...\t\t\t\t\t\t\t<\/div>\n\t\t\t\t\t\t\t\t\t\t\t\t\t\t\t\t\t<\/div>\n\t\t\t\t\n\t\t\t\t        <div class=\"post-footer\">\n            <div class=\"post-footer\">\n                <div class=\"read-more\">\n                    <a data-id=\"355649\" href=\"https:\/\/www.ing.uc.cl\/industrial-y-sistemas\/2026\/04\/13\/giovanni-peri-expone-en-ingenieria-uc-sobre-migracion-y-su-impacto-economico\/\" class=\"tpg-post-link\" target=\"_self\">Leer m\u00e1s<\/a>                <\/div>\n            <\/div>\n        <\/div>\n        \t\t\t<\/div>\n\t\t<\/div>\n\t<\/div>\n<\/div>\n\n<div class=\"rt-col-md-4 rt-col-sm-6 rt-col-xs-12 default rt-grid-hover-item rt-grid-item\" data-id=\"355760\">\n\t<div class=\"rt-holder tpg-post-holder \">\n\t\t<div class=\"rt-detail rt-el-content-wrapper\">\n\t\t\t\t\t\t\t<div class=\"rt-img-holder tpg-el-image-wrap has-thumbnail\">\n\t\t\t\t\t<a data-id=\"355760\" href=\"https:\/\/www.ing.uc.cl\/industrial-y-sistemas\/2026\/04\/10\/ciencia-de-datos-en-chile-del-cielo-a-la-salud-publica-con-impacto-en-la-vida-diaria\/\" class=\"tpg-post-link\" target=\"_self\">                        <img decoding=\"async\" src=\"https:\/\/www.ing.uc.cl\/industrial-y-sistemas\/wp-content\/uploads\/2026\/04\/Captura-de-pantalla-2026-04-29-111054-768x431.png\"\n                             class=\"rt-img-responsive\"\n                             width=\"768\"\n                             height=\"431\"\n                             alt=\"Rodrigo Carrasco sobre ciencia de datos en Radio 13c\">\n                        \n                            \n        <\/a>\n                <div class=\"overlay grid-hover-content\"><\/div>\n        \t\t\t\t<\/div>\n\t\t\t\n\t\t\t<div class=\"grid-hover-content\">\n\t\t\t\t<div class=\"entry-title-wrapper\"><h3 class=\"entry-title\"><a data-id=\"355760\" href=\"https:\/\/www.ing.uc.cl\/industrial-y-sistemas\/2026\/04\/10\/ciencia-de-datos-en-chile-del-cielo-a-la-salud-publica-con-impacto-en-la-vida-diaria\/\" class=\"tpg-post-link\" target=\"_self\">Ciencia de datos en Chile: del cielo a la salud p\u00fablica, con impacto en la vida diaria<\/a><\/h3><\/div>\n\t\t\t\t\t\t\t\t\t<div class=\"post-meta-tags rt-el-post-meta\">\n\t\t\t\t\t\t            <span class='date'>\n\t\t\t\t<i class='far fa-calendar-alt '><\/i>                                    <a href=\"https:\/\/www.ing.uc.cl\/industrial-y-sistemas\/2026\/04\/10\/\">\n\t\t\t\t\t10 Abril 2026\t\t\t\t<\/a>\n                \t\t\t<\/span>\n            \t\t\t\t\t<\/div>\n\t\t\t\t\n\t\t\t\t\t\t\t\t\t<div class=\"tpg-excerpt tpg-el-excerpt\">\n\t\t\t\t\t\t\t\t\t\t\t\t\t<div class=\"tpg-excerpt-inner\">\n\t\t\t\t\t\t\t\tLa ciencia de datos en Chile dej\u00f3 de ser una promesa y hoy se aplica para resolver problemas...\t\t\t\t\t\t\t<\/div>\n\t\t\t\t\t\t\t\t\t\t\t\t\t\t\t\t\t<\/div>\n\t\t\t\t\n\t\t\t\t        <div class=\"post-footer\">\n            <div class=\"post-footer\">\n                <div class=\"read-more\">\n                    <a data-id=\"355760\" href=\"https:\/\/www.ing.uc.cl\/industrial-y-sistemas\/2026\/04\/10\/ciencia-de-datos-en-chile-del-cielo-a-la-salud-publica-con-impacto-en-la-vida-diaria\/\" class=\"tpg-post-link\" target=\"_self\">Leer m\u00e1s<\/a>                <\/div>\n            <\/div>\n        <\/div>\n        \t\t\t<\/div>\n\t\t<\/div>\n\t<\/div>\n<\/div>\n\n<div class=\"rt-col-md-4 rt-col-sm-6 rt-col-xs-12 default rt-grid-hover-item rt-grid-item\" data-id=\"355642\">\n\t<div class=\"rt-holder tpg-post-holder \">\n\t\t<div class=\"rt-detail rt-el-content-wrapper\">\n\t\t\t\t\t\t\t<div class=\"rt-img-holder tpg-el-image-wrap has-thumbnail\">\n\t\t\t\t\t<a data-id=\"355642\" href=\"https:\/\/www.ing.uc.cl\/industrial-y-sistemas\/2026\/03\/19\/sebastian-campos-se-adjudico-la-beca-de-magister-nacional-anid-2026\/\" class=\"tpg-post-link\" target=\"_self\">                        <img loading=\"lazy\" decoding=\"async\" src=\"https:\/\/www.ing.uc.cl\/industrial-y-sistemas\/wp-content\/uploads\/2026\/03\/COLUMNA-4-768x437.png\"\n                             class=\"rt-img-responsive\"\n                             width=\"768\"\n                             height=\"437\"\n                             alt=\"Sebasti\u00e1n Campos se adjudic\u00f3 Beca de Mag\u00edster Nacional 2026\">\n                        \n                            \n        <\/a>\n                <div class=\"overlay grid-hover-content\"><\/div>\n        \t\t\t\t<\/div>\n\t\t\t\n\t\t\t<div class=\"grid-hover-content\">\n\t\t\t\t<div class=\"entry-title-wrapper\"><h3 class=\"entry-title\"><a data-id=\"355642\" href=\"https:\/\/www.ing.uc.cl\/industrial-y-sistemas\/2026\/03\/19\/sebastian-campos-se-adjudico-la-beca-de-magister-nacional-anid-2026\/\" class=\"tpg-post-link\" target=\"_self\">Sebasti\u00e1n Campos se adjudic\u00f3 la Beca de Mag\u00edster Nacional ANID 2026<\/a><\/h3><\/div>\n\t\t\t\t\t\t\t\t\t<div class=\"post-meta-tags rt-el-post-meta\">\n\t\t\t\t\t\t            <span class='date'>\n\t\t\t\t<i class='far fa-calendar-alt '><\/i>                                    <a href=\"https:\/\/www.ing.uc.cl\/industrial-y-sistemas\/2026\/03\/19\/\">\n\t\t\t\t\t19 Marzo 2026\t\t\t\t<\/a>\n                \t\t\t<\/span>\n            \t\t\t\t\t<\/div>\n\t\t\t\t\n\t\t\t\t\t\t\t\t\t<div class=\"tpg-excerpt tpg-el-excerpt\">\n\t\t\t\t\t\t\t\t\t\t\t\t\t<div class=\"tpg-excerpt-inner\">\n\t\t\t\t\t\t\t\tReconocimiento a la excelencia acad\u00e9mica En el marco del Concurso Beca de Mag\u00edster Nacional 2026...\t\t\t\t\t\t\t<\/div>\n\t\t\t\t\t\t\t\t\t\t\t\t\t\t\t\t\t<\/div>\n\t\t\t\t\n\t\t\t\t        <div class=\"post-footer\">\n            <div class=\"post-footer\">\n                <div class=\"read-more\">\n                    <a data-id=\"355642\" href=\"https:\/\/www.ing.uc.cl\/industrial-y-sistemas\/2026\/03\/19\/sebastian-campos-se-adjudico-la-beca-de-magister-nacional-anid-2026\/\" class=\"tpg-post-link\" target=\"_self\">Leer m\u00e1s<\/a>                <\/div>\n            <\/div>\n        <\/div>\n        \t\t\t<\/div>\n\t\t<\/div>\n\t<\/div>\n<\/div>\n\n<div class=\"rt-col-md-4 rt-col-sm-6 rt-col-xs-12 default rt-grid-hover-item rt-grid-item\" data-id=\"355635\">\n\t<div class=\"rt-holder tpg-post-holder \">\n\t\t<div class=\"rt-detail rt-el-content-wrapper\">\n\t\t\t\t\t\t\t<div class=\"rt-img-holder tpg-el-image-wrap has-thumbnail\">\n\t\t\t\t\t<a data-id=\"355635\" href=\"https:\/\/www.ing.uc.cl\/industrial-y-sistemas\/2026\/03\/13\/domingo-araya-se-adjudico-beca-de-magister-nacional-2026\/\" class=\"tpg-post-link\" target=\"_self\">                        <img loading=\"lazy\" decoding=\"async\" src=\"https:\/\/www.ing.uc.cl\/industrial-y-sistemas\/wp-content\/uploads\/2026\/03\/COLUMNA-3-768x437.png\"\n                             class=\"rt-img-responsive\"\n                             width=\"768\"\n                             height=\"437\"\n                             alt=\"Domingo Araya se adjudic\u00f3 Beca de Mag\u00edster Nacional 2026\">\n                        \n                            \n        <\/a>\n                <div class=\"overlay grid-hover-content\"><\/div>\n        \t\t\t\t<\/div>\n\t\t\t\n\t\t\t<div class=\"grid-hover-content\">\n\t\t\t\t<div class=\"entry-title-wrapper\"><h3 class=\"entry-title\"><a data-id=\"355635\" href=\"https:\/\/www.ing.uc.cl\/industrial-y-sistemas\/2026\/03\/13\/domingo-araya-se-adjudico-beca-de-magister-nacional-2026\/\" class=\"tpg-post-link\" target=\"_self\">Domingo Araya se adjudic\u00f3 Beca de Mag\u00edster Nacional 2026<\/a><\/h3><\/div>\n\t\t\t\t\t\t\t\t\t<div class=\"post-meta-tags rt-el-post-meta\">\n\t\t\t\t\t\t            <span class='date'>\n\t\t\t\t<i class='far fa-calendar-alt '><\/i>                                    <a href=\"https:\/\/www.ing.uc.cl\/industrial-y-sistemas\/2026\/03\/13\/\">\n\t\t\t\t\t13 Marzo 2026\t\t\t\t<\/a>\n                \t\t\t<\/span>\n            \t\t\t\t\t<\/div>\n\t\t\t\t\n\t\t\t\t\t\t\t\t\t<div class=\"tpg-excerpt tpg-el-excerpt\">\n\t\t\t\t\t\t\t\t\t\t\t\t\t<div class=\"tpg-excerpt-inner\">\n\t\t\t\t\t\t\t\tDomingo Araya se adjudic\u00f3 la Beca de Mag\u00edster Nacional 2026, otorgada por la Agencia Nacional de...\t\t\t\t\t\t\t<\/div>\n\t\t\t\t\t\t\t\t\t\t\t\t\t\t\t\t\t<\/div>\n\t\t\t\t\n\t\t\t\t        <div class=\"post-footer\">\n            <div class=\"post-footer\">\n                <div class=\"read-more\">\n                    <a data-id=\"355635\" href=\"https:\/\/www.ing.uc.cl\/industrial-y-sistemas\/2026\/03\/13\/domingo-araya-se-adjudico-beca-de-magister-nacional-2026\/\" class=\"tpg-post-link\" target=\"_self\">Leer m\u00e1s<\/a>                <\/div>\n            <\/div>\n        <\/div>\n        \t\t\t<\/div>\n\t\t<\/div>\n\t<\/div>\n<\/div>\n\n<div class=\"rt-col-md-4 rt-col-sm-6 rt-col-xs-12 default rt-grid-hover-item rt-grid-item\" data-id=\"355632\">\n\t<div class=\"rt-holder tpg-post-holder \">\n\t\t<div class=\"rt-detail rt-el-content-wrapper\">\n\t\t\t\t\t\t\t<div class=\"rt-img-holder tpg-el-image-wrap has-thumbnail\">\n\t\t\t\t\t<a data-id=\"355632\" href=\"https:\/\/www.ing.uc.cl\/industrial-y-sistemas\/2026\/03\/10\/enzo-sauma-desarrollara-propuesta-para-mejorar-la-institucionalidad-del-sector-electrico-en-chile\/\" class=\"tpg-post-link\" target=\"_self\">                        <img loading=\"lazy\" decoding=\"async\" src=\"https:\/\/www.ing.uc.cl\/industrial-y-sistemas\/wp-content\/uploads\/2026\/03\/fotos-web-92-768x512.png\"\n                             class=\"rt-img-responsive\"\n                             width=\"768\"\n                             height=\"512\"\n                             alt=\"Enzo Sauma desarrollar\u00e1 propuesta para mejorar la institucionalidad del sector el\u00e9ctrico en Chile\">\n                        \n                            \n        <\/a>\n                <div class=\"overlay grid-hover-content\"><\/div>\n        \t\t\t\t<\/div>\n\t\t\t\n\t\t\t<div class=\"grid-hover-content\">\n\t\t\t\t<div class=\"entry-title-wrapper\"><h3 class=\"entry-title\"><a data-id=\"355632\" href=\"https:\/\/www.ing.uc.cl\/industrial-y-sistemas\/2026\/03\/10\/enzo-sauma-desarrollara-propuesta-para-mejorar-la-institucionalidad-del-sector-electrico-en-chile\/\" class=\"tpg-post-link\" target=\"_self\">Enzo Sauma desarrollar\u00e1 propuesta para mejorar la institucionalidad del sector el\u00e9ctrico en Chile<\/a><\/h3><\/div>\n\t\t\t\t\t\t\t\t\t<div class=\"post-meta-tags rt-el-post-meta\">\n\t\t\t\t\t\t            <span class='date'>\n\t\t\t\t<i class='far fa-calendar-alt '><\/i>                                    <a href=\"https:\/\/www.ing.uc.cl\/industrial-y-sistemas\/2026\/03\/10\/\">\n\t\t\t\t\t10 Marzo 2026\t\t\t\t<\/a>\n                \t\t\t<\/span>\n            \t\t\t\t\t<\/div>\n\t\t\t\t\n\t\t\t\t\t\t\t\t\t<div class=\"tpg-excerpt tpg-el-excerpt\">\n\t\t\t\t\t\t\t\t\t\t\t\t\t<div class=\"tpg-excerpt-inner\">\n\t\t\t\t\t\t\t\tEl Centro de Pol\u00edticas P\u00fablicas UC dio a conocer a los equipos interdisciplinarios que desarrollar\u00e1n...\t\t\t\t\t\t\t<\/div>\n\t\t\t\t\t\t\t\t\t\t\t\t\t\t\t\t\t<\/div>\n\t\t\t\t\n\t\t\t\t        <div class=\"post-footer\">\n            <div class=\"post-footer\">\n                <div class=\"read-more\">\n                    <a data-id=\"355632\" href=\"https:\/\/www.ing.uc.cl\/industrial-y-sistemas\/2026\/03\/10\/enzo-sauma-desarrollara-propuesta-para-mejorar-la-institucionalidad-del-sector-electrico-en-chile\/\" class=\"tpg-post-link\" target=\"_self\">Leer m\u00e1s<\/a>                <\/div>\n            <\/div>\n        <\/div>\n        \t\t\t<\/div>\n\t\t<\/div>\n\t<\/div>\n<\/div>\n\n<div class=\"rt-col-md-4 rt-col-sm-6 rt-col-xs-12 default rt-grid-hover-item rt-grid-item\" data-id=\"355628\">\n\t<div class=\"rt-holder tpg-post-holder \">\n\t\t<div class=\"rt-detail rt-el-content-wrapper\">\n\t\t\t\t\t\t\t<div class=\"rt-img-holder tpg-el-image-wrap has-thumbnail\">\n\t\t\t\t\t<a data-id=\"355628\" href=\"https:\/\/www.ing.uc.cl\/industrial-y-sistemas\/2026\/03\/10\/fernanda-ramirez-impulsara-propuesta-para-disminuir-la-segregacion-escolar-a-partir-del-sistema-de-admision-escolar\/\" class=\"tpg-post-link\" target=\"_self\">                        <img loading=\"lazy\" decoding=\"async\" src=\"https:\/\/www.ing.uc.cl\/industrial-y-sistemas\/wp-content\/uploads\/2026\/03\/fotos-web-91-768x512.png\"\n                             class=\"rt-img-responsive\"\n                             width=\"768\"\n                             height=\"512\"\n                             alt=\"Fernanda Ram\u00edrez impulsar\u00e1 propuesta para disminuir la segregaci\u00f3n escolar a partir del Sistema de Admisi\u00f3n Escolar\">\n                        \n                            \n        <\/a>\n                <div class=\"overlay grid-hover-content\"><\/div>\n        \t\t\t\t<\/div>\n\t\t\t\n\t\t\t<div class=\"grid-hover-content\">\n\t\t\t\t<div class=\"entry-title-wrapper\"><h3 class=\"entry-title\"><a data-id=\"355628\" href=\"https:\/\/www.ing.uc.cl\/industrial-y-sistemas\/2026\/03\/10\/fernanda-ramirez-impulsara-propuesta-para-disminuir-la-segregacion-escolar-a-partir-del-sistema-de-admision-escolar\/\" class=\"tpg-post-link\" target=\"_self\">Fernanda Ram\u00edrez impulsar\u00e1 propuesta para disminuir la segregaci\u00f3n escolar a partir del Sistema de Admisi\u00f3n Escolar<\/a><\/h3><\/div>\n\t\t\t\t\t\t\t\t\t<div class=\"post-meta-tags rt-el-post-meta\">\n\t\t\t\t\t\t            <span class='date'>\n\t\t\t\t<i class='far fa-calendar-alt '><\/i>                                    <a href=\"https:\/\/www.ing.uc.cl\/industrial-y-sistemas\/2026\/03\/10\/\">\n\t\t\t\t\t10 Marzo 2026\t\t\t\t<\/a>\n                \t\t\t<\/span>\n            \t\t\t\t\t<\/div>\n\t\t\t\t\n\t\t\t\t\t\t\t\t\t<div class=\"tpg-excerpt tpg-el-excerpt\">\n\t\t\t\t\t\t\t\t\t\t\t\t\t<div class=\"tpg-excerpt-inner\">\n\t\t\t\t\t\t\t\tEn el marco del XIX Concurso de Pol\u00edticas P\u00fablicas, el Centro de Pol\u00edticas P\u00fablicas UC dio a conocer...\t\t\t\t\t\t\t<\/div>\n\t\t\t\t\t\t\t\t\t\t\t\t\t\t\t\t\t<\/div>\n\t\t\t\t\n\t\t\t\t        <div class=\"post-footer\">\n            <div class=\"post-footer\">\n                <div class=\"read-more\">\n                    <a data-id=\"355628\" href=\"https:\/\/www.ing.uc.cl\/industrial-y-sistemas\/2026\/03\/10\/fernanda-ramirez-impulsara-propuesta-para-disminuir-la-segregacion-escolar-a-partir-del-sistema-de-admision-escolar\/\" class=\"tpg-post-link\" target=\"_self\">Leer m\u00e1s<\/a>                <\/div>\n            <\/div>\n        <\/div>\n        \t\t\t<\/div>\n\t\t<\/div>\n\t<\/div>\n<\/div>\n\n<div class=\"rt-col-md-4 rt-col-sm-6 rt-col-xs-12 default rt-grid-hover-item rt-grid-item\" data-id=\"355619\">\n\t<div class=\"rt-holder tpg-post-holder \">\n\t\t<div class=\"rt-detail rt-el-content-wrapper\">\n\t\t\t\t\t\t\t<div class=\"rt-img-holder tpg-el-image-wrap has-thumbnail\">\n\t\t\t\t\t<a data-id=\"355619\" href=\"https:\/\/www.ing.uc.cl\/industrial-y-sistemas\/2026\/02\/12\/estudiante-uc-obtiene-mencion-honrosa-en-el-mip-workshop-south-america-2025-por-investigacion-en-variante-del-tsp\/\" class=\"tpg-post-link\" target=\"_self\">                        <img loading=\"lazy\" decoding=\"async\" src=\"https:\/\/www.ing.uc.cl\/industrial-y-sistemas\/wp-content\/uploads\/2026\/02\/COLUMNA-2-768x437.png\"\n                             class=\"rt-img-responsive\"\n                             width=\"768\"\n                             height=\"437\"\n                             alt=\"Domingo Araya, estudiante UC, destaca con menci\u00f3n honrosa en el MIP 2025 por su investigaci\u00f3n sobre el close-enough TSP y sus nuevas formulaciones.\">\n                        \n                            \n        <\/a>\n                <div class=\"overlay grid-hover-content\"><\/div>\n        \t\t\t\t<\/div>\n\t\t\t\n\t\t\t<div class=\"grid-hover-content\">\n\t\t\t\t<div class=\"entry-title-wrapper\"><h3 class=\"entry-title\"><a data-id=\"355619\" href=\"https:\/\/www.ing.uc.cl\/industrial-y-sistemas\/2026\/02\/12\/estudiante-uc-obtiene-mencion-honrosa-en-el-mip-workshop-south-america-2025-por-investigacion-en-variante-del-tsp\/\" class=\"tpg-post-link\" target=\"_self\">Estudiante UC obtiene menci\u00f3n honrosa en el MIP Workshop South America 2025 por investigaci\u00f3n en variante del TSP<\/a><\/h3><\/div>\n\t\t\t\t\t\t\t\t\t<div class=\"post-meta-tags rt-el-post-meta\">\n\t\t\t\t\t\t            <span class='date'>\n\t\t\t\t<i class='far fa-calendar-alt '><\/i>                                    <a href=\"https:\/\/www.ing.uc.cl\/industrial-y-sistemas\/2026\/02\/12\/\">\n\t\t\t\t\t12 Febrero 2026\t\t\t\t<\/a>\n                \t\t\t<\/span>\n            \t\t\t\t\t<\/div>\n\t\t\t\t\n\t\t\t\t\t\t\t\t\t<div class=\"tpg-excerpt tpg-el-excerpt\">\n\t\t\t\t\t\t\t\t\t\t\t\t\t<div class=\"tpg-excerpt-inner\">\n\t\t\t\t\t\t\t\tEn la \u00faltima edici\u00f3n del Mixed Integer Programming (MIP) Workshop South America 2025, realizada en...\t\t\t\t\t\t\t<\/div>\n\t\t\t\t\t\t\t\t\t\t\t\t\t\t\t\t\t<\/div>\n\t\t\t\t\n\t\t\t\t        <div class=\"post-footer\">\n            <div class=\"post-footer\">\n                <div class=\"read-more\">\n                    <a data-id=\"355619\" href=\"https:\/\/www.ing.uc.cl\/industrial-y-sistemas\/2026\/02\/12\/estudiante-uc-obtiene-mencion-honrosa-en-el-mip-workshop-south-america-2025-por-investigacion-en-variante-del-tsp\/\" class=\"tpg-post-link\" target=\"_self\">Leer m\u00e1s<\/a>                <\/div>\n            <\/div>\n        <\/div>\n        \t\t\t<\/div>\n\t\t<\/div>\n\t<\/div>\n<\/div>\n\n<div class=\"rt-col-md-4 rt-col-sm-6 rt-col-xs-12 default rt-grid-hover-item rt-grid-item\" data-id=\"355613\">\n\t<div class=\"rt-holder tpg-post-holder \">\n\t\t<div class=\"rt-detail rt-el-content-wrapper\">\n\t\t\t\t\t\t\t<div class=\"rt-img-holder tpg-el-image-wrap has-thumbnail\">\n\t\t\t\t\t<a data-id=\"355613\" href=\"https:\/\/www.ing.uc.cl\/industrial-y-sistemas\/2026\/01\/26\/margarita-castro-se-adjudica-fondecyt-regular-2026\/\" class=\"tpg-post-link\" target=\"_self\">                        <img loading=\"lazy\" decoding=\"async\" src=\"https:\/\/www.ing.uc.cl\/industrial-y-sistemas\/wp-content\/uploads\/2026\/01\/IMG_7087-768x512.jpg\"\n                             class=\"rt-img-responsive\"\n                             width=\"768\"\n                             height=\"512\"\n                             alt=\"Margarita Castro en su oficina, profundizando sobre su FONDECYT Regular 2026\">\n                        \n                            \n        <\/a>\n                <div class=\"overlay grid-hover-content\"><\/div>\n        \t\t\t\t<\/div>\n\t\t\t\n\t\t\t<div class=\"grid-hover-content\">\n\t\t\t\t<div class=\"entry-title-wrapper\"><h3 class=\"entry-title\"><a data-id=\"355613\" href=\"https:\/\/www.ing.uc.cl\/industrial-y-sistemas\/2026\/01\/26\/margarita-castro-se-adjudica-fondecyt-regular-2026\/\" class=\"tpg-post-link\" target=\"_self\">Margarita Castro se adjudica FONDECYT Regular 2026<\/a><\/h3><\/div>\n\t\t\t\t\t\t\t\t\t<div class=\"post-meta-tags rt-el-post-meta\">\n\t\t\t\t\t\t            <span class='date'>\n\t\t\t\t<i class='far fa-calendar-alt '><\/i>                                    <a href=\"https:\/\/www.ing.uc.cl\/industrial-y-sistemas\/2026\/01\/26\/\">\n\t\t\t\t\t26 Enero 2026\t\t\t\t<\/a>\n                \t\t\t<\/span>\n            \t\t\t\t\t<\/div>\n\t\t\t\t\n\t\t\t\t\t\t\t\t\t<div class=\"tpg-excerpt tpg-el-excerpt\">\n\t\t\t\t\t\t\t\t\t\t\t\t\t<div class=\"tpg-excerpt-inner\">\n\t\t\t\t\t\t\t\tEl pasado viernes 23 de enero, la Agencia Nacional de Investigaci\u00f3n y Desarrollo (ANID), dio a...\t\t\t\t\t\t\t<\/div>\n\t\t\t\t\t\t\t\t\t\t\t\t\t\t\t\t\t<\/div>\n\t\t\t\t\n\t\t\t\t        <div class=\"post-footer\">\n            <div class=\"post-footer\">\n                <div class=\"read-more\">\n                    <a data-id=\"355613\" href=\"https:\/\/www.ing.uc.cl\/industrial-y-sistemas\/2026\/01\/26\/margarita-castro-se-adjudica-fondecyt-regular-2026\/\" class=\"tpg-post-link\" target=\"_self\">Leer m\u00e1s<\/a>                <\/div>\n            <\/div>\n        <\/div>\n        \t\t\t<\/div>\n\t\t<\/div>\n\t<\/div>\n<\/div>\n            <\/div>\n\n\t\t\t<div class='rt-pagination-wrap' data-total-pages='28' data-posts-per-page='10' data-type='pagination'><div class=\"rt-pagination\"><ul class=\"pagination-list\"><li class=\"active\"><span>1<\/span><\/li><li><a data-paged='2' href='https:\/\/www.ing.uc.cl\/industrial-y-sistemas\/wp-json\/wp\/v2\/pages\/355501\/page\/2\/'>2<\/a><\/li><li><a data-paged='3' href='https:\/\/www.ing.uc.cl\/industrial-y-sistemas\/wp-json\/wp\/v2\/pages\/355501\/page\/3\/'>3<\/a><\/li><li><a data-paged='4' href='https:\/\/www.ing.uc.cl\/industrial-y-sistemas\/wp-json\/wp\/v2\/pages\/355501\/page\/4\/'>4<\/a><\/li><li><a data-paged='5' href='https:\/\/www.ing.uc.cl\/industrial-y-sistemas\/wp-json\/wp\/v2\/pages\/355501\/page\/5\/'>5<\/a><\/li><li><a data-paged='2' href=\"https:\/\/www.ing.uc.cl\/industrial-y-sistemas\/wp-json\/wp\/v2\/pages\/355501\/page\/2\/\" aria-label='Next'>&rsaquo;<\/a><\/li><li><a data-paged='28' href='https:\/\/www.ing.uc.cl\/industrial-y-sistemas\/wp-json\/wp\/v2\/pages\/355501\/page\/28\/' aria-label='Last'>&raquo;<\/a><\/li><\/ul><\/div><\/div>        <\/div>\n\t\t\t\t\t\t<\/div>\n\t\t\t\t<\/div>\n\t\t\t\t\t<\/div>\n\t\t<\/div>\n\t\t\t\t\t<\/div>\n\t\t<\/section>\n\t\t\t\t<\/div>\n\t\t","protected":false},"excerpt":{"rendered":"<p>Noticias Escuela de Ingenier\u00eda UC realiza estudio sobre innovaci\u00f3n y emprendimiento en la empleabilidad de sus exalumnos\/as 3 Julio 2025 La Escuela de Ingenier\u00eda UC ha puesto en marcha un estudio integral enfocado en el an\u00e1lisis de la&#8230; Leer m\u00e1s Patricio Dom\u00ednguez se adjudica FONDECYT Regular para estudiar la percepci\u00f3n del crimen 10 Junio 2025 FONDECYT Regular 2025\u00a0 Patricio Dom\u00ednguez, profesor de la Escuela de Ingenier\u00eda UC, se adjudic\u00f3 el&#8230; Leer m\u00e1s Nicol\u00e1s Casassus destaca en la INFORMS Computing Society Conference 22 Mayo 2025 En marzo pasado, Nicol\u00e1s Casassus present\u00f3 su investigaci\u00f3n titulada \u201cUn enfoque basado en diagramas&#8230; Leer m\u00e1s Tom\u00e1s Reyes se adjudica FONDECYT Regular para estudiar la influencia de la presentaci\u00f3n del riesgo en decisiones de inversi\u00f3n 22 Mayo 2025 El destacado profesor de la Escuela de Ingenier\u00eda UC y director del Departamento de Ingenier\u00eda&#8230; Leer m\u00e1s Beca de Mag\u00edster Nacional 2025: Pablo Sep\u00falveda entre los seleccionados 3 Abril 2025 Pablo Sep\u00falveda, alumno del Mag\u00edster en Ciencias de la Ingenier\u00eda de la UC, es uno de los&#8230; Leer m\u00e1s Beca de Mag\u00edster Nacional 2025: Francisco Tamar\u00edn entre los seleccionados 27 Marzo 2025 Francisco Tamar\u00edn, alumno del Mag\u00edster en Ciencias de la Ingenier\u00eda de la UC, es uno de los&#8230; Leer m\u00e1s Mathias Klapp se adjudica el FONDECYT Regular 2025 21 Marzo 2025 Mathias Klapp estudiar\u00e1 la integraci\u00f3n de las operaciones log\u00edsticas de primera y \u00faltima milla&#8230; Leer m\u00e1s Julio Pertuz\u00e9 y estudiantes de ING2030 visitan dependencias de Ita\u00fa en Brasil 19 Marzo 2025 El profesor Julio Pertuz\u00e9 y los estudiantes de ING2030 visitaron el hub de innovaci\u00f3n&#8230; Leer m\u00e1s Alejandro Mac Cawley se adjudic\u00f3 FONDECYT Regular 2025 para aportar en la producci\u00f3n de vino 14 Marzo 2025 Alejandro Mac Cawley se adjudic\u00f3 Fondecyt Regular 2025 para aportar en la producci\u00f3n de vino&#8230; Leer m\u00e1s 1 2 3 4 5 \u203a \u00bb<\/p>\n","protected":false},"author":4,"featured_media":0,"parent":0,"menu_order":0,"comment_status":"closed","ping_status":"closed","template":"","meta":{"site-sidebar-layout":"no-sidebar","site-content-layout":"page-builder","ast-site-content-layout":"full-width-container","site-content-style":"default","site-sidebar-style":"default","ast-global-header-display":"","ast-banner-title-visibility":"","ast-main-header-display":"","ast-hfb-above-header-display":"","ast-hfb-below-header-display":"","ast-hfb-mobile-header-display":"","site-post-title":"disabled","ast-breadcrumbs-content":"","ast-featured-img":"disabled","footer-sml-layout":"","ast-disable-related-posts":"","theme-transparent-header-meta":"default","adv-header-id-meta":"","stick-header-meta":"","header-above-stick-meta":"","header-main-stick-meta":"","header-below-stick-meta":"","astra-migrate-meta-layouts":"set","ast-page-background-enabled":"default","ast-page-background-meta":{"desktop":{"background-color":"","background-image":"","background-repeat":"repeat","background-position":"center center","background-size":"auto","background-attachment":"scroll","background-type":"","background-media":"","overlay-type":"","overlay-color":"","overlay-opacity":"","overlay-gradient":""},"tablet":{"background-color":"","background-image":"","background-repeat":"repeat","background-position":"center center","background-size":"auto","background-attachment":"scroll","background-type":"","background-media":"","overlay-type":"","overlay-color":"","overlay-opacity":"","overlay-gradient":""},"mobile":{"background-color":"","background-image":"","background-repeat":"repeat","background-position":"center center","background-size":"auto","background-attachment":"scroll","background-type":"","background-media":"","overlay-type":"","overlay-color":"","overlay-opacity":"","overlay-gradient":""}},"ast-content-background-meta":{"desktop":{"background-color":"var(--ast-global-color-5)","background-image":"","background-repeat":"repeat","background-position":"center center","background-size":"auto","background-attachment":"scroll","background-type":"","background-media":"","overlay-type":"","overlay-color":"","overlay-opacity":"","overlay-gradient":""},"tablet":{"background-color":"var(--ast-global-color-5)","background-image":"","background-repeat":"repeat","background-position":"center center","background-size":"auto","background-attachment":"scroll","background-type":"","background-media":"","overlay-type":"","overlay-color":"","overlay-opacity":"","overlay-gradient":""},"mobile":{"background-color":"var(--ast-global-color-5)","background-image":"","background-repeat":"repeat","background-position":"center center","background-size":"auto","background-attachment":"scroll","background-type":"","background-media":"","overlay-type":"","overlay-color":"","overlay-opacity":"","overlay-gradient":""}},"footnotes":""},"class_list":["post-355501","page","type-page","status-publish","hentry"],"yoast_head":"<!-- This site is optimized with the Yoast SEO plugin v26.9 - https:\/\/yoast.com\/product\/yoast-seo-wordpress\/ -->\n<title>Noticias - Departamento de Ingenier\u00eda Industrial y de Sistemas<\/title>\n<meta name=\"robots\" content=\"index, follow, max-snippet:-1, max-image-preview:large, max-video-preview:-1\" \/>\n<link rel=\"canonical\" href=\"https:\/\/www.ing.uc.cl\/industrial-y-sistemas\/noticias\/\" \/>\n<meta property=\"og:locale\" content=\"es_ES\" \/>\n<meta property=\"og:type\" content=\"article\" \/>\n<meta property=\"og:title\" content=\"Noticias - Departamento de Ingenier\u00eda Industrial y de Sistemas\" \/>\n<meta property=\"og:description\" content=\"Noticias Escuela de Ingenier\u00eda UC realiza estudio sobre innovaci\u00f3n y emprendimiento en la empleabilidad de sus exalumnos\/as 3 Julio 2025 La Escuela de Ingenier\u00eda UC ha puesto en marcha un estudio integral enfocado en el an\u00e1lisis de la&#8230; Leer m\u00e1s Patricio Dom\u00ednguez se adjudica FONDECYT Regular para estudiar la percepci\u00f3n del crimen 10 Junio 2025 FONDECYT Regular 2025\u00a0 Patricio Dom\u00ednguez, profesor de la Escuela de Ingenier\u00eda UC, se adjudic\u00f3 el&#8230; Leer m\u00e1s Nicol\u00e1s Casassus destaca en la INFORMS Computing Society Conference 22 Mayo 2025 En marzo pasado, Nicol\u00e1s Casassus present\u00f3 su investigaci\u00f3n titulada \u201cUn enfoque basado en diagramas&#8230; Leer m\u00e1s Tom\u00e1s Reyes se adjudica FONDECYT Regular para estudiar la influencia de la presentaci\u00f3n del riesgo en decisiones de inversi\u00f3n 22 Mayo 2025 El destacado profesor de la Escuela de Ingenier\u00eda UC y director del Departamento de Ingenier\u00eda&#8230; Leer m\u00e1s Beca de Mag\u00edster Nacional 2025: Pablo Sep\u00falveda entre los seleccionados 3 Abril 2025 Pablo Sep\u00falveda, alumno del Mag\u00edster en Ciencias de la Ingenier\u00eda de la UC, es uno de los&#8230; Leer m\u00e1s Beca de Mag\u00edster Nacional 2025: Francisco Tamar\u00edn entre los seleccionados 27 Marzo 2025 Francisco Tamar\u00edn, alumno del Mag\u00edster en Ciencias de la Ingenier\u00eda de la UC, es uno de los&#8230; Leer m\u00e1s Mathias Klapp se adjudica el FONDECYT Regular 2025 21 Marzo 2025 Mathias Klapp estudiar\u00e1 la integraci\u00f3n de las operaciones log\u00edsticas de primera y \u00faltima milla&#8230; Leer m\u00e1s Julio Pertuz\u00e9 y estudiantes de ING2030 visitan dependencias de Ita\u00fa en Brasil 19 Marzo 2025 El profesor Julio Pertuz\u00e9 y los estudiantes de ING2030 visitaron el hub de innovaci\u00f3n&#8230; Leer m\u00e1s Alejandro Mac Cawley se adjudic\u00f3 FONDECYT Regular 2025 para aportar en la producci\u00f3n de vino 14 Marzo 2025 Alejandro Mac Cawley se adjudic\u00f3 Fondecyt Regular 2025 para aportar en la producci\u00f3n de vino&#8230; Leer m\u00e1s 1 2 3 4 5 \u203a \u00bb\" \/>\n<meta property=\"og:url\" content=\"https:\/\/www.ing.uc.cl\/industrial-y-sistemas\/noticias\/\" \/>\n<meta property=\"og:site_name\" content=\"Departamento de Ingenier\u00eda Industrial y de Sistemas\" \/>\n<meta property=\"article:modified_time\" content=\"2025-08-21T20:37:52+00:00\" \/>\n<meta property=\"og:image\" content=\"https:\/\/www.ing.uc.cl\/industrial-y-sistemas\/wp-content\/uploads\/2025\/07\/IMG_1688-768x512.jpg\" \/>\n<meta name=\"twitter:card\" content=\"summary_large_image\" \/>\n<meta name=\"twitter:label1\" content=\"Tiempo estimado de lectura\" \/>\n\t<meta name=\"twitter:data1\" content=\"4 minutos\" \/>\n<script type=\"application\/ld+json\" class=\"yoast-schema-graph\">{\"@context\":\"https:\/\/schema.org\",\"@graph\":[{\"@type\":\"WebPage\",\"@id\":\"https:\/\/www.ing.uc.cl\/industrial-y-sistemas\/noticias\/\",\"url\":\"https:\/\/www.ing.uc.cl\/industrial-y-sistemas\/noticias\/\",\"name\":\"Noticias - Departamento de Ingenier\u00eda Industrial y de Sistemas\",\"isPartOf\":{\"@id\":\"https:\/\/www.ing.uc.cl\/industrial-y-sistemas\/#website\"},\"primaryImageOfPage\":{\"@id\":\"https:\/\/www.ing.uc.cl\/industrial-y-sistemas\/noticias\/#primaryimage\"},\"image\":{\"@id\":\"https:\/\/www.ing.uc.cl\/industrial-y-sistemas\/noticias\/#primaryimage\"},\"thumbnailUrl\":\"https:\/\/www.ing.uc.cl\/industrial-y-sistemas\/wp-content\/uploads\/2025\/07\/IMG_1688-768x512.jpg\",\"datePublished\":\"2025-08-21T20:35:41+00:00\",\"dateModified\":\"2025-08-21T20:37:52+00:00\",\"breadcrumb\":{\"@id\":\"https:\/\/www.ing.uc.cl\/industrial-y-sistemas\/noticias\/#breadcrumb\"},\"inLanguage\":\"es-CL\",\"potentialAction\":[{\"@type\":\"ReadAction\",\"target\":[\"https:\/\/www.ing.uc.cl\/industrial-y-sistemas\/noticias\/\"]}]},{\"@type\":\"ImageObject\",\"inLanguage\":\"es-CL\",\"@id\":\"https:\/\/www.ing.uc.cl\/industrial-y-sistemas\/noticias\/#primaryimage\",\"url\":\"https:\/\/www.ing.uc.cl\/industrial-y-sistemas\/wp-content\/uploads\/2025\/07\/IMG_1688-scaled.jpg\",\"contentUrl\":\"https:\/\/www.ing.uc.cl\/industrial-y-sistemas\/wp-content\/uploads\/2025\/07\/IMG_1688-scaled.jpg\",\"width\":2560,\"height\":1707,\"caption\":\"Descubre el estudio de la Escuela de Ingenier\u00eda UC sobre innovaci\u00f3n y emprendimiento, que analiza el impacto de sus programas en la empleabilidad de exalumnos y exalumnas. Participa en la encuesta y contribuye al desarrollo profesional y curricular. \u00a1Incluye sorteo de becas UC Online!\"},{\"@type\":\"BreadcrumbList\",\"@id\":\"https:\/\/www.ing.uc.cl\/industrial-y-sistemas\/noticias\/#breadcrumb\",\"itemListElement\":[{\"@type\":\"ListItem\",\"position\":1,\"name\":\"Portada\",\"item\":\"https:\/\/www.ing.uc.cl\/industrial-y-sistemas\/\"},{\"@type\":\"ListItem\",\"position\":2,\"name\":\"Noticias\"}]},{\"@type\":\"WebSite\",\"@id\":\"https:\/\/www.ing.uc.cl\/industrial-y-sistemas\/#website\",\"url\":\"https:\/\/www.ing.uc.cl\/industrial-y-sistemas\/\",\"name\":\"Departamento de Ingenier\u00eda Industrial y de Sistemas\",\"description\":\"Escuela de Ingenier\u00eda\",\"publisher\":{\"@id\":\"https:\/\/www.ing.uc.cl\/industrial-y-sistemas\/#organization\"},\"potentialAction\":[{\"@type\":\"SearchAction\",\"target\":{\"@type\":\"EntryPoint\",\"urlTemplate\":\"https:\/\/www.ing.uc.cl\/industrial-y-sistemas\/?s={search_term_string}\"},\"query-input\":{\"@type\":\"PropertyValueSpecification\",\"valueRequired\":true,\"valueName\":\"search_term_string\"}}],\"inLanguage\":\"es-CL\"},{\"@type\":\"Organization\",\"@id\":\"https:\/\/www.ing.uc.cl\/industrial-y-sistemas\/#organization\",\"name\":\"Departamento de Ingenier\u00eda Industrial y de Sistemas\",\"url\":\"https:\/\/www.ing.uc.cl\/industrial-y-sistemas\/\",\"logo\":{\"@type\":\"ImageObject\",\"inLanguage\":\"es-CL\",\"@id\":\"https:\/\/www.ing.uc.cl\/industrial-y-sistemas\/#\/schema\/logo\/image\/\",\"url\":\"https:\/\/www.ing.uc.cl\/industrial-y-sistemas\/wp-content\/uploads\/2023\/11\/cropped-UC-P2727-01.png\",\"contentUrl\":\"https:\/\/www.ing.uc.cl\/industrial-y-sistemas\/wp-content\/uploads\/2023\/11\/cropped-UC-P2727-01.png\",\"width\":307,\"height\":414,\"caption\":\"Departamento de Ingenier\u00eda Industrial y de Sistemas\"},\"image\":{\"@id\":\"https:\/\/www.ing.uc.cl\/industrial-y-sistemas\/#\/schema\/logo\/image\/\"}}]}<\/script>\n<!-- \/ Yoast SEO plugin. -->","yoast_head_json":{"title":"Noticias - Departamento de Ingenier\u00eda Industrial y de Sistemas","robots":{"index":"index","follow":"follow","max-snippet":"max-snippet:-1","max-image-preview":"max-image-preview:large","max-video-preview":"max-video-preview:-1"},"canonical":"https:\/\/www.ing.uc.cl\/industrial-y-sistemas\/noticias\/","og_locale":"es_ES","og_type":"article","og_title":"Noticias - Departamento de Ingenier\u00eda Industrial y de Sistemas","og_description":"Noticias Escuela de Ingenier\u00eda UC realiza estudio sobre innovaci\u00f3n y emprendimiento en la empleabilidad de sus exalumnos\/as 3 Julio 2025 La Escuela de Ingenier\u00eda UC ha puesto en marcha un estudio integral enfocado en el an\u00e1lisis de la&#8230; Leer m\u00e1s Patricio Dom\u00ednguez se adjudica FONDECYT Regular para estudiar la percepci\u00f3n del crimen 10 Junio 2025 FONDECYT Regular 2025\u00a0 Patricio Dom\u00ednguez, profesor de la Escuela de Ingenier\u00eda UC, se adjudic\u00f3 el&#8230; Leer m\u00e1s Nicol\u00e1s Casassus destaca en la INFORMS Computing Society Conference 22 Mayo 2025 En marzo pasado, Nicol\u00e1s Casassus present\u00f3 su investigaci\u00f3n titulada \u201cUn enfoque basado en diagramas&#8230; Leer m\u00e1s Tom\u00e1s Reyes se adjudica FONDECYT Regular para estudiar la influencia de la presentaci\u00f3n del riesgo en decisiones de inversi\u00f3n 22 Mayo 2025 El destacado profesor de la Escuela de Ingenier\u00eda UC y director del Departamento de Ingenier\u00eda&#8230; Leer m\u00e1s Beca de Mag\u00edster Nacional 2025: Pablo Sep\u00falveda entre los seleccionados 3 Abril 2025 Pablo Sep\u00falveda, alumno del Mag\u00edster en Ciencias de la Ingenier\u00eda de la UC, es uno de los&#8230; Leer m\u00e1s Beca de Mag\u00edster Nacional 2025: Francisco Tamar\u00edn entre los seleccionados 27 Marzo 2025 Francisco Tamar\u00edn, alumno del Mag\u00edster en Ciencias de la Ingenier\u00eda de la UC, es uno de los&#8230; Leer m\u00e1s Mathias Klapp se adjudica el FONDECYT Regular 2025 21 Marzo 2025 Mathias Klapp estudiar\u00e1 la integraci\u00f3n de las operaciones log\u00edsticas de primera y \u00faltima milla&#8230; Leer m\u00e1s Julio Pertuz\u00e9 y estudiantes de ING2030 visitan dependencias de Ita\u00fa en Brasil 19 Marzo 2025 El profesor Julio Pertuz\u00e9 y los estudiantes de ING2030 visitaron el hub de innovaci\u00f3n&#8230; Leer m\u00e1s Alejandro Mac Cawley se adjudic\u00f3 FONDECYT Regular 2025 para aportar en la producci\u00f3n de vino 14 Marzo 2025 Alejandro Mac Cawley se adjudic\u00f3 Fondecyt Regular 2025 para aportar en la producci\u00f3n de vino&#8230; Leer m\u00e1s 1 2 3 4 5 \u203a \u00bb","og_url":"https:\/\/www.ing.uc.cl\/industrial-y-sistemas\/noticias\/","og_site_name":"Departamento de Ingenier\u00eda Industrial y de Sistemas","article_modified_time":"2025-08-21T20:37:52+00:00","og_image":[{"url":"https:\/\/www.ing.uc.cl\/industrial-y-sistemas\/wp-content\/uploads\/2025\/07\/IMG_1688-768x512.jpg","type":"","width":"","height":""}],"twitter_card":"summary_large_image","twitter_misc":{"Tiempo estimado de lectura":"4 minutos"},"schema":{"@context":"https:\/\/schema.org","@graph":[{"@type":"WebPage","@id":"https:\/\/www.ing.uc.cl\/industrial-y-sistemas\/noticias\/","url":"https:\/\/www.ing.uc.cl\/industrial-y-sistemas\/noticias\/","name":"Noticias - Departamento de Ingenier\u00eda Industrial y de Sistemas","isPartOf":{"@id":"https:\/\/www.ing.uc.cl\/industrial-y-sistemas\/#website"},"primaryImageOfPage":{"@id":"https:\/\/www.ing.uc.cl\/industrial-y-sistemas\/noticias\/#primaryimage"},"image":{"@id":"https:\/\/www.ing.uc.cl\/industrial-y-sistemas\/noticias\/#primaryimage"},"thumbnailUrl":"https:\/\/www.ing.uc.cl\/industrial-y-sistemas\/wp-content\/uploads\/2025\/07\/IMG_1688-768x512.jpg","datePublished":"2025-08-21T20:35:41+00:00","dateModified":"2025-08-21T20:37:52+00:00","breadcrumb":{"@id":"https:\/\/www.ing.uc.cl\/industrial-y-sistemas\/noticias\/#breadcrumb"},"inLanguage":"es-CL","potentialAction":[{"@type":"ReadAction","target":["https:\/\/www.ing.uc.cl\/industrial-y-sistemas\/noticias\/"]}]},{"@type":"ImageObject","inLanguage":"es-CL","@id":"https:\/\/www.ing.uc.cl\/industrial-y-sistemas\/noticias\/#primaryimage","url":"https:\/\/www.ing.uc.cl\/industrial-y-sistemas\/wp-content\/uploads\/2025\/07\/IMG_1688-scaled.jpg","contentUrl":"https:\/\/www.ing.uc.cl\/industrial-y-sistemas\/wp-content\/uploads\/2025\/07\/IMG_1688-scaled.jpg","width":2560,"height":1707,"caption":"Descubre el estudio de la Escuela de Ingenier\u00eda UC sobre innovaci\u00f3n y emprendimiento, que analiza el impacto de sus programas en la empleabilidad de exalumnos y exalumnas. Participa en la encuesta y contribuye al desarrollo profesional y curricular. \u00a1Incluye sorteo de becas UC Online!"},{"@type":"BreadcrumbList","@id":"https:\/\/www.ing.uc.cl\/industrial-y-sistemas\/noticias\/#breadcrumb","itemListElement":[{"@type":"ListItem","position":1,"name":"Portada","item":"https:\/\/www.ing.uc.cl\/industrial-y-sistemas\/"},{"@type":"ListItem","position":2,"name":"Noticias"}]},{"@type":"WebSite","@id":"https:\/\/www.ing.uc.cl\/industrial-y-sistemas\/#website","url":"https:\/\/www.ing.uc.cl\/industrial-y-sistemas\/","name":"Departamento de Ingenier\u00eda Industrial y de Sistemas","description":"Escuela de Ingenier\u00eda","publisher":{"@id":"https:\/\/www.ing.uc.cl\/industrial-y-sistemas\/#organization"},"potentialAction":[{"@type":"SearchAction","target":{"@type":"EntryPoint","urlTemplate":"https:\/\/www.ing.uc.cl\/industrial-y-sistemas\/?s={search_term_string}"},"query-input":{"@type":"PropertyValueSpecification","valueRequired":true,"valueName":"search_term_string"}}],"inLanguage":"es-CL"},{"@type":"Organization","@id":"https:\/\/www.ing.uc.cl\/industrial-y-sistemas\/#organization","name":"Departamento de Ingenier\u00eda Industrial y de Sistemas","url":"https:\/\/www.ing.uc.cl\/industrial-y-sistemas\/","logo":{"@type":"ImageObject","inLanguage":"es-CL","@id":"https:\/\/www.ing.uc.cl\/industrial-y-sistemas\/#\/schema\/logo\/image\/","url":"https:\/\/www.ing.uc.cl\/industrial-y-sistemas\/wp-content\/uploads\/2023\/11\/cropped-UC-P2727-01.png","contentUrl":"https:\/\/www.ing.uc.cl\/industrial-y-sistemas\/wp-content\/uploads\/2023\/11\/cropped-UC-P2727-01.png","width":307,"height":414,"caption":"Departamento de Ingenier\u00eda Industrial y de Sistemas"},"image":{"@id":"https:\/\/www.ing.uc.cl\/industrial-y-sistemas\/#\/schema\/logo\/image\/"}}]}},"rttpg_featured_image_url":null,"rttpg_author":{"display_name":"Francisco H","author_link":"https:\/\/www.ing.uc.cl\/industrial-y-sistemas\/author\/fherreros\/"},"rttpg_comment":0,"rttpg_category":"","rttpg_excerpt":"Noticias Escuela de Ingenier\u00eda UC realiza estudio sobre innovaci\u00f3n y emprendimiento en la empleabilidad de sus exalumnos\/as 3 Julio 2025 La Escuela de Ingenier\u00eda UC ha puesto en marcha un estudio integral enfocado en el an\u00e1lisis de la&#8230; Leer m\u00e1s Patricio Dom\u00ednguez se adjudica FONDECYT Regular para estudiar la percepci\u00f3n del crimen 10 Junio 2025&hellip;","_links":{"self":[{"href":"https:\/\/www.ing.uc.cl\/industrial-y-sistemas\/wp-json\/wp\/v2\/pages\/355501","targetHints":{"allow":["GET"]}}],"collection":[{"href":"https:\/\/www.ing.uc.cl\/industrial-y-sistemas\/wp-json\/wp\/v2\/pages"}],"about":[{"href":"https:\/\/www.ing.uc.cl\/industrial-y-sistemas\/wp-json\/wp\/v2\/types\/page"}],"author":[{"embeddable":true,"href":"https:\/\/www.ing.uc.cl\/industrial-y-sistemas\/wp-json\/wp\/v2\/users\/4"}],"replies":[{"embeddable":true,"href":"https:\/\/www.ing.uc.cl\/industrial-y-sistemas\/wp-json\/wp\/v2\/comments?post=355501"}],"version-history":[{"count":8,"href":"https:\/\/www.ing.uc.cl\/industrial-y-sistemas\/wp-json\/wp\/v2\/pages\/355501\/revisions"}],"predecessor-version":[{"id":355509,"href":"https:\/\/www.ing.uc.cl\/industrial-y-sistemas\/wp-json\/wp\/v2\/pages\/355501\/revisions\/355509"}],"wp:attachment":[{"href":"https:\/\/www.ing.uc.cl\/industrial-y-sistemas\/wp-json\/wp\/v2\/media?parent=355501"}],"curies":[{"name":"wp","href":"https:\/\/api.w.org\/{rel}","templated":true}]}}