{"id":1642,"date":"2023-07-05T12:28:05","date_gmt":"2023-07-05T15:28:05","guid":{"rendered":"https:\/\/www.ing.uc.cl\/transporte-y-logistica\/?page_id=1642"},"modified":"2025-04-04T11:48:37","modified_gmt":"2025-04-04T14:48:37","slug":"resena-directores","status":"publish","type":"page","link":"https:\/\/www.ing.uc.cl\/transporte-y-logistica\/departamento\/resena-directores\/","title":{"rendered":"Rese\u00f1a Directores"},"content":{"rendered":"\t\t<div data-elementor-type=\"wp-page\" data-elementor-id=\"1642\" class=\"elementor elementor-1642\">\n\t\t\t\t\t\t<section class=\"elementor-section elementor-top-section elementor-element elementor-element-a19bba2 elementor-section-boxed elementor-section-height-default elementor-section-height-default\" data-id=\"a19bba2\" data-element_type=\"section\" data-e-type=\"section\">\n\t\t\t\t\t\t<div class=\"elementor-container elementor-column-gap-default\">\n\t\t\t\t\t<div class=\"elementor-column elementor-col-100 elementor-top-column elementor-element elementor-element-fe0adc7\" data-id=\"fe0adc7\" data-element_type=\"column\" data-e-type=\"column\">\n\t\t\t<div class=\"elementor-widget-wrap elementor-element-populated\">\n\t\t\t\t\t\t<div class=\"elementor-element elementor-element-bb9cb16 elementor-widget elementor-widget-eael-adv-accordion\" data-id=\"bb9cb16\" data-element_type=\"widget\" data-e-type=\"widget\" data-widget_type=\"eael-adv-accordion.default\">\n\t\t\t\t<div class=\"elementor-widget-container\">\n\t\t\t\t\t            <div class=\"eael-adv-accordion\" id=\"eael-adv-accordion-bb9cb16\" data-scroll-on-click=\"no\" data-scroll-speed=\"300\" data-accordion-id=\"bb9cb16\" data-accordion-type=\"accordion\" data-toogle-speed=\"300\">\n            <div class=\"eael-accordion-list\">\n\t\t\t\t\t<div id=\"felipe-delgado\" class=\"elementor-tab-title eael-accordion-header active-default\" tabindex=\"0\" data-tab=\"1\" aria-controls=\"elementor-tab-content-1961\"><span class=\"eael-advanced-accordion-icon-closed\"><i aria-hidden=\"true\" class=\"fa-accordion-icon fas fa-plus\"><\/i><\/span><span class=\"eael-advanced-accordion-icon-opened\"><i aria-hidden=\"true\" class=\"fa-accordion-icon fas fa-minus\"><\/i><\/span><span class=\"eael-accordion-tab-title\">Felipe Delgado<\/span><i aria-hidden=\"true\" class=\"fa-toggle fas fa-angle-right\"><\/i><\/div><div id=\"elementor-tab-content-1961\" class=\"eael-accordion-content clearfix active-default\" data-tab=\"1\" aria-labelledby=\"felipe-delgado\"><table style=\"border-collapse: collapse;width: 100%\"><tbody><tr class=\"odd\"><td style=\"width: 19.9778%\"><p style=\"text-align: center\"><strong>Felipe Delgado<\/strong><\/p><p><img decoding=\"async\" class=\"aligncenter wp-image-8665\" src=\"https:\/\/www.ing.uc.cl\/transporte-y-logistica\/wp-content\/uploads\/2024\/07\/Felipe-Delgado-scaled-e1721827878476.jpg\" sizes=\"(max-width: 100px) 100vw, 100px\" srcset=\"https:\/\/www.ing.uc.cl\/transporte-y-logistica\/wp-content\/uploads\/2024\/07\/Felipe-Delgado-scaled-e1721827878476.jpg 683w, https:\/\/www.ing.uc.cl\/transporte-y-logistica\/wp-content\/uploads\/2024\/07\/Felipe-Delgado-scaled-e1721827878476.jpg 200w, https:\/\/www.ing.uc.cl\/transporte-y-logistica\/wp-content\/uploads\/2024\/07\/Felipe-Delgado-scaled-e1721827878476.jpg 768w, https:\/\/www.ing.uc.cl\/transporte-y-logistica\/wp-content\/uploads\/2024\/07\/Felipe-Delgado-scaled-e1721827878476.jpg 800w\" alt=\"\" width=\"100\" height=\"150\" \/><\/p><\/td><td style=\"width: 70%\"><p><strong>Per\u00edodo<\/strong>: 2024 &#8211; 2026<\/p><p><span style=\"font-weight: 400\">Es profesor asociado del Departamento. Realiz\u00f3 sus estudios de pregrado y Doctorado en Ciencias de la Ingenier\u00eda en nuestra casa de estudios. Sus l\u00edneas de investigaci\u00f3n son <\/span>Operaci\u00f3n de Sistemas de Transporte, Transporte A\u00e9reo y Transporte P\u00fablico. <span style=\"font-weight: 400\">Fue parte del Directorio de la Sociedad Chilena de Ingenier\u00eda de Transporte (Sochitran) entre los a\u00f1os 2017 y 2019.<\/span><\/p><\/td><\/tr><\/tbody><\/table><\/div>\n\t\t\t\t\t<\/div><div class=\"eael-accordion-list\">\n\t\t\t\t\t<div id=\"juan-carlos-herrera\" class=\"elementor-tab-title eael-accordion-header\" tabindex=\"0\" data-tab=\"2\" aria-controls=\"elementor-tab-content-1962\"><span class=\"eael-advanced-accordion-icon-closed\"><i aria-hidden=\"true\" class=\"fa-accordion-icon fas fa-plus\"><\/i><\/span><span class=\"eael-advanced-accordion-icon-opened\"><i aria-hidden=\"true\" class=\"fa-accordion-icon fas fa-minus\"><\/i><\/span><span class=\"eael-accordion-tab-title\">Juan Carlos Herrera<\/span><i aria-hidden=\"true\" class=\"fa-toggle fas fa-angle-right\"><\/i><\/div><div id=\"elementor-tab-content-1962\" class=\"eael-accordion-content clearfix\" data-tab=\"2\" aria-labelledby=\"juan-carlos-herrera\"><table style=\"border-collapse: collapse;width: 100%\"><tbody><tr class=\"odd\"><td style=\"width: 19.9778%\"><p style=\"text-align: center\"><strong>Juan Carlos Herrera<\/strong><\/p><p><img decoding=\"async\" class=\"aligncenter wp-image-8665\" src=\"https:\/\/www.ing.uc.cl\/transporte-y-logistica\/wp-content\/uploads\/2020\/06\/juan-carlos-herrera-683x1024.jpg\" sizes=\"(max-width: 100px) 100vw, 100px\" srcset=\"https:\/\/www.ing.uc.cl\/transporte-y-logistica\/wp-content\/uploads\/2020\/06\/juan-carlos-herrera-683x1024.jpg 683w, https:\/\/www.ing.uc.cl\/transporte-y-logistica\/wp-content\/uploads\/2020\/06\/juan-carlos-herrera-200x300.jpg 200w, https:\/\/www.ing.uc.cl\/transporte-y-logistica\/wp-content\/uploads\/2020\/06\/juan-carlos-herrera-768x1152.jpg 768w, https:\/\/www.ing.uc.cl\/transporte-y-logistica\/wp-content\/uploads\/2020\/06\/juan-carlos-herrera.jpg 800w\" alt=\"\" width=\"100\" height=\"150\" \/><\/p><\/td><td style=\"width: 70%\"><p><strong>Per\u00edodo<\/strong>: 2018 \u2013 2020 | 2020 \u2013 2022<\/p><p><span style=\"font-weight: 400\">Es profesor asociado del Departamento. Realiz\u00f3 sus estudios de pregrado y Mag\u00edster en Ciencias de la Ingenier\u00eda en nuestra casa de estudios. Luego, realiz\u00f3 un MSc y un PhD en la <em>University of California<\/em>. Sus l\u00edneas de investigaci\u00f3n son Teor\u00eda, Control y Simulaci\u00f3n de tr\u00e1fico, Uso de Sensores y Estimaci\u00f3n de Estados de Tr\u00e1fico y Sistemas de Transporte Inteligente (ITS). Fue Presidente de la Sociedad Chilena de Ingenier\u00eda de Transporte (Sochitran) entre los a\u00f1os 2017 y 2019 y form\u00f3 parte del Directorio de Metro de Santiago entre los a\u00f1os 2018 y 2021. Actualmente es Presidente del Directorio de DICTUC.<\/span><\/p><\/td><\/tr><\/tbody><\/table><\/div>\n\t\t\t\t\t<\/div><div class=\"eael-accordion-list\">\n\t\t\t\t\t<div id=\"ricardo-giesen\" class=\"elementor-tab-title eael-accordion-header\" tabindex=\"0\" data-tab=\"3\" aria-controls=\"elementor-tab-content-1963\"><span class=\"eael-advanced-accordion-icon-closed\"><i aria-hidden=\"true\" class=\"fa-accordion-icon fas fa-plus\"><\/i><\/span><span class=\"eael-advanced-accordion-icon-opened\"><i aria-hidden=\"true\" class=\"fa-accordion-icon fas fa-minus\"><\/i><\/span><span class=\"eael-accordion-tab-title\">Ricardo Giesen<\/span><i aria-hidden=\"true\" class=\"fa-toggle fas fa-angle-right\"><\/i><\/div><div id=\"elementor-tab-content-1963\" class=\"eael-accordion-content clearfix\" data-tab=\"3\" aria-labelledby=\"ricardo-giesen\"><table style=\"border-collapse: collapse;width: 100%\"><tbody><tr class=\"even\"><td style=\"width: 19.9778%\"><p style=\"text-align: center\"><strong>Ricardo Giesen<\/strong><\/p><p><img decoding=\"async\" class=\"aligncenter wp-image-8660\" src=\"https:\/\/www.ing.uc.cl\/transporte-y-logistica\/wp-content\/uploads\/2020\/06\/ricardo-giesen.jpg\" sizes=\"(max-width: 100px) 100vw, 100px\" srcset=\"https:\/\/www.ing.uc.cl\/transporte-y-logistica\/wp-content\/uploads\/2020\/06\/ricardo-giesen.jpg 400w, https:\/\/www.ing.uc.cl\/transporte-y-logistica\/wp-content\/uploads\/2020\/06\/ricardo-giesen-200x300.jpg 200w\" alt=\"\" width=\"100\" height=\"150\" \/><\/p><\/td><td style=\"width: 70%\"><p><strong>Per\u00edodo<\/strong>: 2016 \u2013 2018 | 2022 \u2013 2024<\/p><p><span style=\"font-weight: 400\">Es profesor asociado del Departamento. Realiz\u00f3 sus estudios de pregrado y Mag\u00edster en Ciencias de la Ingenier\u00eda en nuestra casa de estudios. Luego, realiz\u00f3 un PhD en Sistemas de Transporte en la <em>University of Maryland<\/em>. Se ha especializado en Operaci\u00f3n de Sistemas de Transporte y Log\u00edstica, Optimizaci\u00f3n y Dise\u00f1o de Sistemas de Distribuci\u00f3n, con \u00e9nfasis en Ruteo de Veh\u00edculos, Control de Inventarios, y Aplicaciones de Sistemas Inteligentes de Transporte en la Operaci\u00f3n de Flotas. Es co-fundador de las consultoras Routing, Transit y E-Trans, y actualmente es director del Centro BRT+ y forma parte del Directorio de EFE Central.<\/span><\/p><\/td><\/tr><\/tbody><\/table><\/div>\n\t\t\t\t\t<\/div><div class=\"eael-accordion-list\">\n\t\t\t\t\t<div id=\"juan-carlos-muoz\" class=\"elementor-tab-title eael-accordion-header\" tabindex=\"0\" data-tab=\"4\" aria-controls=\"elementor-tab-content-1964\"><span class=\"eael-advanced-accordion-icon-closed\"><i aria-hidden=\"true\" class=\"fa-accordion-icon fas fa-plus\"><\/i><\/span><span class=\"eael-advanced-accordion-icon-opened\"><i aria-hidden=\"true\" class=\"fa-accordion-icon fas fa-minus\"><\/i><\/span><span class=\"eael-accordion-tab-title\">Juan Carlos Mu\u00f1oz<\/span><i aria-hidden=\"true\" class=\"fa-toggle fas fa-angle-right\"><\/i><\/div><div id=\"elementor-tab-content-1964\" class=\"eael-accordion-content clearfix\" data-tab=\"4\" aria-labelledby=\"juan-carlos-muoz\"><table style=\"border-collapse: collapse;width: 100%\"><tbody><tr class=\"even\"><td style=\"width: 19.9778%\"><p style=\"text-align: center\"><strong>Juan Carlos Mu\u00f1oz<\/strong><\/p><p><img loading=\"lazy\" decoding=\"async\" class=\"aligncenter wp-image-8663\" src=\"https:\/\/www.ing.uc.cl\/transporte-y-logistica\/wp-content\/uploads\/2020\/06\/1u7pgs5r_400x400-1.jpg\" sizes=\"(max-width: 100px) 100vw, 100px\" srcset=\"https:\/\/www.ing.uc.cl\/transporte-y-logistica\/wp-content\/uploads\/2020\/06\/1u7pgs5r_400x400-1.jpg 269w, https:\/\/www.ing.uc.cl\/transporte-y-logistica\/wp-content\/uploads\/2020\/06\/1u7pgs5r_400x400-1-202x300.jpg 202w\" alt=\"\" width=\"100\" height=\"149\" \/><\/p><\/td><td style=\"width: 70%\"><p><strong>Per\u00edodo<\/strong>: 2013 \u2013 2015<\/p><p><span style=\"font-weight: 400\">Es profesor titular del Departamento. Realiz\u00f3 sus estudios de pregrado y Mag\u00edster en Ciencias de la ingenier\u00eda en nuestra escuela, luego estudi\u00f3 en la <em>University of California<\/em> donde recibi\u00f3 el MSc en Ingenier\u00eda Industrial e Investigaci\u00f3n Operativa y el PhD en Ingenier\u00eda Civil. Sus \u00e1reas de investigaci\u00f3n son Transporte P\u00fablico, Redes de Transporte, Tr\u00e1fico y Log\u00edstica. Fue Director de Centro BRT+,\u00a0 del Centro de Desarrollo Urbano Sustentable (CEDEUS) y de la C\u00e1tedra de Sustentabilidad UC. Actualmente es Ministro de Transportes y Telecomunicaciones de Chile.<\/span><\/p><\/td><\/tr><\/tbody><\/table><\/div>\n\t\t\t\t\t<\/div><div class=\"eael-accordion-list\">\n\t\t\t\t\t<div id=\"rodrigo-garrido\" class=\"elementor-tab-title eael-accordion-header\" tabindex=\"0\" data-tab=\"5\" aria-controls=\"elementor-tab-content-1965\"><span class=\"eael-advanced-accordion-icon-closed\"><i aria-hidden=\"true\" class=\"fa-accordion-icon fas fa-plus\"><\/i><\/span><span class=\"eael-advanced-accordion-icon-opened\"><i aria-hidden=\"true\" class=\"fa-accordion-icon fas fa-minus\"><\/i><\/span><span class=\"eael-accordion-tab-title\">Rodrigo Garrido<\/span><i aria-hidden=\"true\" class=\"fa-toggle fas fa-angle-right\"><\/i><\/div><div id=\"elementor-tab-content-1965\" class=\"eael-accordion-content clearfix\" data-tab=\"5\" aria-labelledby=\"rodrigo-garrido\"><table style=\"border-collapse: collapse;width: 100%\"><tbody><tr class=\"odd\"><td style=\"width: 19.9778%\"><p style=\"text-align: center\"><strong>Rodrigo Garrido<\/strong><\/p><p><img loading=\"lazy\" decoding=\"async\" class=\"aligncenter wp-image-8764\" src=\"https:\/\/www.ing.uc.cl\/transporte-y-logistica\/wp-content\/uploads\/2020\/07\/foto_0000000120170331164831-1.jpg\" alt=\"\" width=\"100\" height=\"150\" \/><\/p><\/td><td style=\"width: 70%\"><p><strong>Per\u00edodo<\/strong>: 2002 \u2013 2005<\/p><p><span style=\"font-weight: 400\">Fue profesor asociado del Departamento desde 1992 hasta 2009. Realiz\u00f3 sus estudios de pregrado y Mag\u00edster en Ciencias de la Ingenier\u00eda en nuestra escuela, luego obtuvo un PhD en Ingenier\u00eda Civil de la <em>University of Texas<\/em>.<\/span><\/p><\/td><\/tr><\/tbody><\/table><\/div>\n\t\t\t\t\t<\/div><div class=\"eael-accordion-list\">\n\t\t\t\t\t<div id=\"juan-enrique-coeymans\" class=\"elementor-tab-title eael-accordion-header\" tabindex=\"0\" data-tab=\"6\" aria-controls=\"elementor-tab-content-1966\"><span class=\"eael-advanced-accordion-icon-closed\"><i aria-hidden=\"true\" class=\"fa-accordion-icon fas fa-plus\"><\/i><\/span><span class=\"eael-advanced-accordion-icon-opened\"><i aria-hidden=\"true\" class=\"fa-accordion-icon fas fa-minus\"><\/i><\/span><span class=\"eael-accordion-tab-title\">Juan Enrique Coeymans<\/span><i aria-hidden=\"true\" class=\"fa-toggle fas fa-angle-right\"><\/i><\/div><div id=\"elementor-tab-content-1966\" class=\"eael-accordion-content clearfix\" data-tab=\"6\" aria-labelledby=\"juan-enrique-coeymans\"><table style=\"border-collapse: collapse;width: 100%\"><tbody><tr class=\"even\"><td style=\"width: 19.9778%\"><p style=\"text-align: center\"><strong>Juan Enrique Coeymans<\/strong><\/p><p><img loading=\"lazy\" decoding=\"async\" class=\"aligncenter wp-image-8661\" src=\"https:\/\/www.ing.uc.cl\/transporte-y-logistica\/wp-content\/uploads\/2020\/07\/juan-e-coeymans.jpg\" alt=\"\" width=\"100\" height=\"150\" \/><\/p><\/td><td style=\"width: 70%\"><p><strong>Per\u00edodos<\/strong>: <span style=\"font-weight: 400\">1987 \u2013 1988 | 1989 \u2013 1990 | 1998 \u2013 2001 | 2010 \u2013 2013<\/span><\/p><p><span style=\"font-weight: 400\">Se retira del Departamento el a\u00f1o 2021. Realiz\u00f3 sus estudios de pregrado en nuestra escuela, y posee un MSc y un PhD en la <em>University of Southampton<\/em>. Sus l\u00edneas de investigaci\u00f3n son Modelos y Simulaci\u00f3n de Tr\u00e1fico, Teor\u00eda de Filas de Espera y Dise\u00f1o Vial Urbano. Adem\u00e1s, entre los a\u00f1os 1992 y 1998 fue Decano de nuestra Escuela de Ingenier\u00eda.\u00a0 <\/span><\/p><\/td><\/tr><\/tbody><\/table><\/div>\n\t\t\t\t\t<\/div><div class=\"eael-accordion-list\">\n\t\t\t\t\t<div id=\"joaqun-de-cea\" class=\"elementor-tab-title eael-accordion-header\" tabindex=\"0\" data-tab=\"7\" aria-controls=\"elementor-tab-content-1967\"><span class=\"eael-advanced-accordion-icon-closed\"><i aria-hidden=\"true\" class=\"fa-accordion-icon fas fa-plus\"><\/i><\/span><span class=\"eael-advanced-accordion-icon-opened\"><i aria-hidden=\"true\" class=\"fa-accordion-icon fas fa-minus\"><\/i><\/span><span class=\"eael-accordion-tab-title\">Joaqu\u00edn de Cea<\/span><i aria-hidden=\"true\" class=\"fa-toggle fas fa-angle-right\"><\/i><\/div><div id=\"elementor-tab-content-1967\" class=\"eael-accordion-content clearfix\" data-tab=\"7\" aria-labelledby=\"joaqun-de-cea\"><table style=\"border-collapse: collapse;width: 100%\">\n<tbody>\n\n<tr class=\"even\">\n<td style=\"width: 19.9778%\">\n<p style=\"text-align: center\"><strong>Joaqu\u00edn de Cea<\/strong><\/p>\n<p><a href=\"https:\/\/www.ing.uc.cl\/transporte-y-logistica\/wp-content\/uploads\/2021\/07\/jdc-1.jpg\"><img loading=\"lazy\" decoding=\"async\" class=\"wp-image-9304 aligncenter\" src=\"https:\/\/www.ing.uc.cl\/transporte-y-logistica\/wp-content\/uploads\/2021\/07\/jdc-1-222x300.jpg\" alt=\"\" width=\"110\" height=\"149\" srcset=\"https:\/\/www.ing.uc.cl\/transporte-y-logistica\/wp-content\/uploads\/2021\/07\/jdc-1-222x300.jpg 222w, https:\/\/www.ing.uc.cl\/transporte-y-logistica\/wp-content\/uploads\/2021\/07\/jdc-1-759x1024.jpg 759w, https:\/\/www.ing.uc.cl\/transporte-y-logistica\/wp-content\/uploads\/2021\/07\/jdc-1-768x1036.jpg 768w, https:\/\/www.ing.uc.cl\/transporte-y-logistica\/wp-content\/uploads\/2021\/07\/jdc-1.jpg 1032w\" sizes=\"(max-width: 110px) 100vw, 110px\"><\/a><\/p><\/td>\n<td style=\"width: 70%\"><strong>Per\u00edodo<\/strong>: 1977 \u2013 1979<p><\/p>\n<p>&nbsp;<\/p>\n<p><span style=\"font-weight: 400\">Llega en 1975 al Departamento y se queda hasta mediados de 1996. Realiz\u00f3 sus estudios de pregrado en la Escuela de Ingenier\u00eda. Posee un MSc en la <em>University of Leeds<\/em>&nbsp;y un PhD en la <em>Universit\u00e9 de Montr\u00e9al<\/em>. Adem\u00e1s, es socio fundador de la consultora Fern\u00e1ndez &amp; de Cea Ingenieros Ltda.<\/span><\/p><\/td>\n<\/tr>\n<\/tbody>\n<\/table><\/div>\n\t\t\t\t\t<\/div><div class=\"eael-accordion-list\">\n\t\t\t\t\t<div id=\"juan-de-dios-ortzar\" class=\"elementor-tab-title eael-accordion-header\" tabindex=\"0\" data-tab=\"8\" aria-controls=\"elementor-tab-content-1968\"><span class=\"eael-advanced-accordion-icon-closed\"><i aria-hidden=\"true\" class=\"fa-accordion-icon fas fa-plus\"><\/i><\/span><span class=\"eael-advanced-accordion-icon-opened\"><i aria-hidden=\"true\" class=\"fa-accordion-icon fas fa-minus\"><\/i><\/span><span class=\"eael-accordion-tab-title\">Juan de Dios Ort\u00fazar<\/span><i aria-hidden=\"true\" class=\"fa-toggle fas fa-angle-right\"><\/i><\/div><div id=\"elementor-tab-content-1968\" class=\"eael-accordion-content clearfix\" data-tab=\"8\" aria-labelledby=\"juan-de-dios-ortzar\"><table style=\"border-collapse: collapse;width: 100%\"><tbody><tr class=\"odd\"><td style=\"width: 19.9778%\"><p style=\"text-align: center\"><strong>Juan de Dios Ort\u00fazar<\/strong><\/p><p><img loading=\"lazy\" decoding=\"async\" class=\"aligncenter wp-image-8662\" src=\"https:\/\/www.ing.uc.cl\/transporte-y-logistica\/wp-content\/uploads\/2020\/07\/juan-de-dios-ortzar-scaled.jpg\" alt=\"\" width=\"100\" height=\"150\" \/><\/p><\/td><td style=\"width: 70%\"><p><strong>Per\u00edodos<\/strong>: <span style=\"font-weight: 400\">1976 \u2013 1977 | 1990 \u2013 1992 | 1994 \u2013 1996 | 1996 \u2013 1998 | 2005 \u2013 2007 | 2007 \u2013 2009<\/span><\/p><p><span style=\"font-weight: 400\">Se retira del Departamento el a\u00f1o 2023. Realiz\u00f3 sus estudios de pregrado en la Escuela de Ingenier\u00eda, y posee un MSc y un PhD en la <em>University of Leeds<\/em>. Es co-autor de \u201c<em>Modelling Transport\u201d<\/em> junto a Luis Willumsen, libro con m\u00e1s de 22 mil copias vendidas. Ha ganado diversos premios, los \u00faltimos e internacionales son: Doctor Honoris Causa de la Universidad de Cantabria, Espa\u00f1a (2018); <em>Life Achievement Award<\/em> de la Asociaci\u00f3n Internacional para la Investigaci\u00f3n del Comportamiento de Viajes (2012); y el <em>Humboldt Research Award<\/em> de la Fundaci\u00f3n Alexander von Humboldt (2010).\u00a0 <\/span><\/p><\/td><\/tr><\/tbody><\/table><\/div>\n\t\t\t\t\t<\/div><div class=\"eael-accordion-list\">\n\t\t\t\t\t<div id=\"jos-enrique-fernndez\" class=\"elementor-tab-title eael-accordion-header\" tabindex=\"0\" data-tab=\"9\" aria-controls=\"elementor-tab-content-1969\"><span class=\"eael-advanced-accordion-icon-closed\"><i aria-hidden=\"true\" class=\"fa-accordion-icon fas fa-plus\"><\/i><\/span><span class=\"eael-advanced-accordion-icon-opened\"><i aria-hidden=\"true\" class=\"fa-accordion-icon fas fa-minus\"><\/i><\/span><span class=\"eael-accordion-tab-title\">Jos\u00e9 Enrique Fern\u00e1ndez<\/span><i aria-hidden=\"true\" class=\"fa-toggle fas fa-angle-right\"><\/i><\/div><div id=\"elementor-tab-content-1969\" class=\"eael-accordion-content clearfix\" data-tab=\"9\" aria-labelledby=\"jos-enrique-fernndez\"><table style=\"border-collapse: collapse;width: 100%\"><tbody><tr class=\"odd\"><td style=\"width: 19.9778%\"><p style=\"text-align: center\"><strong>Jos\u00e9 Enrique Fern\u00e1ndez<\/strong><\/p><p><a href=\"https:\/\/www.ing.uc.cl\/transporte-y-logistica\/wp-content\/uploads\/2021\/07\/jef-1.png\"><img loading=\"lazy\" decoding=\"async\" class=\"wp-image-9302 aligncenter\" src=\"https:\/\/www.ing.uc.cl\/transporte-y-logistica\/wp-content\/uploads\/2021\/07\/jef-1-218x300.png\" sizes=\"(max-width: 105px) 100vw, 105px\" srcset=\"https:\/\/www.ing.uc.cl\/transporte-y-logistica\/wp-content\/uploads\/2021\/07\/jef-1-218x300.png 218w, https:\/\/www.ing.uc.cl\/transporte-y-logistica\/wp-content\/uploads\/2021\/07\/jef-1.png 284w\" alt=\"\" width=\"105\" height=\"145\" \/><\/a><\/p><\/td><td style=\"width: 70%\"><p><strong>Per\u00edodos<\/strong>: <span style=\"font-weight: 400\">1971 \u2013 1973 |1973 \u2013 1975 | 1980 \u2013 1982 |1982 \u2013 1984 | 1984 \u2013 1986 | 1992 \u2013 1993<\/span><\/p><p><span style=\"font-weight: 400\">Fue uno de los fundadores y primeros profesores de nuestro departamento junto a Luis Willumsen e hizo docencia hasta el a\u00f1o 2010. Jos\u00e9 Enrique obtuvo su pregrado en nuestra escuela, luego un MSc y un PhD en el <em>Massachusetts Institute of Technology<\/em> (MIT). Adem\u00e1s, es socio fundador de la consultora Fern\u00e1ndez &amp; de Cea Ingenieros Ltda.<\/span><\/p><\/td><\/tr><\/tbody><\/table><\/div>\n\t\t\t\t\t<\/div><div class=\"eael-accordion-list\">\n\t\t\t\t\t<div id=\"luis-willumsen\" class=\"elementor-tab-title eael-accordion-header\" tabindex=\"0\" data-tab=\"10\" aria-controls=\"elementor-tab-content-19610\"><span class=\"eael-advanced-accordion-icon-closed\"><i aria-hidden=\"true\" class=\"fa-accordion-icon fas fa-plus\"><\/i><\/span><span class=\"eael-advanced-accordion-icon-opened\"><i aria-hidden=\"true\" class=\"fa-accordion-icon fas fa-minus\"><\/i><\/span><span class=\"eael-accordion-tab-title\">Luis Willumsen<\/span><i aria-hidden=\"true\" class=\"fa-toggle fas fa-angle-right\"><\/i><\/div><div id=\"elementor-tab-content-19610\" class=\"eael-accordion-content clearfix\" data-tab=\"10\" aria-labelledby=\"luis-willumsen\"><table style=\"border-collapse: collapse;width: 100%\">\n<tbody>\n<tr class=\"even\">\n<td style=\"width: 19.9778%\">\n<p style=\"text-align: center\"><strong>Luis Willumsen<\/strong><\/p>\n<p><a href=\"https:\/\/www.ing.uc.cl\/transporte-y-logistica\/wp-content\/uploads\/2021\/07\/pilo.jpg\"><img loading=\"lazy\" decoding=\"async\" class=\"wp-image-9300 aligncenter\" src=\"https:\/\/www.ing.uc.cl\/transporte-y-logistica\/wp-content\/uploads\/2021\/07\/pilo.jpg\" alt=\"\" width=\"106\" height=\"159\"><\/a><\/p><\/td>\n<td style=\"width: 70%\"><strong>Per\u00edodo<\/strong>: 1969 \u2013 1971<p><\/p>\n<p>&nbsp;<\/p>\n<p><span style=\"font-weight: 400\">Fue uno de los fundadores y primeros profesores del Departamento junto a Jos\u00e9 Enrique Fern\u00e1ndez. En 1975 deja el DITL y se va a vivir a Gran Breta\u00f1a. Cuenta con m\u00e1s de 35 a\u00f1os de experiencia como consultor, planificador de transporte e investigador con una distinguida carrera acad\u00e9mica. Es una autoridad reconocida internacionalmente en Transporte y Modelos de Tr\u00e1fico. Junto al profesor Ort\u00fazar, es co-autor del libro \u201c<em>Modelling Transport<\/em>\u201d. Fue investigador y profesor en la <em>University of Leeds<\/em>, luego se desempe\u00f1\u00f3 en <em>University College London<\/em>. Tambi\u00e9n fue Director de Steer Davies Gleave. <\/span><\/p><\/td>\n<\/tr>\n\n<\/tbody>\n<\/table><\/div>\n\t\t\t\t\t<\/div><\/div>\t\t\t\t<\/div>\n\t\t\t\t<\/div>\n\t\t\t\t\t<\/div>\n\t\t<\/div>\n\t\t\t\t\t<\/div>\n\t\t<\/section>\n\t\t\t\t<\/div>\n\t\t","protected":false},"excerpt":{"rendered":"<p>Felipe Delgado Felipe Delgado Per\u00edodo: 2024 &#8211; 2026 Es profesor asociado del Departamento. Realiz\u00f3 sus estudios de pregrado y Doctorado en Ciencias de la Ingenier\u00eda en nuestra casa de estudios. Sus l\u00edneas de investigaci\u00f3n son Operaci\u00f3n de Sistemas de Transporte, Transporte A\u00e9reo y Transporte P\u00fablico. Fue parte del Directorio de la Sociedad Chilena de Ingenier\u00eda [&hellip;]<\/p>\n","protected":false},"author":3,"featured_media":0,"parent":2,"menu_order":4,"comment_status":"closed","ping_status":"closed","template":"","meta":{"_acf_changed":false,"footnotes":""},"class_list":["post-1642","page","type-page","status-publish","hentry","post"],"acf":[],"yoast_head":"<!-- This site is optimized with the Yoast SEO plugin v27.5 - https:\/\/yoast.com\/product\/yoast-seo-wordpress\/ -->\n<title>Rese\u00f1a Directores - Departamento de Ingenier\u00eda de Transporte y Log\u00edstica<\/title>\n<meta name=\"robots\" content=\"index, follow, max-snippet:-1, max-image-preview:large, max-video-preview:-1\" \/>\n<link rel=\"canonical\" href=\"https:\/\/www.ing.uc.cl\/transporte-y-logistica\/departamento\/resena-directores\/\" \/>\n<meta property=\"og:locale\" content=\"es_ES\" \/>\n<meta property=\"og:type\" content=\"article\" \/>\n<meta property=\"og:title\" content=\"Rese\u00f1a Directores - Departamento de Ingenier\u00eda de Transporte y Log\u00edstica\" \/>\n<meta property=\"og:description\" content=\"Felipe Delgado Felipe Delgado Per\u00edodo: 2024 &#8211; 2026 Es profesor asociado del Departamento. Realiz\u00f3 sus estudios de pregrado y Doctorado en Ciencias de la Ingenier\u00eda en nuestra casa de estudios. Sus l\u00edneas de investigaci\u00f3n son Operaci\u00f3n de Sistemas de Transporte, Transporte A\u00e9reo y Transporte P\u00fablico. Fue parte del Directorio de la Sociedad Chilena de Ingenier\u00eda [&hellip;]\" \/>\n<meta property=\"og:url\" content=\"https:\/\/www.ing.uc.cl\/transporte-y-logistica\/departamento\/resena-directores\/\" \/>\n<meta property=\"og:site_name\" content=\"Departamento de Ingenier\u00eda de Transporte y Log\u00edstica\" \/>\n<meta property=\"article:modified_time\" content=\"2025-04-04T14:48:37+00:00\" \/>\n<meta property=\"og:image\" content=\"https:\/\/www.ing.uc.cl\/transporte-y-logistica\/wp-content\/uploads\/2024\/07\/Felipe-Delgado-scaled-e1721827878476.jpg\" \/>\n<meta name=\"twitter:card\" content=\"summary_large_image\" \/>\n<meta name=\"twitter:label1\" content=\"Tiempo de lectura\" \/>\n\t<meta name=\"twitter:data1\" content=\"6 minutos\" \/>\n<script type=\"application\/ld+json\" class=\"yoast-schema-graph\">{\"@context\":\"https:\\\/\\\/schema.org\",\"@graph\":[{\"@type\":\"WebPage\",\"@id\":\"https:\\\/\\\/www.ing.uc.cl\\\/transporte-y-logistica\\\/departamento\\\/resena-directores\\\/\",\"url\":\"https:\\\/\\\/www.ing.uc.cl\\\/transporte-y-logistica\\\/departamento\\\/resena-directores\\\/\",\"name\":\"Rese\u00f1a Directores - Departamento de Ingenier\u00eda de Transporte y Log\u00edstica\",\"isPartOf\":{\"@id\":\"https:\\\/\\\/www.ing.uc.cl\\\/transporte-y-logistica\\\/#website\"},\"primaryImageOfPage\":{\"@id\":\"https:\\\/\\\/www.ing.uc.cl\\\/transporte-y-logistica\\\/departamento\\\/resena-directores\\\/#primaryimage\"},\"image\":{\"@id\":\"https:\\\/\\\/www.ing.uc.cl\\\/transporte-y-logistica\\\/departamento\\\/resena-directores\\\/#primaryimage\"},\"thumbnailUrl\":\"https:\\\/\\\/www.ing.uc.cl\\\/transporte-y-logistica\\\/wp-content\\\/uploads\\\/2024\\\/07\\\/Felipe-Delgado-scaled-e1721827878476.jpg\",\"datePublished\":\"2023-07-05T15:28:05+00:00\",\"dateModified\":\"2025-04-04T14:48:37+00:00\",\"breadcrumb\":{\"@id\":\"https:\\\/\\\/www.ing.uc.cl\\\/transporte-y-logistica\\\/departamento\\\/resena-directores\\\/#breadcrumb\"},\"inLanguage\":\"es\",\"potentialAction\":[{\"@type\":\"ReadAction\",\"target\":[\"https:\\\/\\\/www.ing.uc.cl\\\/transporte-y-logistica\\\/departamento\\\/resena-directores\\\/\"]}]},{\"@type\":\"ImageObject\",\"inLanguage\":\"es\",\"@id\":\"https:\\\/\\\/www.ing.uc.cl\\\/transporte-y-logistica\\\/departamento\\\/resena-directores\\\/#primaryimage\",\"url\":\"https:\\\/\\\/www.ing.uc.cl\\\/transporte-y-logistica\\\/wp-content\\\/uploads\\\/2024\\\/07\\\/Felipe-Delgado-scaled-e1721827878476.jpg\",\"contentUrl\":\"https:\\\/\\\/www.ing.uc.cl\\\/transporte-y-logistica\\\/wp-content\\\/uploads\\\/2024\\\/07\\\/Felipe-Delgado-scaled-e1721827878476.jpg\",\"width\":1557,\"height\":1685},{\"@type\":\"BreadcrumbList\",\"@id\":\"https:\\\/\\\/www.ing.uc.cl\\\/transporte-y-logistica\\\/departamento\\\/resena-directores\\\/#breadcrumb\",\"itemListElement\":[{\"@type\":\"ListItem\",\"position\":1,\"name\":\"Portada\",\"item\":\"https:\\\/\\\/www.ing.uc.cl\\\/transporte-y-logistica\\\/\"},{\"@type\":\"ListItem\",\"position\":2,\"name\":\"Departamento\",\"item\":\"https:\\\/\\\/www.ing.uc.cl\\\/transporte-y-logistica\\\/departamento\\\/\"},{\"@type\":\"ListItem\",\"position\":3,\"name\":\"Rese\u00f1a Directores\"}]},{\"@type\":\"WebSite\",\"@id\":\"https:\\\/\\\/www.ing.uc.cl\\\/transporte-y-logistica\\\/#website\",\"url\":\"https:\\\/\\\/www.ing.uc.cl\\\/transporte-y-logistica\\\/\",\"name\":\"Departamento de Ingenier\u00eda de Transporte y Log\u00edstica\",\"description\":\"DITL\",\"potentialAction\":[{\"@type\":\"SearchAction\",\"target\":{\"@type\":\"EntryPoint\",\"urlTemplate\":\"https:\\\/\\\/www.ing.uc.cl\\\/transporte-y-logistica\\\/?s={search_term_string}\"},\"query-input\":{\"@type\":\"PropertyValueSpecification\",\"valueRequired\":true,\"valueName\":\"search_term_string\"}}],\"inLanguage\":\"es\"}]}<\/script>\n<!-- \/ Yoast SEO plugin. -->","yoast_head_json":{"title":"Rese\u00f1a Directores - Departamento de Ingenier\u00eda de Transporte y Log\u00edstica","robots":{"index":"index","follow":"follow","max-snippet":"max-snippet:-1","max-image-preview":"max-image-preview:large","max-video-preview":"max-video-preview:-1"},"canonical":"https:\/\/www.ing.uc.cl\/transporte-y-logistica\/departamento\/resena-directores\/","og_locale":"es_ES","og_type":"article","og_title":"Rese\u00f1a Directores - Departamento de Ingenier\u00eda de Transporte y Log\u00edstica","og_description":"Felipe Delgado Felipe Delgado Per\u00edodo: 2024 &#8211; 2026 Es profesor asociado del Departamento. Realiz\u00f3 sus estudios de pregrado y Doctorado en Ciencias de la Ingenier\u00eda en nuestra casa de estudios. Sus l\u00edneas de investigaci\u00f3n son Operaci\u00f3n de Sistemas de Transporte, Transporte A\u00e9reo y Transporte P\u00fablico. Fue parte del Directorio de la Sociedad Chilena de Ingenier\u00eda [&hellip;]","og_url":"https:\/\/www.ing.uc.cl\/transporte-y-logistica\/departamento\/resena-directores\/","og_site_name":"Departamento de Ingenier\u00eda de Transporte y Log\u00edstica","article_modified_time":"2025-04-04T14:48:37+00:00","og_image":[{"url":"https:\/\/www.ing.uc.cl\/transporte-y-logistica\/wp-content\/uploads\/2024\/07\/Felipe-Delgado-scaled-e1721827878476.jpg","type":"","width":"","height":""}],"twitter_card":"summary_large_image","twitter_misc":{"Tiempo de lectura":"6 minutos"},"schema":{"@context":"https:\/\/schema.org","@graph":[{"@type":"WebPage","@id":"https:\/\/www.ing.uc.cl\/transporte-y-logistica\/departamento\/resena-directores\/","url":"https:\/\/www.ing.uc.cl\/transporte-y-logistica\/departamento\/resena-directores\/","name":"Rese\u00f1a Directores - Departamento de Ingenier\u00eda de Transporte y Log\u00edstica","isPartOf":{"@id":"https:\/\/www.ing.uc.cl\/transporte-y-logistica\/#website"},"primaryImageOfPage":{"@id":"https:\/\/www.ing.uc.cl\/transporte-y-logistica\/departamento\/resena-directores\/#primaryimage"},"image":{"@id":"https:\/\/www.ing.uc.cl\/transporte-y-logistica\/departamento\/resena-directores\/#primaryimage"},"thumbnailUrl":"https:\/\/www.ing.uc.cl\/transporte-y-logistica\/wp-content\/uploads\/2024\/07\/Felipe-Delgado-scaled-e1721827878476.jpg","datePublished":"2023-07-05T15:28:05+00:00","dateModified":"2025-04-04T14:48:37+00:00","breadcrumb":{"@id":"https:\/\/www.ing.uc.cl\/transporte-y-logistica\/departamento\/resena-directores\/#breadcrumb"},"inLanguage":"es","potentialAction":[{"@type":"ReadAction","target":["https:\/\/www.ing.uc.cl\/transporte-y-logistica\/departamento\/resena-directores\/"]}]},{"@type":"ImageObject","inLanguage":"es","@id":"https:\/\/www.ing.uc.cl\/transporte-y-logistica\/departamento\/resena-directores\/#primaryimage","url":"https:\/\/www.ing.uc.cl\/transporte-y-logistica\/wp-content\/uploads\/2024\/07\/Felipe-Delgado-scaled-e1721827878476.jpg","contentUrl":"https:\/\/www.ing.uc.cl\/transporte-y-logistica\/wp-content\/uploads\/2024\/07\/Felipe-Delgado-scaled-e1721827878476.jpg","width":1557,"height":1685},{"@type":"BreadcrumbList","@id":"https:\/\/www.ing.uc.cl\/transporte-y-logistica\/departamento\/resena-directores\/#breadcrumb","itemListElement":[{"@type":"ListItem","position":1,"name":"Portada","item":"https:\/\/www.ing.uc.cl\/transporte-y-logistica\/"},{"@type":"ListItem","position":2,"name":"Departamento","item":"https:\/\/www.ing.uc.cl\/transporte-y-logistica\/departamento\/"},{"@type":"ListItem","position":3,"name":"Rese\u00f1a Directores"}]},{"@type":"WebSite","@id":"https:\/\/www.ing.uc.cl\/transporte-y-logistica\/#website","url":"https:\/\/www.ing.uc.cl\/transporte-y-logistica\/","name":"Departamento de Ingenier\u00eda de Transporte y Log\u00edstica","description":"DITL","potentialAction":[{"@type":"SearchAction","target":{"@type":"EntryPoint","urlTemplate":"https:\/\/www.ing.uc.cl\/transporte-y-logistica\/?s={search_term_string}"},"query-input":{"@type":"PropertyValueSpecification","valueRequired":true,"valueName":"search_term_string"}}],"inLanguage":"es"}]}},"_links":{"self":[{"href":"https:\/\/www.ing.uc.cl\/transporte-y-logistica\/wp-json\/wp\/v2\/pages\/1642","targetHints":{"allow":["GET"]}}],"collection":[{"href":"https:\/\/www.ing.uc.cl\/transporte-y-logistica\/wp-json\/wp\/v2\/pages"}],"about":[{"href":"https:\/\/www.ing.uc.cl\/transporte-y-logistica\/wp-json\/wp\/v2\/types\/page"}],"author":[{"embeddable":true,"href":"https:\/\/www.ing.uc.cl\/transporte-y-logistica\/wp-json\/wp\/v2\/users\/3"}],"replies":[{"embeddable":true,"href":"https:\/\/www.ing.uc.cl\/transporte-y-logistica\/wp-json\/wp\/v2\/comments?post=1642"}],"version-history":[{"count":101,"href":"https:\/\/www.ing.uc.cl\/transporte-y-logistica\/wp-json\/wp\/v2\/pages\/1642\/revisions"}],"predecessor-version":[{"id":12918,"href":"https:\/\/www.ing.uc.cl\/transporte-y-logistica\/wp-json\/wp\/v2\/pages\/1642\/revisions\/12918"}],"up":[{"embeddable":true,"href":"https:\/\/www.ing.uc.cl\/transporte-y-logistica\/wp-json\/wp\/v2\/pages\/2"}],"wp:attachment":[{"href":"https:\/\/www.ing.uc.cl\/transporte-y-logistica\/wp-json\/wp\/v2\/media?parent=1642"}],"curies":[{"name":"wp","href":"https:\/\/api.w.org\/{rel}","templated":true}]}}