{"id":1833,"date":"2023-07-07T12:29:14","date_gmt":"2023-07-07T15:29:14","guid":{"rendered":"https:\/\/www.ing.uc.cl\/transporte-y-logistica\/?page_id=1833"},"modified":"2025-08-05T13:58:52","modified_gmt":"2025-08-05T16:58:52","slug":"plan-de-estudios","status":"publish","type":"page","link":"https:\/\/www.ing.uc.cl\/transporte-y-logistica\/pregrado\/plan-de-estudios\/","title":{"rendered":"Plan de Estudios"},"content":{"rendered":"\t\t<div data-elementor-type=\"wp-page\" data-elementor-id=\"1833\" class=\"elementor elementor-1833\">\n\t\t\t\t\t\t<section class=\"elementor-section elementor-top-section elementor-element elementor-element-0ef6dbe elementor-section-boxed elementor-section-height-default elementor-section-height-default\" data-id=\"0ef6dbe\" data-element_type=\"section\" data-e-type=\"section\">\n\t\t\t\t\t\t<div class=\"elementor-container elementor-column-gap-default\">\n\t\t\t\t\t<div class=\"elementor-column elementor-col-100 elementor-top-column elementor-element elementor-element-2cb7331\" data-id=\"2cb7331\" data-element_type=\"column\" data-e-type=\"column\">\n\t\t\t<div class=\"elementor-widget-wrap elementor-element-populated\">\n\t\t\t\t\t\t<div class=\"elementor-element elementor-element-5b33707 imgazul elementor-widget elementor-widget-image\" data-id=\"5b33707\" data-element_type=\"widget\" data-e-type=\"widget\" data-widget_type=\"image.default\">\n\t\t\t\t<div class=\"elementor-widget-container\">\n\t\t\t\t\t\t\t\t\t\t\t\t\t\t\t<img fetchpriority=\"high\" decoding=\"async\" width=\"4000\" height=\"2000\" src=\"https:\/\/www.ing.uc.cl\/transporte-y-logistica\/wp-content\/uploads\/2023\/09\/IMG_9406.png\" class=\"attachment-full size-full wp-image-2065\" alt=\"\" srcset=\"https:\/\/www.ing.uc.cl\/transporte-y-logistica\/wp-content\/uploads\/2023\/09\/IMG_9406.png 4000w, https:\/\/www.ing.uc.cl\/transporte-y-logistica\/wp-content\/uploads\/2023\/09\/IMG_9406-300x150.png 300w, https:\/\/www.ing.uc.cl\/transporte-y-logistica\/wp-content\/uploads\/2023\/09\/IMG_9406-1024x512.png 1024w, https:\/\/www.ing.uc.cl\/transporte-y-logistica\/wp-content\/uploads\/2023\/09\/IMG_9406-768x384.png 768w, https:\/\/www.ing.uc.cl\/transporte-y-logistica\/wp-content\/uploads\/2023\/09\/IMG_9406-1536x768.png 1536w, https:\/\/www.ing.uc.cl\/transporte-y-logistica\/wp-content\/uploads\/2023\/09\/IMG_9406-2048x1024.png 2048w, https:\/\/www.ing.uc.cl\/transporte-y-logistica\/wp-content\/uploads\/2023\/09\/IMG_9406-960x480.png 960w, https:\/\/www.ing.uc.cl\/transporte-y-logistica\/wp-content\/uploads\/2023\/09\/IMG_9406-400x200.png 400w\" sizes=\"(max-width: 4000px) 100vw, 4000px\" \/>\t\t\t\t\t\t\t\t\t\t\t\t\t\t\t<\/div>\n\t\t\t\t<\/div>\n\t\t\t\t<div class=\"elementor-element elementor-element-ef831ee elementor-widget elementor-widget-text-editor\" data-id=\"ef831ee\" data-element_type=\"widget\" data-e-type=\"widget\" data-widget_type=\"text-editor.default\">\n\t\t\t\t<div class=\"elementor-widget-container\">\n\t\t\t\t\t\t\t\t\t<p>Este curr\u00edculo se distingue por enfocar la Licenciatura a trav\u00e9s de la elecci\u00f3n de un Major y un Minor por parte del alumno. Lo anterior culmina con opciones acad\u00e9micas y laborales para los alumnos, entre ellas la obtenci\u00f3n de alguno de los\u00a0<a href=\"https:\/\/www.ing.uc.cl\/programas-de-estudio\/pregrado\/plan-estudios\/titulos-profesionales-ingenieria\/\">t\u00edtulos profesionales<\/a>\u00a0que ofrece la Escuela de Ingenier\u00eda UC. Para consultar en m\u00e1s detalle sobre este programa de estudio, te recomendamos visitar la\u00a0<a href=\"https:\/\/www.ing.uc.cl\/programas-de-estudio\/plan-estudios\/\">p\u00e1gina web de Ingenier\u00eda UC<\/a>.<\/p><p>A continuaci\u00f3n, un resumen sobre el Major y Minors impartidos por nuestro Departamento:<\/p>\t\t\t\t\t\t\t\t<\/div>\n\t\t\t\t<\/div>\n\t\t\t\t<div class=\"elementor-element elementor-element-de6a3c1 elementor-widget elementor-widget-eael-adv-accordion\" data-id=\"de6a3c1\" data-element_type=\"widget\" data-e-type=\"widget\" data-widget_type=\"eael-adv-accordion.default\">\n\t\t\t\t<div class=\"elementor-widget-container\">\n\t\t\t\t\t            <div class=\"eael-adv-accordion\" id=\"eael-adv-accordion-de6a3c1\" data-scroll-on-click=\"no\" data-scroll-speed=\"300\" data-accordion-id=\"de6a3c1\" data-accordion-type=\"accordion\" data-toogle-speed=\"300\">\n            <div class=\"eael-accordion-list\">\n\t\t\t\t\t<div id=\"major-en-sistemas-de-transporte\" class=\"elementor-tab-title eael-accordion-header\" tabindex=\"0\" data-tab=\"1\" aria-controls=\"elementor-tab-content-2331\"><span class=\"eael-advanced-accordion-icon-closed\"><i aria-hidden=\"true\" class=\"fa-accordion-icon fas fa-plus\"><\/i><\/span><span class=\"eael-advanced-accordion-icon-opened\"><i aria-hidden=\"true\" class=\"fa-accordion-icon fas fa-minus\"><\/i><\/span><span class=\"eael-accordion-tab-title\">Major en Sistemas de Transporte<\/span><i aria-hidden=\"true\" class=\"fa-toggle fas fa-angle-right\"><\/i><\/div><div id=\"elementor-tab-content-2331\" class=\"eael-accordion-content clearfix\" data-tab=\"1\" aria-labelledby=\"major-en-sistemas-de-transporte\"><p>La Ingenier\u00eda de Sistemas de Transporte es una disciplina diversa que incluye t\u00f3picos como modelos de tr\u00e1fico, flujo en redes de transporte, econom\u00eda, modelos econom\u00e9tricos, entre otros. El programa combina una formaci\u00f3n en ciencias b\u00e1sicas f\u00edsicas y matem\u00e1ticas con un \u00e1rea de especializaci\u00f3n (track) a escoger entre: (i) Externalidades e impacto ambiental; (ii) Herramientas de an\u00e1lisis y modelaci\u00f3n; (iii) Manejo de bases de datos; y (iv) Profundizaci\u00f3n en Ingenier\u00eda de Transporte.<\/p><p>Este Major proporciona a los egresados de la Licenciatura en Ciencias de la Ingenier\u00eda la capacidad de integrarse a equipos en diversas \u00e1reas relacionadas al dise\u00f1o, operaci\u00f3n y gesti\u00f3n de sistemas de transporte.<\/p><p><a href=\"https:\/\/www.ing.uc.cl\/transporte-y-logistica\/wp-content\/uploads\/2023\/09\/Majors-disciplinarios_2023_Major-en-SISTEMAS-DE-TRANSPORTE-996x1024-1.jpg\"><img decoding=\"async\" class=\"aligncenter wp-image-2054 size-full\" src=\"https:\/\/www.ing.uc.cl\/transporte-y-logistica\/wp-content\/uploads\/2023\/09\/Majors-disciplinarios_2023_Major-en-SISTEMAS-DE-TRANSPORTE-996x1024-1.jpg\" alt=\"\" width=\"996\" height=\"1024\" srcset=\"https:\/\/www.ing.uc.cl\/transporte-y-logistica\/wp-content\/uploads\/2023\/09\/Majors-disciplinarios_2023_Major-en-SISTEMAS-DE-TRANSPORTE-996x1024-1.jpg 996w, https:\/\/www.ing.uc.cl\/transporte-y-logistica\/wp-content\/uploads\/2023\/09\/Majors-disciplinarios_2023_Major-en-SISTEMAS-DE-TRANSPORTE-996x1024-1-292x300.jpg 292w, https:\/\/www.ing.uc.cl\/transporte-y-logistica\/wp-content\/uploads\/2023\/09\/Majors-disciplinarios_2023_Major-en-SISTEMAS-DE-TRANSPORTE-996x1024-1-768x790.jpg 768w, https:\/\/www.ing.uc.cl\/transporte-y-logistica\/wp-content\/uploads\/2023\/09\/Majors-disciplinarios_2023_Major-en-SISTEMAS-DE-TRANSPORTE-996x1024-1-400x411.jpg 400w\" sizes=\"(max-width: 996px) 100vw, 996px\" \/><\/a><\/p><p>Este puede ser complementado con un Minor, que d\u00e9 profundidad en el \u00e1rea de transporte, o amplitud al conocimiento del alumno en otras \u00e1reas.<\/p><\/div>\n\t\t\t\t\t<\/div><div class=\"eael-accordion-list\">\n\t\t\t\t\t<div id=\"minors-de-profundidad\" class=\"elementor-tab-title eael-accordion-header\" tabindex=\"0\" data-tab=\"2\" aria-controls=\"elementor-tab-content-2332\"><span class=\"eael-advanced-accordion-icon-closed\"><i aria-hidden=\"true\" class=\"fa-accordion-icon fas fa-plus\"><\/i><\/span><span class=\"eael-advanced-accordion-icon-opened\"><i aria-hidden=\"true\" class=\"fa-accordion-icon fas fa-minus\"><\/i><\/span><span class=\"eael-accordion-tab-title\">Minors de Profundidad<\/span><i aria-hidden=\"true\" class=\"fa-toggle fas fa-angle-right\"><\/i><\/div><div id=\"elementor-tab-content-2332\" class=\"eael-accordion-content clearfix\" data-tab=\"2\" aria-labelledby=\"minors-de-profundidad\"><p>Cursos que sirven para profundizar en el conocimiento del \u00e1rea del Major cursado. Los impartidos por el DITL son:<\/p><ul><li>Articulaci\u00f3n con Ingenier\u00eda de Transporte, para alumnos del Major de Sistemas de Transporte<\/li><li>Articulaci\u00f3n con Ingenier\u00eda Civil<\/li><li>Log\u00edstica Minera,\u00a0para alumnos del Major de Sistemas de Transporte<\/li><li>Log\u00edstica Minera, para alumnos del Major en Miner\u00eda<\/li><\/ul><\/div>\n\t\t\t\t\t<\/div><div class=\"eael-accordion-list\">\n\t\t\t\t\t<div id=\"minors-de-amplitud\" class=\"elementor-tab-title eael-accordion-header\" tabindex=\"0\" data-tab=\"3\" aria-controls=\"elementor-tab-content-2333\"><span class=\"eael-advanced-accordion-icon-closed\"><i aria-hidden=\"true\" class=\"fa-accordion-icon fas fa-plus\"><\/i><\/span><span class=\"eael-advanced-accordion-icon-opened\"><i aria-hidden=\"true\" class=\"fa-accordion-icon fas fa-minus\"><\/i><\/span><span class=\"eael-accordion-tab-title\">Minors de Amplitud<\/span><i aria-hidden=\"true\" class=\"fa-toggle fas fa-angle-right\"><\/i><\/div><div id=\"elementor-tab-content-2333\" class=\"eael-accordion-content clearfix\" data-tab=\"3\" aria-labelledby=\"minors-de-amplitud\"><p>Cursos que sirven para ampliar el conocimiento de alumnos de Majors de otras \u00e1reas, con conceptos y competencias relacionadas con Transporte y Log\u00edstica.<\/p><ul><li>Sistemas de Transporte<\/li><li>Externalidades de Transporte<\/li><li>Log\u00edstica y Transporte de Carga<\/li><\/ul><\/div>\n\t\t\t\t\t<\/div><\/div>\t\t\t\t<\/div>\n\t\t\t\t<\/div>\n\t\t\t\t\t<\/div>\n\t\t<\/div>\n\t\t\t\t\t<\/div>\n\t\t<\/section>\n\t\t\t\t<\/div>\n\t\t","protected":false},"excerpt":{"rendered":"<p>Este curr\u00edculo se distingue por enfocar la Licenciatura a trav\u00e9s de la elecci\u00f3n de un Major y un Minor por parte del alumno. Lo anterior culmina con opciones acad\u00e9micas y laborales para los alumnos, entre ellas la obtenci\u00f3n de alguno de los\u00a0t\u00edtulos profesionales\u00a0que ofrece la Escuela de Ingenier\u00eda UC. Para consultar en m\u00e1s detalle sobre [&hellip;]<\/p>\n","protected":false},"author":3,"featured_media":2065,"parent":79,"menu_order":27,"comment_status":"closed","ping_status":"closed","template":"","meta":{"_acf_changed":false,"footnotes":""},"class_list":["post-1833","page","type-page","status-publish","has-post-thumbnail","hentry","post","post-with-thumbnail","post-with-thumbnail-large"],"acf":[],"yoast_head":"<!-- This site is optimized with the Yoast SEO plugin v27.5 - https:\/\/yoast.com\/product\/yoast-seo-wordpress\/ -->\n<title>Plan de Estudios - Departamento de Ingenier\u00eda de Transporte y Log\u00edstica<\/title>\n<meta name=\"robots\" content=\"index, follow, max-snippet:-1, max-image-preview:large, max-video-preview:-1\" \/>\n<link rel=\"canonical\" href=\"https:\/\/www.ing.uc.cl\/transporte-y-logistica\/pregrado\/plan-de-estudios\/\" \/>\n<meta property=\"og:locale\" content=\"es_ES\" \/>\n<meta property=\"og:type\" content=\"article\" \/>\n<meta property=\"og:title\" content=\"Plan de Estudios - Departamento de Ingenier\u00eda de Transporte y Log\u00edstica\" \/>\n<meta property=\"og:description\" content=\"Este curr\u00edculo se distingue por enfocar la Licenciatura a trav\u00e9s de la elecci\u00f3n de un Major y un Minor por parte del alumno. Lo anterior culmina con opciones acad\u00e9micas y laborales para los alumnos, entre ellas la obtenci\u00f3n de alguno de los\u00a0t\u00edtulos profesionales\u00a0que ofrece la Escuela de Ingenier\u00eda UC. Para consultar en m\u00e1s detalle sobre [&hellip;]\" \/>\n<meta property=\"og:url\" content=\"https:\/\/www.ing.uc.cl\/transporte-y-logistica\/pregrado\/plan-de-estudios\/\" \/>\n<meta property=\"og:site_name\" content=\"Departamento de Ingenier\u00eda de Transporte y Log\u00edstica\" \/>\n<meta property=\"article:modified_time\" content=\"2025-08-05T16:58:52+00:00\" \/>\n<meta property=\"og:image\" content=\"https:\/\/www.ing.uc.cl\/transporte-y-logistica\/wp-content\/uploads\/2023\/09\/IMG_9406-1024x512.png\" \/>\n\t<meta property=\"og:image:width\" content=\"1024\" \/>\n\t<meta property=\"og:image:height\" content=\"512\" \/>\n\t<meta property=\"og:image:type\" content=\"image\/png\" \/>\n<meta name=\"twitter:card\" content=\"summary_large_image\" \/>\n<meta name=\"twitter:label1\" content=\"Tiempo de lectura\" \/>\n\t<meta name=\"twitter:data1\" content=\"2 minutos\" \/>\n<script type=\"application\/ld+json\" class=\"yoast-schema-graph\">{\"@context\":\"https:\\\/\\\/schema.org\",\"@graph\":[{\"@type\":\"WebPage\",\"@id\":\"https:\\\/\\\/www.ing.uc.cl\\\/transporte-y-logistica\\\/pregrado\\\/plan-de-estudios\\\/\",\"url\":\"https:\\\/\\\/www.ing.uc.cl\\\/transporte-y-logistica\\\/pregrado\\\/plan-de-estudios\\\/\",\"name\":\"Plan de Estudios - Departamento de Ingenier\u00eda de Transporte y Log\u00edstica\",\"isPartOf\":{\"@id\":\"https:\\\/\\\/www.ing.uc.cl\\\/transporte-y-logistica\\\/#website\"},\"primaryImageOfPage\":{\"@id\":\"https:\\\/\\\/www.ing.uc.cl\\\/transporte-y-logistica\\\/pregrado\\\/plan-de-estudios\\\/#primaryimage\"},\"image\":{\"@id\":\"https:\\\/\\\/www.ing.uc.cl\\\/transporte-y-logistica\\\/pregrado\\\/plan-de-estudios\\\/#primaryimage\"},\"thumbnailUrl\":\"https:\\\/\\\/www.ing.uc.cl\\\/transporte-y-logistica\\\/wp-content\\\/uploads\\\/2023\\\/09\\\/IMG_9406.png\",\"datePublished\":\"2023-07-07T15:29:14+00:00\",\"dateModified\":\"2025-08-05T16:58:52+00:00\",\"breadcrumb\":{\"@id\":\"https:\\\/\\\/www.ing.uc.cl\\\/transporte-y-logistica\\\/pregrado\\\/plan-de-estudios\\\/#breadcrumb\"},\"inLanguage\":\"es\",\"potentialAction\":[{\"@type\":\"ReadAction\",\"target\":[\"https:\\\/\\\/www.ing.uc.cl\\\/transporte-y-logistica\\\/pregrado\\\/plan-de-estudios\\\/\"]}]},{\"@type\":\"ImageObject\",\"inLanguage\":\"es\",\"@id\":\"https:\\\/\\\/www.ing.uc.cl\\\/transporte-y-logistica\\\/pregrado\\\/plan-de-estudios\\\/#primaryimage\",\"url\":\"https:\\\/\\\/www.ing.uc.cl\\\/transporte-y-logistica\\\/wp-content\\\/uploads\\\/2023\\\/09\\\/IMG_9406.png\",\"contentUrl\":\"https:\\\/\\\/www.ing.uc.cl\\\/transporte-y-logistica\\\/wp-content\\\/uploads\\\/2023\\\/09\\\/IMG_9406.png\",\"width\":4000,\"height\":2000},{\"@type\":\"BreadcrumbList\",\"@id\":\"https:\\\/\\\/www.ing.uc.cl\\\/transporte-y-logistica\\\/pregrado\\\/plan-de-estudios\\\/#breadcrumb\",\"itemListElement\":[{\"@type\":\"ListItem\",\"position\":1,\"name\":\"Portada\",\"item\":\"https:\\\/\\\/www.ing.uc.cl\\\/transporte-y-logistica\\\/\"},{\"@type\":\"ListItem\",\"position\":2,\"name\":\"Pregrado\",\"item\":\"https:\\\/\\\/www.ing.uc.cl\\\/transporte-y-logistica\\\/pregrado\\\/\"},{\"@type\":\"ListItem\",\"position\":3,\"name\":\"Plan de Estudios\"}]},{\"@type\":\"WebSite\",\"@id\":\"https:\\\/\\\/www.ing.uc.cl\\\/transporte-y-logistica\\\/#website\",\"url\":\"https:\\\/\\\/www.ing.uc.cl\\\/transporte-y-logistica\\\/\",\"name\":\"Departamento de Ingenier\u00eda de Transporte y Log\u00edstica\",\"description\":\"DITL\",\"potentialAction\":[{\"@type\":\"SearchAction\",\"target\":{\"@type\":\"EntryPoint\",\"urlTemplate\":\"https:\\\/\\\/www.ing.uc.cl\\\/transporte-y-logistica\\\/?s={search_term_string}\"},\"query-input\":{\"@type\":\"PropertyValueSpecification\",\"valueRequired\":true,\"valueName\":\"search_term_string\"}}],\"inLanguage\":\"es\"}]}<\/script>\n<!-- \/ Yoast SEO plugin. -->","yoast_head_json":{"title":"Plan de Estudios - Departamento de Ingenier\u00eda de Transporte y Log\u00edstica","robots":{"index":"index","follow":"follow","max-snippet":"max-snippet:-1","max-image-preview":"max-image-preview:large","max-video-preview":"max-video-preview:-1"},"canonical":"https:\/\/www.ing.uc.cl\/transporte-y-logistica\/pregrado\/plan-de-estudios\/","og_locale":"es_ES","og_type":"article","og_title":"Plan de Estudios - Departamento de Ingenier\u00eda de Transporte y Log\u00edstica","og_description":"Este curr\u00edculo se distingue por enfocar la Licenciatura a trav\u00e9s de la elecci\u00f3n de un Major y un Minor por parte del alumno. Lo anterior culmina con opciones acad\u00e9micas y laborales para los alumnos, entre ellas la obtenci\u00f3n de alguno de los\u00a0t\u00edtulos profesionales\u00a0que ofrece la Escuela de Ingenier\u00eda UC. Para consultar en m\u00e1s detalle sobre [&hellip;]","og_url":"https:\/\/www.ing.uc.cl\/transporte-y-logistica\/pregrado\/plan-de-estudios\/","og_site_name":"Departamento de Ingenier\u00eda de Transporte y Log\u00edstica","article_modified_time":"2025-08-05T16:58:52+00:00","og_image":[{"width":1024,"height":512,"url":"https:\/\/www.ing.uc.cl\/transporte-y-logistica\/wp-content\/uploads\/2023\/09\/IMG_9406-1024x512.png","type":"image\/png"}],"twitter_card":"summary_large_image","twitter_misc":{"Tiempo de lectura":"2 minutos"},"schema":{"@context":"https:\/\/schema.org","@graph":[{"@type":"WebPage","@id":"https:\/\/www.ing.uc.cl\/transporte-y-logistica\/pregrado\/plan-de-estudios\/","url":"https:\/\/www.ing.uc.cl\/transporte-y-logistica\/pregrado\/plan-de-estudios\/","name":"Plan de Estudios - Departamento de Ingenier\u00eda de Transporte y Log\u00edstica","isPartOf":{"@id":"https:\/\/www.ing.uc.cl\/transporte-y-logistica\/#website"},"primaryImageOfPage":{"@id":"https:\/\/www.ing.uc.cl\/transporte-y-logistica\/pregrado\/plan-de-estudios\/#primaryimage"},"image":{"@id":"https:\/\/www.ing.uc.cl\/transporte-y-logistica\/pregrado\/plan-de-estudios\/#primaryimage"},"thumbnailUrl":"https:\/\/www.ing.uc.cl\/transporte-y-logistica\/wp-content\/uploads\/2023\/09\/IMG_9406.png","datePublished":"2023-07-07T15:29:14+00:00","dateModified":"2025-08-05T16:58:52+00:00","breadcrumb":{"@id":"https:\/\/www.ing.uc.cl\/transporte-y-logistica\/pregrado\/plan-de-estudios\/#breadcrumb"},"inLanguage":"es","potentialAction":[{"@type":"ReadAction","target":["https:\/\/www.ing.uc.cl\/transporte-y-logistica\/pregrado\/plan-de-estudios\/"]}]},{"@type":"ImageObject","inLanguage":"es","@id":"https:\/\/www.ing.uc.cl\/transporte-y-logistica\/pregrado\/plan-de-estudios\/#primaryimage","url":"https:\/\/www.ing.uc.cl\/transporte-y-logistica\/wp-content\/uploads\/2023\/09\/IMG_9406.png","contentUrl":"https:\/\/www.ing.uc.cl\/transporte-y-logistica\/wp-content\/uploads\/2023\/09\/IMG_9406.png","width":4000,"height":2000},{"@type":"BreadcrumbList","@id":"https:\/\/www.ing.uc.cl\/transporte-y-logistica\/pregrado\/plan-de-estudios\/#breadcrumb","itemListElement":[{"@type":"ListItem","position":1,"name":"Portada","item":"https:\/\/www.ing.uc.cl\/transporte-y-logistica\/"},{"@type":"ListItem","position":2,"name":"Pregrado","item":"https:\/\/www.ing.uc.cl\/transporte-y-logistica\/pregrado\/"},{"@type":"ListItem","position":3,"name":"Plan de Estudios"}]},{"@type":"WebSite","@id":"https:\/\/www.ing.uc.cl\/transporte-y-logistica\/#website","url":"https:\/\/www.ing.uc.cl\/transporte-y-logistica\/","name":"Departamento de Ingenier\u00eda de Transporte y Log\u00edstica","description":"DITL","potentialAction":[{"@type":"SearchAction","target":{"@type":"EntryPoint","urlTemplate":"https:\/\/www.ing.uc.cl\/transporte-y-logistica\/?s={search_term_string}"},"query-input":{"@type":"PropertyValueSpecification","valueRequired":true,"valueName":"search_term_string"}}],"inLanguage":"es"}]}},"_links":{"self":[{"href":"https:\/\/www.ing.uc.cl\/transporte-y-logistica\/wp-json\/wp\/v2\/pages\/1833","targetHints":{"allow":["GET"]}}],"collection":[{"href":"https:\/\/www.ing.uc.cl\/transporte-y-logistica\/wp-json\/wp\/v2\/pages"}],"about":[{"href":"https:\/\/www.ing.uc.cl\/transporte-y-logistica\/wp-json\/wp\/v2\/types\/page"}],"author":[{"embeddable":true,"href":"https:\/\/www.ing.uc.cl\/transporte-y-logistica\/wp-json\/wp\/v2\/users\/3"}],"replies":[{"embeddable":true,"href":"https:\/\/www.ing.uc.cl\/transporte-y-logistica\/wp-json\/wp\/v2\/comments?post=1833"}],"version-history":[{"count":23,"href":"https:\/\/www.ing.uc.cl\/transporte-y-logistica\/wp-json\/wp\/v2\/pages\/1833\/revisions"}],"predecessor-version":[{"id":13297,"href":"https:\/\/www.ing.uc.cl\/transporte-y-logistica\/wp-json\/wp\/v2\/pages\/1833\/revisions\/13297"}],"up":[{"embeddable":true,"href":"https:\/\/www.ing.uc.cl\/transporte-y-logistica\/wp-json\/wp\/v2\/pages\/79"}],"wp:featuredmedia":[{"embeddable":true,"href":"https:\/\/www.ing.uc.cl\/transporte-y-logistica\/wp-json\/wp\/v2\/media\/2065"}],"wp:attachment":[{"href":"https:\/\/www.ing.uc.cl\/transporte-y-logistica\/wp-json\/wp\/v2\/media?parent=1833"}],"curies":[{"name":"wp","href":"https:\/\/api.w.org\/{rel}","templated":true}]}}