{"id":214,"date":"2021-04-09T13:53:12","date_gmt":"2021-04-09T16:53:12","guid":{"rendered":"https:\/\/www.ing.uc.cl\/transporte-y-logistica\/?page_id=214"},"modified":"2023-09-26T13:43:27","modified_gmt":"2023-09-26T16:43:27","slug":"academico","status":"publish","type":"page","link":"https:\/\/www.ing.uc.cl\/transporte-y-logistica\/departamento\/academico\/","title":{"rendered":"Cuerpo Acad\u00e9mico"},"content":{"rendered":"<div class='rt-container-fluid rt-team-container rt-pos-r rt-team-container-1967' id='rt-team-container-1075042687'  data-layout='layout1' data-desktop-col='4'  data-tab-col='2'  data-mobile-col='1' data-sc-id='1967' data-popup-bg=''><div data-title='Loading ...' class='rt-row rt-content-loader layout1 ttp-even ttp-pre-loader'><div class=\"rt-col-md-3 rt-col-sm-6 rt-col-xs-12  even-grid-item rt-grid-item\" data-id=\"1985\"><div class=\"single-team-area\"><div class=\"single-team\"><figure><a class=\"\" data-id=\"1985\" target=\"_self\" href=\"https:\/\/www.ing.uc.cl\/transporte-y-logistica\/team\/camila-balbontin\/\"><img fetchpriority=\"high\" decoding=\"async\" width=\"400\" height=\"400\" src=\"https:\/\/www.ing.uc.cl\/transporte-y-logistica\/wp-content\/uploads\/2023\/08\/Camila-web-400x400.jpg\" class=\"img-responsive rt-team-img\" alt=\"Camila Balbontin\" \/><\/a><\/figure><\/div><div class=\"tlp-content\"><h3><span class=\"team-name\"><a class=\"\" data-id=\"1985\" target=\"_self\" title=\"Camila Balbontin\" href=\"https:\/\/www.ing.uc.cl\/transporte-y-logistica\/team\/camila-balbontin\/\">Camila Balbontin<\/a><\/span><\/h3><\/div><div class=\"contact-info\"><ul><li class=\"tlp-email\"><i class=\"far fa-envelope\"><\/i><a href=\"mailto:camila.balbontin@uc.cl\"><span class=\"tlp-email\">camila.balbontin@uc.cl<\/span><\/a><\/li><\/ul><\/div><\/div><\/div><div class=\"rt-col-md-3 rt-col-sm-6 rt-col-xs-12  even-grid-item rt-grid-item\" data-id=\"1959\"><div class=\"single-team-area\"><div class=\"single-team\"><figure><a class=\"\" data-id=\"1959\" target=\"_self\" href=\"https:\/\/www.ing.uc.cl\/transporte-y-logistica\/team\/felipe-delgado\/\"><img decoding=\"async\" width=\"400\" height=\"400\" src=\"https:\/\/www.ing.uc.cl\/transporte-y-logistica\/wp-content\/uploads\/2023\/08\/Felipe-web-400x400.jpg\" class=\"img-responsive rt-team-img\" alt=\"Felipe Delgado\" \/><\/a><\/figure><\/div><div class=\"tlp-content\"><h3><span class=\"team-name\"><a class=\"\" data-id=\"1959\" target=\"_self\" title=\"Felipe Delgado\" href=\"https:\/\/www.ing.uc.cl\/transporte-y-logistica\/team\/felipe-delgado\/\">Felipe Delgado<\/a><\/span><\/h3><\/div><div class=\"contact-info\"><ul><li class=\"tlp-email\"><i class=\"far fa-envelope\"><\/i><a href=\"mailto:fdb@uc.cl\"><span class=\"tlp-email\">fdb@uc.cl<\/span><\/a><\/li><\/ul><\/div><\/div><\/div><div class=\"rt-col-md-3 rt-col-sm-6 rt-col-xs-12  even-grid-item rt-grid-item\" data-id=\"1975\"><div class=\"single-team-area\"><div class=\"single-team\"><figure><a class=\"\" data-id=\"1975\" target=\"_self\" href=\"https:\/\/www.ing.uc.cl\/transporte-y-logistica\/team\/hans-lobel\/\"><img decoding=\"async\" width=\"400\" height=\"400\" src=\"https:\/\/www.ing.uc.cl\/transporte-y-logistica\/wp-content\/uploads\/2023\/08\/Hans-web-400x400.jpg\" class=\"img-responsive rt-team-img\" alt=\"Hans L\u00f6bel\" \/><\/a><\/figure><\/div><div class=\"tlp-content\"><h3><span class=\"team-name\"><a class=\"\" data-id=\"1975\" target=\"_self\" title=\"Hans L\u00f6bel\" href=\"https:\/\/www.ing.uc.cl\/transporte-y-logistica\/team\/hans-lobel\/\">Hans L\u00f6bel<\/a><\/span><\/h3><\/div><div class=\"contact-info\"><ul><li class=\"tlp-email\"><i class=\"far fa-envelope\"><\/i><a href=\"mailto:halobel@uc.cl\"><span class=\"tlp-email\">halobel@uc.cl<\/span><\/a><\/li><\/ul><\/div><\/div><\/div><div class=\"rt-col-md-3 rt-col-sm-6 rt-col-xs-12  even-grid-item rt-grid-item\" data-id=\"1973\"><div class=\"single-team-area\"><div class=\"single-team\"><figure><a class=\"\" data-id=\"1973\" target=\"_self\" href=\"https:\/\/www.ing.uc.cl\/transporte-y-logistica\/team\/homero-larrain\/\"><img loading=\"lazy\" decoding=\"async\" width=\"400\" height=\"400\" src=\"https:\/\/www.ing.uc.cl\/transporte-y-logistica\/wp-content\/uploads\/2023\/08\/Homero-web-400x400.jpg\" class=\"img-responsive rt-team-img\" alt=\"Homero Larrain\" \/><\/a><\/figure><\/div><div class=\"tlp-content\"><h3><span class=\"team-name\"><a class=\"\" data-id=\"1973\" target=\"_self\" title=\"Homero Larrain\" href=\"https:\/\/www.ing.uc.cl\/transporte-y-logistica\/team\/homero-larrain\/\">Homero Larrain<\/a><\/span><\/h3><\/div><div class=\"contact-info\"><ul><li class=\"tlp-email\"><i class=\"far fa-envelope\"><\/i><a href=\"mailto:homero@uc.cl\"><span class=\"tlp-email\">homero@uc.cl<\/span><\/a><\/li><\/ul><\/div><\/div><\/div><div class=\"rt-col-md-3 rt-col-sm-6 rt-col-xs-12  even-grid-item rt-grid-item\" data-id=\"1983\"><div class=\"single-team-area\"><div class=\"single-team\"><figure><a class=\"\" data-id=\"1983\" target=\"_self\" href=\"https:\/\/www.ing.uc.cl\/transporte-y-logistica\/team\/hugo-silva\/\"><img loading=\"lazy\" decoding=\"async\" width=\"400\" height=\"400\" src=\"https:\/\/www.ing.uc.cl\/transporte-y-logistica\/wp-content\/uploads\/2023\/08\/Hugo-web-400x400.jpg\" class=\"img-responsive rt-team-img\" alt=\"Hugo Silva\" \/><\/a><\/figure><\/div><div class=\"tlp-content\"><h3><span class=\"team-name\"><a class=\"\" data-id=\"1983\" target=\"_self\" title=\"Hugo Silva\" href=\"https:\/\/www.ing.uc.cl\/transporte-y-logistica\/team\/hugo-silva\/\">Hugo Silva<\/a><\/span><\/h3><\/div><div class=\"contact-info\"><ul><li class=\"tlp-email\"><i class=\"far fa-envelope\"><\/i><a href=\"mailto:husilva@uc.cl\"><span class=\"tlp-email\">husilva@uc.cl<\/span><\/a><\/li><\/ul><\/div><\/div><\/div><div class=\"rt-col-md-3 rt-col-sm-6 rt-col-xs-12  even-grid-item rt-grid-item\" data-id=\"1965\"><div class=\"single-team-area\"><div class=\"single-team\"><figure><a class=\"\" data-id=\"1965\" target=\"_self\" href=\"https:\/\/www.ing.uc.cl\/transporte-y-logistica\/team\/juan-carlos-herrera\/\"><img loading=\"lazy\" decoding=\"async\" width=\"400\" height=\"400\" src=\"https:\/\/www.ing.uc.cl\/transporte-y-logistica\/wp-content\/uploads\/2023\/08\/JC-web-400x400.jpg\" class=\"img-responsive rt-team-img\" alt=\"Juan Carlos Herrera\" \/><\/a><\/figure><\/div><div class=\"tlp-content\"><h3><span class=\"team-name\"><a class=\"\" data-id=\"1965\" target=\"_self\" title=\"Juan Carlos Herrera\" href=\"https:\/\/www.ing.uc.cl\/transporte-y-logistica\/team\/juan-carlos-herrera\/\">Juan Carlos Herrera<\/a><\/span><\/h3><\/div><div class=\"contact-info\"><ul><li class=\"tlp-email\"><i class=\"far fa-envelope\"><\/i><a href=\"mailto:jch@uc.cl\"><span class=\"tlp-email\">jch@uc.cl<\/span><\/a><\/li><\/ul><\/div><\/div><\/div><div class=\"rt-col-md-3 rt-col-sm-6 rt-col-xs-12  even-grid-item rt-grid-item\" data-id=\"11576\"><div class=\"single-team-area\"><div class=\"single-team\"><figure><a class=\"\" data-id=\"11576\" target=\"_self\" href=\"https:\/\/www.ing.uc.cl\/transporte-y-logistica\/team\/juan-carlos-munoz\/\"><img loading=\"lazy\" decoding=\"async\" width=\"400\" height=\"400\" src=\"https:\/\/www.ing.uc.cl\/transporte-y-logistica\/wp-content\/uploads\/2023\/10\/JuanCarlos400.png\" class=\"img-responsive rt-team-img\" alt=\"Juan Carlos Mu\u00f1oz\" \/><\/a><\/figure><\/div><div class=\"tlp-content\"><h3><span class=\"team-name\"><a class=\"\" data-id=\"11576\" target=\"_self\" title=\"Juan Carlos Mu\u00f1oz\" href=\"https:\/\/www.ing.uc.cl\/transporte-y-logistica\/team\/juan-carlos-munoz\/\">Juan Carlos Mu\u00f1oz<\/a><\/span><\/h3><\/div><div class=\"contact-info\"><ul><li class=\"tlp-email\"><i class=\"far fa-envelope\"><\/i><a href=\"mailto:jcmunoza@uc.cl\"><span class=\"tlp-email\">jcmunoza@uc.cl<\/span><\/a><\/li><\/ul><\/div><\/div><\/div><div class=\"rt-col-md-3 rt-col-sm-6 rt-col-xs-12  even-grid-item rt-grid-item\" data-id=\"1981\"><div class=\"single-team-area\"><div class=\"single-team\"><figure><a class=\"\" data-id=\"1981\" target=\"_self\" href=\"https:\/\/www.ing.uc.cl\/transporte-y-logistica\/team\/luis-rizzi\/\"><img loading=\"lazy\" decoding=\"async\" width=\"400\" height=\"400\" src=\"https:\/\/www.ing.uc.cl\/transporte-y-logistica\/wp-content\/uploads\/2023\/08\/Luis-web-400x400.jpg\" class=\"img-responsive rt-team-img\" alt=\"Luis Rizzi\" \/><\/a><\/figure><\/div><div class=\"tlp-content\"><h3><span class=\"team-name\"><a class=\"\" data-id=\"1981\" target=\"_self\" title=\"Luis Rizzi\" href=\"https:\/\/www.ing.uc.cl\/transporte-y-logistica\/team\/luis-rizzi\/\">Luis Rizzi<\/a><\/span><\/h3><\/div><div class=\"contact-info\"><ul><li class=\"tlp-email\"><i class=\"far fa-envelope\"><\/i><a href=\"mailto:lir@uc.cl\"><span class=\"tlp-email\">lir@uc.cl<\/span><\/a><\/li><\/ul><\/div><\/div><\/div><div class=\"rt-col-md-3 rt-col-sm-6 rt-col-xs-12  even-grid-item rt-grid-item\" data-id=\"1971\"><div class=\"single-team-area\"><div class=\"single-team\"><figure><a class=\"\" data-id=\"1971\" target=\"_self\" href=\"https:\/\/www.ing.uc.cl\/transporte-y-logistica\/team\/mathias-klapp\/\"><img loading=\"lazy\" decoding=\"async\" width=\"400\" height=\"400\" src=\"https:\/\/www.ing.uc.cl\/transporte-y-logistica\/wp-content\/uploads\/2023\/08\/Mathias-web-400x400.jpg\" class=\"img-responsive rt-team-img\" alt=\"Mathias Klapp\" \/><\/a><\/figure><\/div><div class=\"tlp-content\"><h3><span class=\"team-name\"><a class=\"\" data-id=\"1971\" target=\"_self\" title=\"Mathias Klapp\" href=\"https:\/\/www.ing.uc.cl\/transporte-y-logistica\/team\/mathias-klapp\/\">Mathias Klapp<\/a><\/span><\/h3><\/div><div class=\"contact-info\"><ul><li class=\"tlp-email\"><i class=\"far fa-envelope\"><\/i><a href=\"mailto:maklapp@uc.cl\"><span class=\"tlp-email\">maklapp@uc.cl<\/span><\/a><\/li><\/ul><\/div><\/div><\/div><div class=\"rt-col-md-3 rt-col-sm-6 rt-col-xs-12  even-grid-item rt-grid-item\" data-id=\"1961\"><div class=\"single-team-area\"><div class=\"single-team\"><figure><a class=\"\" data-id=\"1961\" target=\"_self\" href=\"https:\/\/www.ing.uc.cl\/transporte-y-logistica\/team\/patricia-galilea\/\"><img loading=\"lazy\" decoding=\"async\" width=\"400\" height=\"400\" src=\"https:\/\/www.ing.uc.cl\/transporte-y-logistica\/wp-content\/uploads\/2023\/08\/Patty-web-400x400.jpg\" class=\"img-responsive rt-team-img\" alt=\"Patricia Galilea\" \/><\/a><\/figure><\/div><div class=\"tlp-content\"><h3><span class=\"team-name\"><a class=\"\" data-id=\"1961\" target=\"_self\" title=\"Patricia Galilea\" href=\"https:\/\/www.ing.uc.cl\/transporte-y-logistica\/team\/patricia-galilea\/\">Patricia Galilea<\/a><\/span><\/h3><\/div><div class=\"contact-info\"><ul><li class=\"tlp-email\"><i class=\"far fa-envelope\"><\/i><a href=\"mailto:pgalilar@uc.cl\"><span class=\"tlp-email\">pgalilar@uc.cl<\/span><\/a><\/li><\/ul><\/div><\/div><\/div><div class=\"rt-col-md-3 rt-col-sm-6 rt-col-xs-12  even-grid-item rt-grid-item\" data-id=\"1963\"><div class=\"single-team-area\"><div class=\"single-team\"><figure><a class=\"\" data-id=\"1963\" target=\"_self\" href=\"https:\/\/www.ing.uc.cl\/transporte-y-logistica\/team\/ricardo-giesen\/\"><img loading=\"lazy\" decoding=\"async\" width=\"400\" height=\"400\" src=\"https:\/\/www.ing.uc.cl\/transporte-y-logistica\/wp-content\/uploads\/2023\/08\/RicardoG-web-400x400.jpg\" class=\"img-responsive rt-team-img\" alt=\"Ricardo Giesen\" \/><\/a><\/figure><\/div><div class=\"tlp-content\"><h3><span class=\"team-name\"><a class=\"\" data-id=\"1963\" target=\"_self\" title=\"Ricardo Giesen\" href=\"https:\/\/www.ing.uc.cl\/transporte-y-logistica\/team\/ricardo-giesen\/\">Ricardo Giesen<\/a><\/span><\/h3><\/div><div class=\"contact-info\"><ul><li class=\"tlp-email\"><i class=\"far fa-envelope\"><\/i><a href=\"mailto:rgiesen@uc.cl\"><span class=\"tlp-email\">rgiesen@uc.cl<\/span><\/a><\/li><\/ul><\/div><\/div><\/div><div class=\"rt-col-md-3 rt-col-sm-6 rt-col-xs-12  even-grid-item rt-grid-item\" data-id=\"1969\"><div class=\"single-team-area\"><div class=\"single-team\"><figure><a class=\"\" data-id=\"1969\" target=\"_self\" href=\"https:\/\/www.ing.uc.cl\/transporte-y-logistica\/team\/ricardo-hurtubia\/\"><img loading=\"lazy\" decoding=\"async\" width=\"400\" height=\"400\" src=\"https:\/\/www.ing.uc.cl\/transporte-y-logistica\/wp-content\/uploads\/2023\/08\/Ricardo-web-400x400.jpg\" class=\"img-responsive rt-team-img\" alt=\"Ricardo Hurtubia\" \/><\/a><\/figure><\/div><div class=\"tlp-content\"><h3><span class=\"team-name\"><a class=\"\" data-id=\"1969\" target=\"_self\" title=\"Ricardo Hurtubia\" href=\"https:\/\/www.ing.uc.cl\/transporte-y-logistica\/team\/ricardo-hurtubia\/\">Ricardo Hurtubia<\/a><\/span><\/h3><\/div><div class=\"contact-info\"><ul><li class=\"tlp-email\"><i class=\"far fa-envelope\"><\/i><a href=\"mailto:rhurtubia@uc.cl\"><span class=\"tlp-email\">rhurtubia@uc.cl<\/span><\/a><\/li><\/ul><\/div><\/div><\/div><div class=\"rt-col-md-3 rt-col-sm-6 rt-col-xs-12  even-grid-item rt-grid-item\" data-id=\"1979\"><div class=\"single-team-area\"><div class=\"single-team\"><figure><a class=\"\" data-id=\"1979\" target=\"_self\" href=\"https:\/\/www.ing.uc.cl\/transporte-y-logistica\/team\/sebastian-raveau\/\"><img loading=\"lazy\" decoding=\"async\" width=\"400\" height=\"400\" src=\"https:\/\/www.ing.uc.cl\/transporte-y-logistica\/wp-content\/uploads\/2023\/08\/Sebastian-web-400x400.jpg\" class=\"img-responsive rt-team-img\" alt=\"Sebasti\u00e1n Raveau\" \/><\/a><\/figure><\/div><div class=\"tlp-content\"><h3><span class=\"team-name\"><a class=\"\" data-id=\"1979\" target=\"_self\" title=\"Sebasti\u00e1n Raveau\" href=\"https:\/\/www.ing.uc.cl\/transporte-y-logistica\/team\/sebastian-raveau\/\">Sebasti\u00e1n Raveau<\/a><\/span><\/h3><\/div><div class=\"contact-info\"><ul><li class=\"tlp-email\"><i class=\"far fa-envelope\"><\/i><a href=\"mailto:sraveau@uc.cl\"><span class=\"tlp-email\">sraveau@uc.cl<\/span><\/a><\/li><\/ul><\/div><\/div><\/div><div class=\"rt-loading-overlay\"><\/div><div class=\"rt-loading rt-ball-clip-rotate\"><div><\/div><\/div><\/div><\/div>\n","protected":false},"excerpt":{"rendered":"","protected":false},"author":6,"featured_media":2528,"parent":2,"menu_order":12,"comment_status":"closed","ping_status":"closed","template":"","meta":{"_acf_changed":false,"footnotes":""},"class_list":["post-214","page","type-page","status-publish","has-post-thumbnail","hentry","post","post-with-thumbnail","post-with-thumbnail-large"],"acf":[],"yoast_head":"<!-- This site is optimized with the Yoast SEO plugin v27.5 - https:\/\/yoast.com\/product\/yoast-seo-wordpress\/ -->\n<title>Cuerpo Acad\u00e9mico - Departamento de Ingenier\u00eda de Transporte y Log\u00edstica<\/title>\n<meta name=\"robots\" content=\"index, follow, max-snippet:-1, max-image-preview:large, max-video-preview:-1\" \/>\n<link rel=\"canonical\" href=\"https:\/\/www.ing.uc.cl\/transporte-y-logistica\/departamento\/academico\/\" \/>\n<meta property=\"og:locale\" content=\"es_ES\" \/>\n<meta property=\"og:type\" content=\"article\" \/>\n<meta property=\"og:title\" content=\"Cuerpo Acad\u00e9mico - Departamento de Ingenier\u00eda de Transporte y Log\u00edstica\" \/>\n<meta property=\"og:url\" content=\"https:\/\/www.ing.uc.cl\/transporte-y-logistica\/departamento\/academico\/\" \/>\n<meta property=\"og:site_name\" content=\"Departamento de Ingenier\u00eda de Transporte y Log\u00edstica\" \/>\n<meta property=\"article:modified_time\" content=\"2023-09-26T16:43:27+00:00\" \/>\n<meta property=\"og:image\" content=\"https:\/\/www.ing.uc.cl\/transporte-y-logistica\/wp-content\/uploads\/2023\/09\/academico-1024x792.png\" \/>\n\t<meta property=\"og:image:width\" content=\"1024\" \/>\n\t<meta property=\"og:image:height\" content=\"792\" \/>\n\t<meta property=\"og:image:type\" content=\"image\/png\" \/>\n<meta name=\"twitter:card\" content=\"summary_large_image\" \/>\n<meta name=\"twitter:label1\" content=\"Tiempo de lectura\" \/>\n\t<meta name=\"twitter:data1\" content=\"1 minuto\" \/>\n<script type=\"application\/ld+json\" class=\"yoast-schema-graph\">{\"@context\":\"https:\\\/\\\/schema.org\",\"@graph\":[{\"@type\":\"WebPage\",\"@id\":\"https:\\\/\\\/www.ing.uc.cl\\\/transporte-y-logistica\\\/departamento\\\/academico\\\/\",\"url\":\"https:\\\/\\\/www.ing.uc.cl\\\/transporte-y-logistica\\\/departamento\\\/academico\\\/\",\"name\":\"Cuerpo Acad\u00e9mico - Departamento de Ingenier\u00eda de Transporte y Log\u00edstica\",\"isPartOf\":{\"@id\":\"https:\\\/\\\/www.ing.uc.cl\\\/transporte-y-logistica\\\/#website\"},\"primaryImageOfPage\":{\"@id\":\"https:\\\/\\\/www.ing.uc.cl\\\/transporte-y-logistica\\\/departamento\\\/academico\\\/#primaryimage\"},\"image\":{\"@id\":\"https:\\\/\\\/www.ing.uc.cl\\\/transporte-y-logistica\\\/departamento\\\/academico\\\/#primaryimage\"},\"thumbnailUrl\":\"https:\\\/\\\/www.ing.uc.cl\\\/transporte-y-logistica\\\/wp-content\\\/uploads\\\/2023\\\/09\\\/academico.png\",\"datePublished\":\"2021-04-09T16:53:12+00:00\",\"dateModified\":\"2023-09-26T16:43:27+00:00\",\"breadcrumb\":{\"@id\":\"https:\\\/\\\/www.ing.uc.cl\\\/transporte-y-logistica\\\/departamento\\\/academico\\\/#breadcrumb\"},\"inLanguage\":\"es\",\"potentialAction\":[{\"@type\":\"ReadAction\",\"target\":[\"https:\\\/\\\/www.ing.uc.cl\\\/transporte-y-logistica\\\/departamento\\\/academico\\\/\"]}]},{\"@type\":\"ImageObject\",\"inLanguage\":\"es\",\"@id\":\"https:\\\/\\\/www.ing.uc.cl\\\/transporte-y-logistica\\\/departamento\\\/academico\\\/#primaryimage\",\"url\":\"https:\\\/\\\/www.ing.uc.cl\\\/transporte-y-logistica\\\/wp-content\\\/uploads\\\/2023\\\/09\\\/academico.png\",\"contentUrl\":\"https:\\\/\\\/www.ing.uc.cl\\\/transporte-y-logistica\\\/wp-content\\\/uploads\\\/2023\\\/09\\\/academico.png\",\"width\":2550,\"height\":1972},{\"@type\":\"BreadcrumbList\",\"@id\":\"https:\\\/\\\/www.ing.uc.cl\\\/transporte-y-logistica\\\/departamento\\\/academico\\\/#breadcrumb\",\"itemListElement\":[{\"@type\":\"ListItem\",\"position\":1,\"name\":\"Portada\",\"item\":\"https:\\\/\\\/www.ing.uc.cl\\\/transporte-y-logistica\\\/\"},{\"@type\":\"ListItem\",\"position\":2,\"name\":\"Departamento\",\"item\":\"https:\\\/\\\/www.ing.uc.cl\\\/transporte-y-logistica\\\/departamento\\\/\"},{\"@type\":\"ListItem\",\"position\":3,\"name\":\"Cuerpo Acad\u00e9mico\"}]},{\"@type\":\"WebSite\",\"@id\":\"https:\\\/\\\/www.ing.uc.cl\\\/transporte-y-logistica\\\/#website\",\"url\":\"https:\\\/\\\/www.ing.uc.cl\\\/transporte-y-logistica\\\/\",\"name\":\"Departamento de Ingenier\u00eda de Transporte y Log\u00edstica\",\"description\":\"DITL\",\"potentialAction\":[{\"@type\":\"SearchAction\",\"target\":{\"@type\":\"EntryPoint\",\"urlTemplate\":\"https:\\\/\\\/www.ing.uc.cl\\\/transporte-y-logistica\\\/?s={search_term_string}\"},\"query-input\":{\"@type\":\"PropertyValueSpecification\",\"valueRequired\":true,\"valueName\":\"search_term_string\"}}],\"inLanguage\":\"es\"}]}<\/script>\n<!-- \/ Yoast SEO plugin. -->","yoast_head_json":{"title":"Cuerpo Acad\u00e9mico - Departamento de Ingenier\u00eda de Transporte y Log\u00edstica","robots":{"index":"index","follow":"follow","max-snippet":"max-snippet:-1","max-image-preview":"max-image-preview:large","max-video-preview":"max-video-preview:-1"},"canonical":"https:\/\/www.ing.uc.cl\/transporte-y-logistica\/departamento\/academico\/","og_locale":"es_ES","og_type":"article","og_title":"Cuerpo Acad\u00e9mico - Departamento de Ingenier\u00eda de Transporte y Log\u00edstica","og_url":"https:\/\/www.ing.uc.cl\/transporte-y-logistica\/departamento\/academico\/","og_site_name":"Departamento de Ingenier\u00eda de Transporte y Log\u00edstica","article_modified_time":"2023-09-26T16:43:27+00:00","og_image":[{"width":1024,"height":792,"url":"https:\/\/www.ing.uc.cl\/transporte-y-logistica\/wp-content\/uploads\/2023\/09\/academico-1024x792.png","type":"image\/png"}],"twitter_card":"summary_large_image","twitter_misc":{"Tiempo de lectura":"1 minuto"},"schema":{"@context":"https:\/\/schema.org","@graph":[{"@type":"WebPage","@id":"https:\/\/www.ing.uc.cl\/transporte-y-logistica\/departamento\/academico\/","url":"https:\/\/www.ing.uc.cl\/transporte-y-logistica\/departamento\/academico\/","name":"Cuerpo Acad\u00e9mico - Departamento de Ingenier\u00eda de Transporte y Log\u00edstica","isPartOf":{"@id":"https:\/\/www.ing.uc.cl\/transporte-y-logistica\/#website"},"primaryImageOfPage":{"@id":"https:\/\/www.ing.uc.cl\/transporte-y-logistica\/departamento\/academico\/#primaryimage"},"image":{"@id":"https:\/\/www.ing.uc.cl\/transporte-y-logistica\/departamento\/academico\/#primaryimage"},"thumbnailUrl":"https:\/\/www.ing.uc.cl\/transporte-y-logistica\/wp-content\/uploads\/2023\/09\/academico.png","datePublished":"2021-04-09T16:53:12+00:00","dateModified":"2023-09-26T16:43:27+00:00","breadcrumb":{"@id":"https:\/\/www.ing.uc.cl\/transporte-y-logistica\/departamento\/academico\/#breadcrumb"},"inLanguage":"es","potentialAction":[{"@type":"ReadAction","target":["https:\/\/www.ing.uc.cl\/transporte-y-logistica\/departamento\/academico\/"]}]},{"@type":"ImageObject","inLanguage":"es","@id":"https:\/\/www.ing.uc.cl\/transporte-y-logistica\/departamento\/academico\/#primaryimage","url":"https:\/\/www.ing.uc.cl\/transporte-y-logistica\/wp-content\/uploads\/2023\/09\/academico.png","contentUrl":"https:\/\/www.ing.uc.cl\/transporte-y-logistica\/wp-content\/uploads\/2023\/09\/academico.png","width":2550,"height":1972},{"@type":"BreadcrumbList","@id":"https:\/\/www.ing.uc.cl\/transporte-y-logistica\/departamento\/academico\/#breadcrumb","itemListElement":[{"@type":"ListItem","position":1,"name":"Portada","item":"https:\/\/www.ing.uc.cl\/transporte-y-logistica\/"},{"@type":"ListItem","position":2,"name":"Departamento","item":"https:\/\/www.ing.uc.cl\/transporte-y-logistica\/departamento\/"},{"@type":"ListItem","position":3,"name":"Cuerpo Acad\u00e9mico"}]},{"@type":"WebSite","@id":"https:\/\/www.ing.uc.cl\/transporte-y-logistica\/#website","url":"https:\/\/www.ing.uc.cl\/transporte-y-logistica\/","name":"Departamento de Ingenier\u00eda de Transporte y Log\u00edstica","description":"DITL","potentialAction":[{"@type":"SearchAction","target":{"@type":"EntryPoint","urlTemplate":"https:\/\/www.ing.uc.cl\/transporte-y-logistica\/?s={search_term_string}"},"query-input":{"@type":"PropertyValueSpecification","valueRequired":true,"valueName":"search_term_string"}}],"inLanguage":"es"}]}},"_links":{"self":[{"href":"https:\/\/www.ing.uc.cl\/transporte-y-logistica\/wp-json\/wp\/v2\/pages\/214","targetHints":{"allow":["GET"]}}],"collection":[{"href":"https:\/\/www.ing.uc.cl\/transporte-y-logistica\/wp-json\/wp\/v2\/pages"}],"about":[{"href":"https:\/\/www.ing.uc.cl\/transporte-y-logistica\/wp-json\/wp\/v2\/types\/page"}],"author":[{"embeddable":true,"href":"https:\/\/www.ing.uc.cl\/transporte-y-logistica\/wp-json\/wp\/v2\/users\/6"}],"replies":[{"embeddable":true,"href":"https:\/\/www.ing.uc.cl\/transporte-y-logistica\/wp-json\/wp\/v2\/comments?post=214"}],"version-history":[{"count":4,"href":"https:\/\/www.ing.uc.cl\/transporte-y-logistica\/wp-json\/wp\/v2\/pages\/214\/revisions"}],"predecessor-version":[{"id":2522,"href":"https:\/\/www.ing.uc.cl\/transporte-y-logistica\/wp-json\/wp\/v2\/pages\/214\/revisions\/2522"}],"up":[{"embeddable":true,"href":"https:\/\/www.ing.uc.cl\/transporte-y-logistica\/wp-json\/wp\/v2\/pages\/2"}],"wp:featuredmedia":[{"embeddable":true,"href":"https:\/\/www.ing.uc.cl\/transporte-y-logistica\/wp-json\/wp\/v2\/media\/2528"}],"wp:attachment":[{"href":"https:\/\/www.ing.uc.cl\/transporte-y-logistica\/wp-json\/wp\/v2\/media?parent=214"}],"curies":[{"name":"wp","href":"https:\/\/api.w.org\/{rel}","templated":true}]}}